{"id":3643,"date":"2024-07-05T10:59:27","date_gmt":"2024-07-05T08:59:27","guid":{"rendered":"https:\/\/www.procertus.be\/faq-items\/a-la-suite-du-transfert-de-ocab-vers-procertus-dois-je-apporter-des-modifications-lorsque-japplique-la-marque-benor-sur-les-etiquettes\/"},"modified":"2024-07-05T10:59:27","modified_gmt":"2024-07-05T08:59:27","slug":"a-la-suite-du-transfert-de-ocab-vers-procertus-dois-je-apporter-des-modifications-lorsque-japplique-la-marque-benor-sur-les-etiquettes","status":"publish","type":"avada_faq","link":"https:\/\/www.procertus.be\/fr\/faq-items\/a-la-suite-du-transfert-de-ocab-vers-procertus-dois-je-apporter-des-modifications-lorsque-japplique-la-marque-benor-sur-les-etiquettes\/","title":{"rendered":"A la suite du transfert de OCAB vers PROCERTUS, dois-je apporter des modifications lorsque j\u2019applique la marque BENOR sur les \u00e9tiquettes ?"},"content":{"rendered":"<p><strong>NON<\/strong><\/p>\n<p>La r\u00e9f\u00e9rence \u00e0 la norme sous le logo BENOR et le num\u00e9ro d\u2019identification unique de l\u2019unit\u00e9 de production pour un produit sp\u00e9cifique dans l\u2019extr\u00e9mit\u00e9 droite du logo BENOR restent inchang\u00e9s. Ce num\u00e9ro d\u2019identification constitue un \u00e9l\u00e9ment du num\u00e9ro de certificat.<\/p>\n","protected":false},"excerpt":{"rendered":"<p>NON La r\u00e9f\u00e9rence \u00e0 la norme sous le logo BENOR  [&#8230;]<\/p>\n","protected":false},"author":2,"featured_media":0,"menu_order":0,"comment_status":"closed","ping_status":"closed","template":"","format":"standard","meta":{"footnotes":""},"faq_category":[73],"class_list":["post-3643","avada_faq","type-avada_faq","status-publish","format-standard","hentry","faq_category-steel-benor-2"],"yoast_head":"<!-- This site is optimized with the Yoast SEO plugin v26.9 - https:\/\/yoast.com\/product\/yoast-seo-wordpress\/ -->\n<title>A la suite du transfert de OCAB vers PROCERTUS, dois-je apporter des modifications lorsque j\u2019applique la marque BENOR sur les \u00e9tiquettes ? | PROCERTUS<\/title>\n<meta name=\"robots\" content=\"index, follow, max-snippet:-1, max-image-preview:large, max-video-preview:-1\" \/>\n<link rel=\"canonical\" href=\"https:\/\/www.procertus.be\/faq-items\/a-la-suite-du-transfert-de-ocab-vers-procertus-dois-je-apporter-des-modifications-lorsque-japplique-la-marque-benor-sur-les-etiquettes\/\" \/>\n<meta property=\"og:locale\" content=\"fr_FR\" \/>\n<meta property=\"og:type\" content=\"article\" \/>\n<meta property=\"og:title\" content=\"A la suite du transfert de OCAB vers PROCERTUS, dois-je apporter des modifications lorsque j\u2019applique la marque BENOR sur les \u00e9tiquettes ? | PROCERTUS\" \/>\n<meta property=\"og:description\" content=\"NON La r\u00e9f\u00e9rence \u00e0 la norme sous le logo BENOR [...]\" \/>\n<meta property=\"og:url\" content=\"https:\/\/www.procertus.be\/faq-items\/a-la-suite-du-transfert-de-ocab-vers-procertus-dois-je-apporter-des-modifications-lorsque-japplique-la-marque-benor-sur-les-etiquettes\/\" \/>\n<meta property=\"og:site_name\" content=\"PROCERTUS\" \/>\n<meta property=\"og:image\" content=\"https:\/\/www.procertus.be\/wp-content\/uploads\/2024\/02\/Logo_Procertus_Full.png\" \/>\n\t<meta property=\"og:image:width\" content=\"767\" \/>\n\t<meta property=\"og:image:height\" content=\"200\" \/>\n\t<meta property=\"og:image:type\" content=\"image\/png\" \/>\n<meta name=\"twitter:card\" content=\"summary_large_image\" \/>\n<script type=\"application\/ld+json\" class=\"yoast-schema-graph\">{\"@context\":\"https:\/\/schema.org\",\"@graph\":[{\"@type\":\"WebPage\",\"@id\":\"https:\/\/www.procertus.be\/faq-items\/a-la-suite-du-transfert-de-ocab-vers-procertus-dois-je-apporter-des-modifications-lorsque-japplique-la-marque-benor-sur-les-etiquettes\/\",\"url\":\"https:\/\/www.procertus.be\/faq-items\/a-la-suite-du-transfert-de-ocab-vers-procertus-dois-je-apporter-des-modifications-lorsque-japplique-la-marque-benor-sur-les-etiquettes\/\",\"name\":\"A la suite du transfert de OCAB vers PROCERTUS, dois-je apporter des modifications lorsque j\u2019applique la marque BENOR sur les \u00e9tiquettes ? | PROCERTUS\",\"isPartOf\":{\"@id\":\"https:\/\/www.procertus.be\/fr\/#website\"},\"datePublished\":\"2024-07-05T08:59:27+00:00\",\"breadcrumb\":{\"@id\":\"https:\/\/www.procertus.be\/faq-items\/a-la-suite-du-transfert-de-ocab-vers-procertus-dois-je-apporter-des-modifications-lorsque-japplique-la-marque-benor-sur-les-etiquettes\/#breadcrumb\"},\"inLanguage\":\"fr-FR\",\"potentialAction\":[{\"@type\":\"ReadAction\",\"target\":[\"https:\/\/www.procertus.be\/faq-items\/a-la-suite-du-transfert-de-ocab-vers-procertus-dois-je-apporter-des-modifications-lorsque-japplique-la-marque-benor-sur-les-etiquettes\/\"]}]},{\"@type\":\"BreadcrumbList\",\"@id\":\"https:\/\/www.procertus.be\/faq-items\/a-la-suite-du-transfert-de-ocab-vers-procertus-dois-je-apporter-des-modifications-lorsque-japplique-la-marque-benor-sur-les-etiquettes\/#breadcrumb\",\"itemListElement\":[{\"@type\":\"ListItem\",\"position\":1,\"name\":\"Accueil\",\"item\":\"https:\/\/www.procertus.be\/fr\/\"},{\"@type\":\"ListItem\",\"position\":2,\"name\":\"FAQs\",\"item\":\"https:\/\/www.procertus.be\/fr\/faq-items\/\"},{\"@type\":\"ListItem\",\"position\":3,\"name\":\"A la suite du transfert de OCAB vers PROCERTUS, dois-je apporter des modifications lorsque j\u2019applique la marque BENOR sur les \u00e9tiquettes ?\"}]},{\"@type\":\"WebSite\",\"@id\":\"https:\/\/www.procertus.be\/fr\/#website\",\"url\":\"https:\/\/www.procertus.be\/fr\/\",\"name\":\"PROCERTUS\",\"description\":\"Certification that builds trust\",\"publisher\":{\"@id\":\"https:\/\/www.procertus.be\/fr\/#organization\"},\"potentialAction\":[{\"@type\":\"SearchAction\",\"target\":{\"@type\":\"EntryPoint\",\"urlTemplate\":\"https:\/\/www.procertus.be\/fr\/?s={search_term_string}\"},\"query-input\":{\"@type\":\"PropertyValueSpecification\",\"valueRequired\":true,\"valueName\":\"search_term_string\"}}],\"inLanguage\":\"fr-FR\"},{\"@type\":\"Organization\",\"@id\":\"https:\/\/www.procertus.be\/fr\/#organization\",\"name\":\"PROCERTUS\",\"url\":\"https:\/\/www.procertus.be\/fr\/\",\"logo\":{\"@type\":\"ImageObject\",\"inLanguage\":\"fr-FR\",\"@id\":\"https:\/\/www.procertus.be\/fr\/#\/schema\/logo\/image\/\",\"url\":\"https:\/\/www.procertus.be\/wp-content\/uploads\/2024\/02\/Logo_Procertus_Full.png\",\"contentUrl\":\"https:\/\/www.procertus.be\/wp-content\/uploads\/2024\/02\/Logo_Procertus_Full.png\",\"width\":767,\"height\":200,\"caption\":\"PROCERTUS\"},\"image\":{\"@id\":\"https:\/\/www.procertus.be\/fr\/#\/schema\/logo\/image\/\"},\"sameAs\":[\"https:\/\/www.linkedin.com\/company\/procertusbe\"]}]}<\/script>\n<!-- \/ Yoast SEO plugin. -->","yoast_head_json":{"title":"A la suite du transfert de OCAB vers PROCERTUS, dois-je apporter des modifications lorsque j\u2019applique la marque BENOR sur les \u00e9tiquettes ? | PROCERTUS","robots":{"index":"index","follow":"follow","max-snippet":"max-snippet:-1","max-image-preview":"max-image-preview:large","max-video-preview":"max-video-preview:-1"},"canonical":"https:\/\/www.procertus.be\/faq-items\/a-la-suite-du-transfert-de-ocab-vers-procertus-dois-je-apporter-des-modifications-lorsque-japplique-la-marque-benor-sur-les-etiquettes\/","og_locale":"fr_FR","og_type":"article","og_title":"A la suite du transfert de OCAB vers PROCERTUS, dois-je apporter des modifications lorsque j\u2019applique la marque BENOR sur les \u00e9tiquettes ? | PROCERTUS","og_description":"NON La r\u00e9f\u00e9rence \u00e0 la norme sous le logo BENOR [...]","og_url":"https:\/\/www.procertus.be\/faq-items\/a-la-suite-du-transfert-de-ocab-vers-procertus-dois-je-apporter-des-modifications-lorsque-japplique-la-marque-benor-sur-les-etiquettes\/","og_site_name":"PROCERTUS","og_image":[{"width":767,"height":200,"url":"https:\/\/www.procertus.be\/wp-content\/uploads\/2024\/02\/Logo_Procertus_Full.png","type":"image\/png"}],"twitter_card":"summary_large_image","schema":{"@context":"https:\/\/schema.org","@graph":[{"@type":"WebPage","@id":"https:\/\/www.procertus.be\/faq-items\/a-la-suite-du-transfert-de-ocab-vers-procertus-dois-je-apporter-des-modifications-lorsque-japplique-la-marque-benor-sur-les-etiquettes\/","url":"https:\/\/www.procertus.be\/faq-items\/a-la-suite-du-transfert-de-ocab-vers-procertus-dois-je-apporter-des-modifications-lorsque-japplique-la-marque-benor-sur-les-etiquettes\/","name":"A la suite du transfert de OCAB vers PROCERTUS, dois-je apporter des modifications lorsque j\u2019applique la marque BENOR sur les \u00e9tiquettes ? | PROCERTUS","isPartOf":{"@id":"https:\/\/www.procertus.be\/fr\/#website"},"datePublished":"2024-07-05T08:59:27+00:00","breadcrumb":{"@id":"https:\/\/www.procertus.be\/faq-items\/a-la-suite-du-transfert-de-ocab-vers-procertus-dois-je-apporter-des-modifications-lorsque-japplique-la-marque-benor-sur-les-etiquettes\/#breadcrumb"},"inLanguage":"fr-FR","potentialAction":[{"@type":"ReadAction","target":["https:\/\/www.procertus.be\/faq-items\/a-la-suite-du-transfert-de-ocab-vers-procertus-dois-je-apporter-des-modifications-lorsque-japplique-la-marque-benor-sur-les-etiquettes\/"]}]},{"@type":"BreadcrumbList","@id":"https:\/\/www.procertus.be\/faq-items\/a-la-suite-du-transfert-de-ocab-vers-procertus-dois-je-apporter-des-modifications-lorsque-japplique-la-marque-benor-sur-les-etiquettes\/#breadcrumb","itemListElement":[{"@type":"ListItem","position":1,"name":"Accueil","item":"https:\/\/www.procertus.be\/fr\/"},{"@type":"ListItem","position":2,"name":"FAQs","item":"https:\/\/www.procertus.be\/fr\/faq-items\/"},{"@type":"ListItem","position":3,"name":"A la suite du transfert de OCAB vers PROCERTUS, dois-je apporter des modifications lorsque j\u2019applique la marque BENOR sur les \u00e9tiquettes ?"}]},{"@type":"WebSite","@id":"https:\/\/www.procertus.be\/fr\/#website","url":"https:\/\/www.procertus.be\/fr\/","name":"PROCERTUS","description":"Certification that builds trust","publisher":{"@id":"https:\/\/www.procertus.be\/fr\/#organization"},"potentialAction":[{"@type":"SearchAction","target":{"@type":"EntryPoint","urlTemplate":"https:\/\/www.procertus.be\/fr\/?s={search_term_string}"},"query-input":{"@type":"PropertyValueSpecification","valueRequired":true,"valueName":"search_term_string"}}],"inLanguage":"fr-FR"},{"@type":"Organization","@id":"https:\/\/www.procertus.be\/fr\/#organization","name":"PROCERTUS","url":"https:\/\/www.procertus.be\/fr\/","logo":{"@type":"ImageObject","inLanguage":"fr-FR","@id":"https:\/\/www.procertus.be\/fr\/#\/schema\/logo\/image\/","url":"https:\/\/www.procertus.be\/wp-content\/uploads\/2024\/02\/Logo_Procertus_Full.png","contentUrl":"https:\/\/www.procertus.be\/wp-content\/uploads\/2024\/02\/Logo_Procertus_Full.png","width":767,"height":200,"caption":"PROCERTUS"},"image":{"@id":"https:\/\/www.procertus.be\/fr\/#\/schema\/logo\/image\/"},"sameAs":["https:\/\/www.linkedin.com\/company\/procertusbe"]}]}},"_links":{"self":[{"href":"https:\/\/www.procertus.be\/fr\/wp-json\/wp\/v2\/avada_faq\/3643","targetHints":{"allow":["GET"]}}],"collection":[{"href":"https:\/\/www.procertus.be\/fr\/wp-json\/wp\/v2\/avada_faq"}],"about":[{"href":"https:\/\/www.procertus.be\/fr\/wp-json\/wp\/v2\/types\/avada_faq"}],"author":[{"embeddable":true,"href":"https:\/\/www.procertus.be\/fr\/wp-json\/wp\/v2\/users\/2"}],"replies":[{"embeddable":true,"href":"https:\/\/www.procertus.be\/fr\/wp-json\/wp\/v2\/comments?post=3643"}],"version-history":[{"count":0,"href":"https:\/\/www.procertus.be\/fr\/wp-json\/wp\/v2\/avada_faq\/3643\/revisions"}],"wp:attachment":[{"href":"https:\/\/www.procertus.be\/fr\/wp-json\/wp\/v2\/media?parent=3643"}],"wp:term":[{"taxonomy":"faq_category","embeddable":true,"href":"https:\/\/www.procertus.be\/fr\/wp-json\/wp\/v2\/faq_category?post=3643"}],"curies":[{"name":"wp","href":"https:\/\/api.w.org\/{rel}","templated":true}]}}