{"id":2608,"date":"2024-03-21T17:52:06","date_gmt":"2024-03-21T16:52:06","guid":{"rendered":"https:\/\/www.procertus.be\/?page_id=2608"},"modified":"2024-07-15T13:58:21","modified_gmt":"2024-07-15T11:58:21","slug":"faq","status":"publish","type":"page","link":"https:\/\/www.procertus.be\/fr\/faq\/","title":{"rendered":"FAQ"},"content":{"rendered":"<p><div id=\"generales\" class=\"fusion-container-anchor\"><div class=\"fusion-fullwidth fullwidth-box fusion-builder-row-1 fusion-flex-container has-pattern-background has-mask-background nonhundred-percent-fullwidth non-hundred-percent-height-scrolling\" style=\"--awb-background-position:left top;--awb-border-sizes-top:0px;--awb-border-sizes-bottom:0px;--awb-border-sizes-left:0px;--awb-border-sizes-right:0px;--awb-border-radius-top-left:0px;--awb-border-radius-top-right:0px;--awb-border-radius-bottom-right:0px;--awb-border-radius-bottom-left:0px;--awb-padding-top:120px;--awb-padding-bottom:120px;--awb-padding-top-medium:90px;--awb-padding-bottom-medium:90px;--awb-padding-top-small:70px;--awb-margin-bottom-medium:0px;--awb-background-color:var(--awb-color4);--awb-flex-wrap:wrap;\" ><div class=\"fusion-builder-row fusion-row fusion-flex-align-items-stretch fusion-flex-justify-content-center fusion-flex-content-wrap\" style=\"max-width:calc( 1400px + 100px );margin-left: calc(-100px \/ 2 );margin-right: calc(-100px \/ 2 );\"><div class=\"fusion-layout-column fusion_builder_column fusion-builder-column-0 fusion_builder_column_5_6 5_6 fusion-flex-column fusion-flex-align-self-flex-start fusion-column-no-min-height fusion-animated\" style=\"--awb-bg-blend:overlay;--awb-bg-size:cover;--awb-width-large:83.333333333333%;--awb-margin-top-large:0px;--awb-spacing-right-large:50px;--awb-margin-bottom-large:60px;--awb-spacing-left-large:50px;--awb-width-medium:80%;--awb-spacing-right-medium:50px;--awb-spacing-left-medium:50px;--awb-width-small:100%;--awb-spacing-right-small:50px;--awb-spacing-left-small:50px;\" data-animationType=\"fadeIn\" data-animationDuration=\"0.8\" data-animationOffset=\"top-into-view\"><div class=\"fusion-column-wrapper fusion-flex-justify-content-flex-start fusion-content-layout-column\"><div class=\"fusion-title title fusion-title-1 fusion-sep-none fusion-title-center fusion-title-text fusion-title-size-two\" style=\"--awb-margin-right:20px;--awb-margin-bottom:0px;--awb-margin-left:20px;\"><h2 class=\"fusion-title-heading title-heading-center\" style=\"margin:0;text-transform:uppercase;\">Questions g\u00e9n\u00e9rales concernant la transition de BE-CERT, OCAB-OCBS et PROBETON \u00e0 PROCERTUS<\/h2><\/div><\/div><\/div><div class=\"fusion-layout-column fusion_builder_column fusion-builder-column-1 fusion_builder_column_1_1 1_1 fusion-flex-column fusion-flex-align-self-center\" style=\"--awb-bg-size:cover;--awb-width-large:100%;--awb-margin-top-large:0px;--awb-spacing-right-large:50px;--awb-margin-bottom-large:0px;--awb-spacing-left-large:50px;--awb-width-medium:100%;--awb-order-medium:0;--awb-spacing-right-medium:50px;--awb-spacing-left-medium:50px;--awb-width-small:100%;--awb-order-small:0;--awb-spacing-right-small:50px;--awb-spacing-left-small:50px;\" data-scroll-devices=\"small-visibility,medium-visibility,large-visibility\"><div class=\"fusion-column-wrapper fusion-column-has-shadow fusion-flex-justify-content-center fusion-content-layout-column\"><style type=\"text\/css\">#accordian-1 .fusion-panel:hover,#accordian-1 .fusion-panel.hover{ background-color: var(--awb-color2) } #accordian-1 .fusion-panel { border-color:var(--awb-color2); border-width:1px; background-color:var(--awb-color2); }.fusion-accordian #accordian-1 .panel-title a .fa-fusion-box:before{ font-size: 16px;width: 16px;}.fusion-accordian #accordian-1 .panel-title a .fa-fusion-box{ color: var(--awb-color6);}.fusion-accordian #accordian-1.fusion-toggle-icon-right .fusion-toggle-heading{ margin-right: 34px;}.fusion-accordian  #accordian-1 .panel-title a{font-size:20px;text-transform:var(--awb-typography1-text-transform);line-height:1.5;font-family:var(--awb-typography1-font-family);font-weight:var(--awb-typography1-font-weight);font-style:var(--awb-typography1-font-style);}.fusion-accordian  #accordian-1 .panel-title a:not(:hover){color:var(--awb-color6);}.fusion-accordian  #accordian-1 .toggle-content{color:var(--awb-color1);font-family:var(--awb-typography4-font-family);font-weight:var(--awb-typography4-font-weight);font-style:var(--awb-typography4-font-style);}.fusion-accordian #accordian-1 .panel-title a:hover,.fusion-accordian #accordian-1 .panel-title a.hover { color: var(--awb-color1);}.fusion-faq-shortcode .fusion-accordian #accordian-1 .fusion-toggle-boxed-mode:hover .panel-title a { color: var(--awb-color1);}.fusion-accordian #accordian-1.fusion-toggle-icon-unboxed .panel-title a:hover .fa-fusion-box,.fusion-accordian #accordian-1.fusion-toggle-icon-unboxed .panel-title a.hover .fa-fusion-box { color: var(--awb-color1); }.fusion-faqs-wrapper .fusion-accordian #accordian-1 .panel-title a.active{ color: var(--awb-color1) !important;}.fusion-faqs-wrapper .fusion-accordian  #accordian-1.fusion-toggle-icon-unboxed .fusion-panel .panel-title a.active .fa-fusion-box{ color: var(--awb-color1) !important;}<\/style><div class=\"fusion-faq-shortcode\" style=\"\"><div class=\"fusion-faqs-wrapper\"><div class=\"accordian fusion-accordian\"><div class=\"panel-group  fusion-toggle-icon-right fusion-toggle-icon-unboxed\" id=\"accordian-1\"><div class=\"fusion-panel fusion-toggle-no-divider fusion-toggle-boxed-mode panel-default fusion-faq-post fusion-faq-post-3340 documents \"><span class=\"entry-title rich-snippet-hidden\">O\u00f9 puis-je trouver les diff\u00e9rents documents applicables dans le cadre de ma certification ?<\/span><span class=\"vcard rich-snippet-hidden\"><span class=\"fn\"><a href=\"https:\/\/www.procertus.be\/fr\/author\/keytech\/\" title=\"Articles par KeyTech\" rel=\"author\">KeyTech<\/a><\/span><\/span><span class=\"updated rich-snippet-hidden\">2024-03-29T14:28:15+01:00<\/span><div class=\"panel-heading\"><h4 id=\"faq_1-3340\" class=\"panel-title toggle\"><a data-toggle=\"collapse\" class=\"collapsed\" data-parent=\"#accordian-1\" data-target=\"#collapse-1-3340\" href=\"#collapse-1-3340\" aria-expanded=\"false\"><div class=\"fusion-toggle-icon-wrapper\"><div class=\"fusion-toggle-icon-wrapper-main\"><div class=\"fusion-toggle-icon-wrapper-sub\"><i class=\"fa-fusion-box active-icon fa-caret-square-up far\" aria-hidden=\"true\"><\/i><i class=\"fa-fusion-box inactive-icon fa-caret-square-down far\" aria-hidden=\"true\"><\/i><\/div><\/div><\/div><div class=\"fusion-toggle-heading\">O\u00f9 puis-je trouver les diff\u00e9rents documents applicables dans le cadre de ma certification ?<\/div><\/a><\/h4><\/div><div id=\"collapse-1-3340\" aria-labelledby=\"faq_1-3340\" class=\"panel-collapse collapse\"><div class=\"panel-body toggle-content post-content\"><p>L\u2019extranet de BE-CERT sera converti en un extranet de PROCERTUS pour les mat\u00e9riaux, accessible \u00e0 l\u2019adresse <a href=\"https:\/\/extranet-materials.procertus.be\" target=\"_blank\" rel=\"noopener\">https:\/\/extranet-materials.procertus.be<\/a>. Il changera d\u2019aspect mais l\u2019utilisation en tant que telle restera pareille. Vous pourrez continuer \u00e0 utiliser votre compte actuel.<\/p>\n<p>L\u2019extranet de PROBETON sera converti en un extranet PROCERTUS du secteur pr\u00e9fa, accessible \u00e0 l\u2019adresse <a href=\"https:\/\/extranet-prefab.procertus.be\" target=\"_blank\" rel=\"noopener\">https:\/\/extranet-prefab.procertus.be<\/a>. Il changera d\u2019aspect mais l\u2019utilisation en tant que telle restera pareille. Vous pourrez continuer \u00e0 utiliser votre compte actuel. Vous aurez sans doute remarqu\u00e9 que depuis quelques mois, aussi bien les certificats CE et BENOR sont t\u00e9l\u00e9chargeables sur l\u2019extranet.<\/p>\n<p>Une nouveaut\u00e9 r\u00e9side dans le fait que les documents pr\u00e9c\u00e9demment disponibles sur le site internet de PROBETON seront d\u00e9sormais disponibles sur l\u2019extranet du secteur pr\u00e9fa.<\/p>\n<\/div><\/div><\/div><div class=\"fusion-panel fusion-toggle-no-divider fusion-toggle-boxed-mode panel-default fusion-faq-post fusion-faq-post-3343 documents \"><span class=\"entry-title rich-snippet-hidden\">Mes personnes de contact restent identiques ?<\/span><span class=\"vcard rich-snippet-hidden\"><span class=\"fn\"><a href=\"https:\/\/www.procertus.be\/fr\/author\/keytech\/\" title=\"Articles par KeyTech\" rel=\"author\">KeyTech<\/a><\/span><\/span><span class=\"updated rich-snippet-hidden\">2024-07-15T10:23:09+02:00<\/span><div class=\"panel-heading\"><h4 id=\"faq_1-3343\" class=\"panel-title toggle\"><a data-toggle=\"collapse\" class=\"collapsed\" data-parent=\"#accordian-1\" data-target=\"#collapse-1-3343\" href=\"#collapse-1-3343\" aria-expanded=\"false\"><div class=\"fusion-toggle-icon-wrapper\"><div class=\"fusion-toggle-icon-wrapper-main\"><div class=\"fusion-toggle-icon-wrapper-sub\"><i class=\"fa-fusion-box active-icon fa-caret-square-up far\" aria-hidden=\"true\"><\/i><i class=\"fa-fusion-box inactive-icon fa-caret-square-down far\" aria-hidden=\"true\"><\/i><\/div><\/div><\/div><div class=\"fusion-toggle-heading\">Mes personnes de contact restent identiques ?<\/div><\/a><\/h4><\/div><div id=\"collapse-1-3343\" aria-labelledby=\"faq_1-3343\" class=\"panel-collapse collapse\"><div class=\"panel-body toggle-content post-content\"><p>Votre gestionnaire de dossier reste le m\u00eame. Vous pourrez encore poser toutes vos questions \u00e0 cette personne. Le reste de l\u2019\u00e9quipe PROCERTUS est \u00e9galement disponible pour vous fournir des informations compl\u00e9mentaires.<\/p>\n<p>Vous pouvez prendre contact avec les collaborateurs de PROCERTUS de la mani\u00e8re suivante\u00a0:<\/p>\n<ul>\n<li>Par e-mail, en rempla\u00e7ant \u2018<em>be-cert.be<\/em>\u2019\u00a0ou \u2018<em>ocab-ocbs.com<\/em>\u2019 par \u2018<em>procertus.be<\/em>\u2019 dans les adresses e-mail existantes ;<\/li>\n<li>Par e-mail, en rempla\u00e7ant <em>&lsquo;pr\u00e9nom.nom@probeton.be&rsquo;<\/em> par &lsquo;<em>p.nom@procertus.be&rsquo;<\/em> (o\u00f9 p est la premi\u00e8re lettre du pr\u00e9nom) \u00a0;<\/li>\n<li>Par t\u00e9l\u00e9phone, au num\u00e9ro de t\u00e9l\u00e9phone fixe ou au num\u00e9ro de t\u00e9l\u00e9phone mobile que vous connaissez.<\/li>\n<\/ul>\n<\/div><\/div><\/div><div class=\"fusion-panel fusion-toggle-no-divider fusion-toggle-boxed-mode panel-default fusion-faq-post fusion-faq-post-3346 documents \"><span class=\"entry-title rich-snippet-hidden\">J\u2019ai une demande de certification en cours. Dois-je introduire une nouvelle demande chez PROCERTUS ?<\/span><span class=\"vcard rich-snippet-hidden\"><span class=\"fn\"><a href=\"https:\/\/www.procertus.be\/fr\/author\/keytech\/\" title=\"Articles par KeyTech\" rel=\"author\">KeyTech<\/a><\/span><\/span><span class=\"updated rich-snippet-hidden\">2024-07-15T10:23:49+02:00<\/span><div class=\"panel-heading\"><h4 id=\"faq_1-3346\" class=\"panel-title toggle\"><a data-toggle=\"collapse\" class=\"collapsed\" data-parent=\"#accordian-1\" data-target=\"#collapse-1-3346\" href=\"#collapse-1-3346\" aria-expanded=\"false\"><div class=\"fusion-toggle-icon-wrapper\"><div class=\"fusion-toggle-icon-wrapper-main\"><div class=\"fusion-toggle-icon-wrapper-sub\"><i class=\"fa-fusion-box active-icon fa-caret-square-up far\" aria-hidden=\"true\"><\/i><i class=\"fa-fusion-box inactive-icon fa-caret-square-down far\" aria-hidden=\"true\"><\/i><\/div><\/div><\/div><div class=\"fusion-toggle-heading\">J\u2019ai une demande de certification en cours. Dois-je introduire une nouvelle demande chez PROCERTUS ?<\/div><\/a><\/h4><\/div><div id=\"collapse-1-3346\" aria-labelledby=\"faq_1-3346\" class=\"panel-collapse collapse\"><div class=\"panel-body toggle-content post-content\"><p>Toutes les demandes de certification en cours chez les trois organismes de certification seront poursuivies \u00e0 partie du 1 avril 2024 chez PROCERTUS. Aucune action suppl\u00e9mentaire n\u2019est requise de votre part.<\/p>\n<\/div><\/div><\/div><div class=\"fusion-panel fusion-toggle-no-divider fusion-toggle-boxed-mode panel-default fusion-faq-post fusion-faq-post-3349 documents \"><span class=\"entry-title rich-snippet-hidden\">Est-ce que mon certificat BE-CERT\/PROBETON\/OCAB-OCBS reste valable ?<\/span><span class=\"vcard rich-snippet-hidden\"><span class=\"fn\"><a href=\"https:\/\/www.procertus.be\/fr\/author\/keytech\/\" title=\"Articles par KeyTech\" rel=\"author\">KeyTech<\/a><\/span><\/span><span class=\"updated rich-snippet-hidden\">2024-03-29T14:28:29+01:00<\/span><div class=\"panel-heading\"><h4 id=\"faq_1-3349\" class=\"panel-title toggle\"><a data-toggle=\"collapse\" class=\"collapsed\" data-parent=\"#accordian-1\" data-target=\"#collapse-1-3349\" href=\"#collapse-1-3349\" aria-expanded=\"false\"><div class=\"fusion-toggle-icon-wrapper\"><div class=\"fusion-toggle-icon-wrapper-main\"><div class=\"fusion-toggle-icon-wrapper-sub\"><i class=\"fa-fusion-box active-icon fa-caret-square-up far\" aria-hidden=\"true\"><\/i><i class=\"fa-fusion-box inactive-icon fa-caret-square-down far\" aria-hidden=\"true\"><\/i><\/div><\/div><\/div><div class=\"fusion-toggle-heading\">Est-ce que mon certificat BE-CERT\/PROBETON\/OCAB-OCBS reste valable ?<\/div><\/a><\/h4><\/div><div id=\"collapse-1-3349\" aria-labelledby=\"faq_1-3349\" class=\"panel-collapse collapse\"><div class=\"panel-body toggle-content post-content\"><p>\u00c0 partir du 1<sup>er<\/sup> avril 2024, les nouveaux certificats seront d\u00e9livr\u00e9s par PROCERTUS.<\/p>\n<p>Pour la transparence sur le march\u00e9, PROCERTUS d\u00e9livrera courant avril des nouveaux certificats couvrant le m\u00eame domaine d\u2019application que les certificats actuels. Dans l\u2019intervalle, vos certificats actuels restent valides. PROCERTUS vous informera de la disponibilit\u00e9 de votre nouveau certificat. A ce moment, vos certificats actuels \u00e9dit\u00e9s par BE-CERT expireront.<\/p>\n<\/div><\/div><\/div><div class=\"fusion-panel fusion-toggle-no-divider fusion-toggle-boxed-mode panel-default fusion-faq-post fusion-faq-post-3352 documents \"><span class=\"entry-title rich-snippet-hidden\">La visite d\u2019inspection ou l\u2019audit d\u00e9j\u00e0 planifi\u00e9s sont-ils maintenus ?<\/span><span class=\"vcard rich-snippet-hidden\"><span class=\"fn\"><a href=\"https:\/\/www.procertus.be\/fr\/author\/keytech\/\" title=\"Articles par KeyTech\" rel=\"author\">KeyTech<\/a><\/span><\/span><span class=\"updated rich-snippet-hidden\">2024-07-15T10:24:26+02:00<\/span><div class=\"panel-heading\"><h4 id=\"faq_1-3352\" class=\"panel-title toggle\"><a data-toggle=\"collapse\" class=\"collapsed\" data-parent=\"#accordian-1\" data-target=\"#collapse-1-3352\" href=\"#collapse-1-3352\" aria-expanded=\"false\"><div class=\"fusion-toggle-icon-wrapper\"><div class=\"fusion-toggle-icon-wrapper-main\"><div class=\"fusion-toggle-icon-wrapper-sub\"><i class=\"fa-fusion-box active-icon fa-caret-square-up far\" aria-hidden=\"true\"><\/i><i class=\"fa-fusion-box inactive-icon fa-caret-square-down far\" aria-hidden=\"true\"><\/i><\/div><\/div><\/div><div class=\"fusion-toggle-heading\">La visite d\u2019inspection ou l\u2019audit d\u00e9j\u00e0 planifi\u00e9s sont-ils maintenus ?<\/div><\/a><\/h4><\/div><div id=\"collapse-1-3352\" aria-labelledby=\"faq_1-3352\" class=\"panel-collapse collapse\"><div class=\"panel-body toggle-content post-content\"><p>Toutes les missions d\u00e9j\u00e0 planifi\u00e9es restent valables chez PROCERTUS. Aucune action compl\u00e9mentaire n\u2019est requise de votre part.<\/p>\n<\/div><\/div><\/div><\/div><\/div><\/div><\/div><\/div><\/div><\/div><\/div><\/div><div id=\"mortier\" class=\"fusion-container-anchor\"><div class=\"fusion-fullwidth fullwidth-box fusion-builder-row-2 fusion-flex-container has-pattern-background has-mask-background nonhundred-percent-fullwidth non-hundred-percent-height-scrolling\" style=\"--awb-background-position:left top;--awb-border-sizes-top:0px;--awb-border-sizes-bottom:0px;--awb-border-sizes-left:0px;--awb-border-sizes-right:0px;--awb-border-radius-top-left:0px;--awb-border-radius-top-right:0px;--awb-border-radius-bottom-right:0px;--awb-border-radius-bottom-left:0px;--awb-padding-top:120px;--awb-padding-bottom:120px;--awb-padding-top-medium:90px;--awb-padding-bottom-medium:90px;--awb-padding-top-small:70px;--awb-margin-bottom-medium:0px;--awb-background-color:var(--awb-color4);--awb-flex-wrap:wrap;\" ><div class=\"fusion-builder-row fusion-row fusion-flex-align-items-stretch fusion-flex-justify-content-center fusion-flex-content-wrap\" style=\"max-width:calc( 1400px + 100px );margin-left: calc(-100px \/ 2 );margin-right: calc(-100px \/ 2 );\"><div class=\"fusion-layout-column fusion_builder_column fusion-builder-column-2 fusion_builder_column_5_6 5_6 fusion-flex-column fusion-flex-align-self-flex-start fusion-column-no-min-height fusion-animated\" style=\"--awb-bg-blend:overlay;--awb-bg-size:cover;--awb-width-large:83.333333333333%;--awb-margin-top-large:0px;--awb-spacing-right-large:50px;--awb-margin-bottom-large:60px;--awb-spacing-left-large:50px;--awb-width-medium:80%;--awb-spacing-right-medium:50px;--awb-spacing-left-medium:50px;--awb-width-small:100%;--awb-spacing-right-small:50px;--awb-spacing-left-small:50px;\" data-animationType=\"fadeIn\" data-animationDuration=\"0.8\" data-animationOffset=\"top-into-view\"><div class=\"fusion-column-wrapper fusion-flex-justify-content-flex-start fusion-content-layout-column\"><div class=\"fusion-title title fusion-title-2 fusion-sep-none fusion-title-center fusion-title-text fusion-title-size-two\" style=\"--awb-margin-right:20px;--awb-margin-bottom:0px;--awb-margin-left:20px;\"><h2 class=\"fusion-title-heading title-heading-center\" style=\"margin:0;text-transform:uppercase;\">Transition vers PROCERTUS dans le cadre du<\/h2><\/div><div class=\"fusion-title title fusion-title-3 fusion-sep-none fusion-title-center fusion-title-text fusion-title-size-two\" style=\"--awb-text-color:var(--awb-color6);--awb-margin-right:20px;--awb-margin-bottom:0px;--awb-margin-left:20px;\"><h2 class=\"fusion-title-heading title-heading-center\" style=\"margin:0;text-transform:uppercase;\"><strong>marquage CE des mortiers<\/strong><\/h2><\/div><\/div><\/div><div class=\"fusion-layout-column fusion_builder_column fusion-builder-column-3 fusion_builder_column_1_1 1_1 fusion-flex-column fusion-flex-align-self-center\" style=\"--awb-bg-size:cover;--awb-width-large:100%;--awb-margin-top-large:0px;--awb-spacing-right-large:50px;--awb-margin-bottom-large:0px;--awb-spacing-left-large:50px;--awb-width-medium:100%;--awb-order-medium:0;--awb-spacing-right-medium:50px;--awb-spacing-left-medium:50px;--awb-width-small:100%;--awb-order-small:0;--awb-spacing-right-small:50px;--awb-spacing-left-small:50px;\" data-scroll-devices=\"small-visibility,medium-visibility,large-visibility\"><div class=\"fusion-column-wrapper fusion-column-has-shadow fusion-flex-justify-content-center fusion-content-layout-column\"><style type=\"text\/css\">#accordian-2 .fusion-panel:hover,#accordian-2 .fusion-panel.hover{ background-color: var(--awb-color2) } #accordian-2 .fusion-panel { border-color:var(--awb-color2); border-width:1px; background-color:var(--awb-color2); }.fusion-accordian #accordian-2 .panel-title a .fa-fusion-box:before{ font-size: 16px;width: 16px;}.fusion-accordian #accordian-2 .panel-title a .fa-fusion-box{ color: var(--awb-color6);}.fusion-accordian #accordian-2.fusion-toggle-icon-right .fusion-toggle-heading{ margin-right: 34px;}.fusion-accordian  #accordian-2 .panel-title a{font-size:20px;text-transform:var(--awb-typography1-text-transform);line-height:1.5;font-family:var(--awb-typography1-font-family);font-weight:var(--awb-typography1-font-weight);font-style:var(--awb-typography1-font-style);}.fusion-accordian  #accordian-2 .panel-title a:not(:hover){color:var(--awb-color6);}.fusion-accordian  #accordian-2 .toggle-content{color:var(--awb-color1);font-family:var(--awb-typography4-font-family);font-weight:var(--awb-typography4-font-weight);font-style:var(--awb-typography4-font-style);}.fusion-accordian #accordian-2 .panel-title a:hover,.fusion-accordian #accordian-2 .panel-title a.hover { color: var(--awb-color1);}.fusion-faq-shortcode .fusion-accordian #accordian-2 .fusion-toggle-boxed-mode:hover .panel-title a { color: var(--awb-color1);}.fusion-accordian #accordian-2.fusion-toggle-icon-unboxed .panel-title a:hover .fa-fusion-box,.fusion-accordian #accordian-2.fusion-toggle-icon-unboxed .panel-title a.hover .fa-fusion-box { color: var(--awb-color1); }.fusion-faqs-wrapper .fusion-accordian #accordian-2 .panel-title a.active{ color: var(--awb-color1) !important;}.fusion-faqs-wrapper .fusion-accordian  #accordian-2.fusion-toggle-icon-unboxed .fusion-panel .panel-title a.active .fa-fusion-box{ color: var(--awb-color1) !important;}<\/style><div class=\"fusion-faq-shortcode\" style=\"\"><div class=\"fusion-faqs-wrapper\"><div class=\"accordian fusion-accordian\"><div class=\"panel-group  fusion-toggle-icon-right fusion-toggle-icon-unboxed\" id=\"accordian-2\"><div class=\"fusion-panel fusion-toggle-no-divider fusion-toggle-boxed-mode panel-default fusion-faq-post fusion-faq-post-3685 mortel-ce-markering-2 \"><span class=\"entry-title rich-snippet-hidden\">Puis-je continuer d\u2019utiliser mon stock de sacs mentionnant le num\u00e9ro du certificat d\u00e9livr\u00e9 par BE-CERT ?<\/span><span class=\"vcard rich-snippet-hidden\"><span class=\"fn\"><a href=\"https:\/\/www.procertus.be\/fr\/author\/m-croon\/\" title=\"Articles par Martin Croon\" rel=\"author\">Martin Croon<\/a><\/span><\/span><span class=\"updated rich-snippet-hidden\">2024-07-05T10:07:28+02:00<\/span><div class=\"panel-heading\"><h4 id=\"faq_2-3685\" class=\"panel-title toggle\"><a data-toggle=\"collapse\" class=\"collapsed\" data-parent=\"#accordian-2\" data-target=\"#collapse-2-3685\" href=\"#collapse-2-3685\" aria-expanded=\"false\"><div class=\"fusion-toggle-icon-wrapper\"><div class=\"fusion-toggle-icon-wrapper-main\"><div class=\"fusion-toggle-icon-wrapper-sub\"><i class=\"fa-fusion-box active-icon fa-caret-square-up far\" aria-hidden=\"true\"><\/i><i class=\"fa-fusion-box inactive-icon fa-caret-square-down far\" aria-hidden=\"true\"><\/i><\/div><\/div><\/div><div class=\"fusion-toggle-heading\">Puis-je continuer d\u2019utiliser mon stock de sacs mentionnant le num\u00e9ro du certificat d\u00e9livr\u00e9 par BE-CERT ?<\/div><\/a><\/h4><\/div><div id=\"collapse-2-3685\" aria-labelledby=\"faq_2-3685\" class=\"panel-collapse collapse\"><div class=\"panel-body toggle-content post-content\"><p><strong>OUI<\/strong><\/p>\n<p>Le marquage CE est suivi entre autres du num\u00e9ro de r\u00e9f\u00e9rence de la d\u00e9claration des performances (DoP) et du num\u00e9ro d\u2019identification de l\u2019organisme notifi\u00e9 (0965).<\/p>\n<ul>\n<li>\u00c9tant donn\u00e9 que le num\u00e9ro de r\u00e9f\u00e9rence de la d\u00e9claration des performances (DoP) peut \u00eatre choisi librement, vous pouvez continuer d\u2019utiliser vos emballages, si vous veillez \u00e0 ce que ce num\u00e9ro de r\u00e9f\u00e9rence soit maintenu dans la d\u00e9claration des performances (DoP). (Dans de nombreux cas, il s\u2019agit du num\u00e9ro de certificat d\u00e9livr\u00e9 pr\u00e9c\u00e9demment par BE-CERT).<\/li>\n<li>Le num\u00e9ro d\u2019identification de BE-CERT en tant qu\u2019organisme notifi\u00e9 (0965) a \u00e9t\u00e9 repris par PROCERTUS et ne doit donc pas \u00eatre modifi\u00e9.<\/li>\n<\/ul>\n<\/div><\/div><\/div><div class=\"fusion-panel fusion-toggle-no-divider fusion-toggle-boxed-mode panel-default fusion-faq-post fusion-faq-post-3684 mortel-ce-markering-2 \"><span class=\"entry-title rich-snippet-hidden\">A la suite du transfert de BE-CERT vers PROCERTUS, dois-je apporter des modifications lorsque j\u2019applique le marquage CE dans les documents d\u2019accompagnement ?<\/span><span class=\"vcard rich-snippet-hidden\"><span class=\"fn\"><a href=\"https:\/\/www.procertus.be\/fr\/author\/m-croon\/\" title=\"Articles par Martin Croon\" rel=\"author\">Martin Croon<\/a><\/span><\/span><span class=\"updated rich-snippet-hidden\">2024-07-05T10:07:55+02:00<\/span><div class=\"panel-heading\"><h4 id=\"faq_2-3684\" class=\"panel-title toggle\"><a data-toggle=\"collapse\" class=\"collapsed\" data-parent=\"#accordian-2\" data-target=\"#collapse-2-3684\" href=\"#collapse-2-3684\" aria-expanded=\"false\"><div class=\"fusion-toggle-icon-wrapper\"><div class=\"fusion-toggle-icon-wrapper-main\"><div class=\"fusion-toggle-icon-wrapper-sub\"><i class=\"fa-fusion-box active-icon fa-caret-square-up far\" aria-hidden=\"true\"><\/i><i class=\"fa-fusion-box inactive-icon fa-caret-square-down far\" aria-hidden=\"true\"><\/i><\/div><\/div><\/div><div class=\"fusion-toggle-heading\">A la suite du transfert de BE-CERT vers PROCERTUS, dois-je apporter des modifications lorsque j\u2019applique le marquage CE dans les documents d\u2019accompagnement ?<\/div><\/a><\/h4><\/div><div id=\"collapse-2-3684\" aria-labelledby=\"faq_2-3684\" class=\"panel-collapse collapse\"><div class=\"panel-body toggle-content post-content\"><p><strong>NON<\/strong><\/p>\n<p>Le marquage CE est suivi entre autres du num\u00e9ro de r\u00e9f\u00e9rence de la d\u00e9claration des performances (DoP) et du num\u00e9ro d\u2019identification de l\u2019organisme notifi\u00e9 (0965).<\/p>\n<ul>\n<li>\u00c9tant donn\u00e9 que le num\u00e9ro de r\u00e9f\u00e9rence de la d\u00e9claration des performances (DoP) peut \u00eatre choisi librement, vous pouvez continuer d\u2019utiliser vos documents. Vous devez toutefois veiller \u00e0 ce que le m\u00eame num\u00e9ro soit mentionn\u00e9 lorsque vous appliquez le marquage CE (documents et emballages). Si vous choisissez quand m\u00eame un nouveau num\u00e9ro (par exemple le nouveau num\u00e9ro de certificat), vous devez veiller \u00e0 ce que ce nouveau num\u00e9ro soit toujours mentionn\u00e9 lorsque vous appliquez le marquage CE (d\u00e9claration des performances (DoP) et emballages).<\/li>\n<li>Le num\u00e9ro d\u2019identification de BE-CERT en tant qu\u2019organisme notifi\u00e9 (0965) a \u00e9t\u00e9 repris par PROCERTUS et ne doit donc pas \u00eatre modifi\u00e9.<\/li>\n<\/ul>\n<\/div><\/div><\/div><div class=\"fusion-panel fusion-toggle-no-divider fusion-toggle-boxed-mode panel-default fusion-faq-post fusion-faq-post-3683 mortel-ce-markering-2 \"><span class=\"entry-title rich-snippet-hidden\">A la suite du transfert de BE-CERT vers PROCERTUS, dois-je apporter des modifications lorsque j\u2019applique le marquage CE sur l\u2019emballage ?<\/span><span class=\"vcard rich-snippet-hidden\"><span class=\"fn\"><a href=\"https:\/\/www.procertus.be\/fr\/author\/m-croon\/\" title=\"Articles par Martin Croon\" rel=\"author\">Martin Croon<\/a><\/span><\/span><span class=\"updated rich-snippet-hidden\">2024-07-05T10:08:09+02:00<\/span><div class=\"panel-heading\"><h4 id=\"faq_2-3683\" class=\"panel-title toggle\"><a data-toggle=\"collapse\" class=\"collapsed\" data-parent=\"#accordian-2\" data-target=\"#collapse-2-3683\" href=\"#collapse-2-3683\" aria-expanded=\"false\"><div class=\"fusion-toggle-icon-wrapper\"><div class=\"fusion-toggle-icon-wrapper-main\"><div class=\"fusion-toggle-icon-wrapper-sub\"><i class=\"fa-fusion-box active-icon fa-caret-square-up far\" aria-hidden=\"true\"><\/i><i class=\"fa-fusion-box inactive-icon fa-caret-square-down far\" aria-hidden=\"true\"><\/i><\/div><\/div><\/div><div class=\"fusion-toggle-heading\">A la suite du transfert de BE-CERT vers PROCERTUS, dois-je apporter des modifications lorsque j\u2019applique le marquage CE sur l\u2019emballage ?<\/div><\/a><\/h4><\/div><div id=\"collapse-2-3683\" aria-labelledby=\"faq_2-3683\" class=\"panel-collapse collapse\"><div class=\"panel-body toggle-content post-content\"><p><strong>NON<\/strong><\/p>\n<p>Le marquage CE est suivi entre autres du num\u00e9ro de r\u00e9f\u00e9rence de la d\u00e9claration des performances (DoP) et du num\u00e9ro d\u2019identification de l\u2019organisme notifi\u00e9 (0965).<\/p>\n<ul>\n<li>Etant donn\u00e9 que le num\u00e9ro de r\u00e9f\u00e9rence de la d\u00e9claration des performances (DoP) peut \u00eatre choisi librement, vous pouvez continuer d\u2019utiliser vos emballages, si vous veillez \u00e0 ce que ce num\u00e9ro de r\u00e9f\u00e9rence soit maintenu dans la d\u00e9claration des performances (DoP). (Dans de nombreux cas, il s\u2019agit du num\u00e9ro du certificat d\u00e9livr\u00e9 pr\u00e9c\u00e9demment par BE-CERT).<\/li>\n<li>Le num\u00e9ro d\u2019identification de BE-CERT en tant qu\u2019organisme notifi\u00e9 (0965) a \u00e9t\u00e9 repris par PROCERTUS et ne doit donc pas \u00eatre modifi\u00e9.<\/li>\n<\/ul>\n<\/div><\/div><\/div><div class=\"fusion-panel fusion-toggle-no-divider fusion-toggle-boxed-mode panel-default fusion-faq-post fusion-faq-post-3682 mortel-ce-markering-2 \"><span class=\"entry-title rich-snippet-hidden\">A la suite du transfert de BE-CERT vers PROCERTUS, dois-je adapter le num\u00e9ro de r\u00e9f\u00e9rence de la d\u00e9claration des performances (DoP) ?<\/span><span class=\"vcard rich-snippet-hidden\"><span class=\"fn\"><a href=\"https:\/\/www.procertus.be\/fr\/author\/m-croon\/\" title=\"Articles par Martin Croon\" rel=\"author\">Martin Croon<\/a><\/span><\/span><span class=\"updated rich-snippet-hidden\">2024-07-05T10:08:36+02:00<\/span><div class=\"panel-heading\"><h4 id=\"faq_2-3682\" class=\"panel-title toggle\"><a data-toggle=\"collapse\" class=\"collapsed\" data-parent=\"#accordian-2\" data-target=\"#collapse-2-3682\" href=\"#collapse-2-3682\" aria-expanded=\"false\"><div class=\"fusion-toggle-icon-wrapper\"><div class=\"fusion-toggle-icon-wrapper-main\"><div class=\"fusion-toggle-icon-wrapper-sub\"><i class=\"fa-fusion-box active-icon fa-caret-square-up far\" aria-hidden=\"true\"><\/i><i class=\"fa-fusion-box inactive-icon fa-caret-square-down far\" aria-hidden=\"true\"><\/i><\/div><\/div><\/div><div class=\"fusion-toggle-heading\">A la suite du transfert de BE-CERT vers PROCERTUS, dois-je adapter le num\u00e9ro de r\u00e9f\u00e9rence de la d\u00e9claration des performances (DoP) ?<\/div><\/a><\/h4><\/div><div id=\"collapse-2-3682\" aria-labelledby=\"faq_2-3682\" class=\"panel-collapse collapse\"><div class=\"panel-body toggle-content post-content\"><p><strong>NON<\/strong><\/p>\n<p>Etant donn\u00e9 que le num\u00e9ro de r\u00e9f\u00e9rence de la d\u00e9claration des performances (DoP) peut \u00eatre choisi librement, le num\u00e9ro existant peut \u00eatre maintenu. Indiquez bien sur le document qu\u2019il s\u2019agit d\u2019une nouvelle version de la d\u00e9claration des performances (DoP).<\/p>\n<p>Vous pouvez choisir un nouveau num\u00e9ro (par exemple le nouveau num\u00e9ro de certificat), mais dans ce cas il faut vous assurer que ce nouveau num\u00e9ro soit toujours mentionn\u00e9 lorsque vous appliquez le marquage CE (documents et emballages, voir \u00e9galement les questions suivantes).<\/p>\n<\/div><\/div><\/div><div class=\"fusion-panel fusion-toggle-no-divider fusion-toggle-boxed-mode panel-default fusion-faq-post fusion-faq-post-3664 mortel-ce-markering-2 \"><span class=\"entry-title rich-snippet-hidden\">A la suite du transfert de BE-CERT vers PROCERTUS, dois-je adapter la d\u00e9claration des performances (DoP) ?<\/span><span class=\"vcard rich-snippet-hidden\"><span class=\"fn\"><a href=\"https:\/\/www.procertus.be\/fr\/author\/m-croon\/\" title=\"Articles par Martin Croon\" rel=\"author\">Martin Croon<\/a><\/span><\/span><span class=\"updated rich-snippet-hidden\">2024-07-05T10:08:48+02:00<\/span><div class=\"panel-heading\"><h4 id=\"faq_2-3664\" class=\"panel-title toggle\"><a data-toggle=\"collapse\" class=\"collapsed\" data-parent=\"#accordian-2\" data-target=\"#collapse-2-3664\" href=\"#collapse-2-3664\" aria-expanded=\"false\"><div class=\"fusion-toggle-icon-wrapper\"><div class=\"fusion-toggle-icon-wrapper-main\"><div class=\"fusion-toggle-icon-wrapper-sub\"><i class=\"fa-fusion-box active-icon fa-caret-square-up far\" aria-hidden=\"true\"><\/i><i class=\"fa-fusion-box inactive-icon fa-caret-square-down far\" aria-hidden=\"true\"><\/i><\/div><\/div><\/div><div class=\"fusion-toggle-heading\">A la suite du transfert de BE-CERT vers PROCERTUS, dois-je adapter la d\u00e9claration des performances (DoP) ?<\/div><\/a><\/h4><\/div><div id=\"collapse-2-3664\" aria-labelledby=\"faq_2-3664\" class=\"panel-collapse collapse\"><div class=\"panel-body toggle-content post-content\"><p><strong>OUI<\/strong><\/p>\n<p>La d\u00e9claration des performances (DoP) doit mentionner le nom et le num\u00e9ro d\u2019identification de l\u2019organisme notifi\u00e9. Le num\u00e9ro d\u2019identification (0965) n\u2019a pas chang\u00e9, mais il y a lieu de mentionner le nom de l\u2019organisme notifi\u00e9 PROCERTUS dans la d\u00e9claration des performances (DoP).<\/p>\n<\/div><\/div><\/div><\/div><\/div><\/div><\/div><div class=\"fusion-separator fusion-full-width-sep\" style=\"align-self: center;margin-left: auto;margin-right: auto;flex-grow:2;margin-top:10px;width:100%;\"><\/div><div class=\"fusion-separator fusion-full-width-sep\" style=\"align-self: center;margin-left: auto;margin-right: auto;flex-grow:2;margin-top:10px;width:100%;\"><\/div><div class=\"fusion-separator fusion-full-width-sep\" style=\"align-self: center;margin-left: auto;margin-right: auto;flex-grow:2;margin-top:10px;width:100%;\"><\/div><div class=\"fusion-separator fusion-full-width-sep\" style=\"align-self: center;margin-left: auto;margin-right: auto;flex-grow:2;margin-top:10px;width:100%;\"><\/div><\/div><\/div><div class=\"fusion-layout-column fusion_builder_column fusion-builder-column-4 fusion_builder_column_5_6 5_6 fusion-flex-column fusion-flex-align-self-flex-start fusion-column-no-min-height fusion-animated\" style=\"--awb-bg-blend:overlay;--awb-bg-size:cover;--awb-width-large:83.333333333333%;--awb-margin-top-large:0px;--awb-spacing-right-large:50px;--awb-margin-bottom-large:60px;--awb-spacing-left-large:50px;--awb-width-medium:80%;--awb-spacing-right-medium:50px;--awb-spacing-left-medium:50px;--awb-width-small:100%;--awb-spacing-right-small:50px;--awb-spacing-left-small:50px;\" data-animationType=\"fadeIn\" data-animationDuration=\"0.8\" data-animationOffset=\"top-into-view\"><div class=\"fusion-column-wrapper fusion-flex-justify-content-flex-start fusion-content-layout-column\"><div class=\"fusion-title title fusion-title-4 fusion-sep-none fusion-title-center fusion-title-text fusion-title-size-two\" style=\"--awb-margin-right:20px;--awb-margin-bottom:0px;--awb-margin-left:20px;\"><h2 class=\"fusion-title-heading title-heading-center\" style=\"margin:0;text-transform:uppercase;\">Transition vers PROCERTUS dans le cadre de<\/h2><\/div><div class=\"fusion-title title fusion-title-5 fusion-sep-none fusion-title-center fusion-title-text fusion-title-size-two\" style=\"--awb-text-color:var(--awb-color6);--awb-margin-right:20px;--awb-margin-bottom:0px;--awb-margin-left:20px;\"><h2 class=\"fusion-title-heading title-heading-center\" style=\"margin:0;text-transform:uppercase;\"><strong>la marque BENOR des mortiers<\/strong><\/h2><\/div><\/div><\/div><div class=\"fusion-layout-column fusion_builder_column fusion-builder-column-5 fusion_builder_column_1_1 1_1 fusion-flex-column fusion-flex-align-self-center\" style=\"--awb-bg-size:cover;--awb-width-large:100%;--awb-margin-top-large:0px;--awb-spacing-right-large:50px;--awb-margin-bottom-large:0px;--awb-spacing-left-large:50px;--awb-width-medium:100%;--awb-order-medium:0;--awb-spacing-right-medium:50px;--awb-spacing-left-medium:50px;--awb-width-small:100%;--awb-order-small:0;--awb-spacing-right-small:50px;--awb-spacing-left-small:50px;\" data-scroll-devices=\"small-visibility,medium-visibility,large-visibility\"><div class=\"fusion-column-wrapper fusion-column-has-shadow fusion-flex-justify-content-center fusion-content-layout-column\"><style type=\"text\/css\">#accordian-3 .fusion-panel:hover,#accordian-3 .fusion-panel.hover{ background-color: var(--awb-color2) } #accordian-3 .fusion-panel { border-color:var(--awb-color2); border-width:1px; background-color:var(--awb-color2); }.fusion-accordian #accordian-3 .panel-title a .fa-fusion-box:before{ font-size: 16px;width: 16px;}.fusion-accordian #accordian-3 .panel-title a .fa-fusion-box{ color: var(--awb-color6);}.fusion-accordian #accordian-3.fusion-toggle-icon-right .fusion-toggle-heading{ margin-right: 34px;}.fusion-accordian  #accordian-3 .panel-title a{font-size:20px;text-transform:var(--awb-typography1-text-transform);line-height:1.5;font-family:var(--awb-typography1-font-family);font-weight:var(--awb-typography1-font-weight);font-style:var(--awb-typography1-font-style);}.fusion-accordian  #accordian-3 .panel-title a:not(:hover){color:var(--awb-color6);}.fusion-accordian  #accordian-3 .toggle-content{color:var(--awb-color1);font-family:var(--awb-typography4-font-family);font-weight:var(--awb-typography4-font-weight);font-style:var(--awb-typography4-font-style);}.fusion-accordian #accordian-3 .panel-title a:hover,.fusion-accordian #accordian-3 .panel-title a.hover { color: var(--awb-color1);}.fusion-faq-shortcode .fusion-accordian #accordian-3 .fusion-toggle-boxed-mode:hover .panel-title a { color: var(--awb-color1);}.fusion-accordian #accordian-3.fusion-toggle-icon-unboxed .panel-title a:hover .fa-fusion-box,.fusion-accordian #accordian-3.fusion-toggle-icon-unboxed .panel-title a.hover .fa-fusion-box { color: var(--awb-color1); }.fusion-faqs-wrapper .fusion-accordian #accordian-3 .panel-title a.active{ color: var(--awb-color1) !important;}.fusion-faqs-wrapper .fusion-accordian  #accordian-3.fusion-toggle-icon-unboxed .fusion-panel .panel-title a.active .fa-fusion-box{ color: var(--awb-color1) !important;}<\/style><div class=\"fusion-faq-shortcode\" style=\"\"><div class=\"fusion-faqs-wrapper\"><div class=\"accordian fusion-accordian\"><div class=\"panel-group  fusion-toggle-icon-right fusion-toggle-icon-unboxed\" id=\"accordian-3\"><div class=\"fusion-panel fusion-toggle-no-divider fusion-toggle-boxed-mode panel-default fusion-faq-post fusion-faq-post-3687 mortel-benor-2 \"><span class=\"entry-title rich-snippet-hidden\">Puis-je continuer d\u2019utiliser mon stock de sacs mentionnant le num\u00e9ro BENOR du certificat d\u00e9livr\u00e9 par BE CERT ?<\/span><span class=\"vcard rich-snippet-hidden\"><span class=\"fn\"><a href=\"https:\/\/www.procertus.be\/fr\/author\/m-croon\/\" title=\"Articles par Martin Croon\" rel=\"author\">Martin Croon<\/a><\/span><\/span><span class=\"updated rich-snippet-hidden\">2024-07-05T10:05:45+02:00<\/span><div class=\"panel-heading\"><h4 id=\"faq_3-3687\" class=\"panel-title toggle\"><a data-toggle=\"collapse\" class=\"collapsed\" data-parent=\"#accordian-3\" data-target=\"#collapse-3-3687\" href=\"#collapse-3-3687\" aria-expanded=\"false\"><div class=\"fusion-toggle-icon-wrapper\"><div class=\"fusion-toggle-icon-wrapper-main\"><div class=\"fusion-toggle-icon-wrapper-sub\"><i class=\"fa-fusion-box active-icon fa-caret-square-up far\" aria-hidden=\"true\"><\/i><i class=\"fa-fusion-box inactive-icon fa-caret-square-down far\" aria-hidden=\"true\"><\/i><\/div><\/div><\/div><div class=\"fusion-toggle-heading\">Puis-je continuer d\u2019utiliser mon stock de sacs mentionnant le num\u00e9ro BENOR du certificat d\u00e9livr\u00e9 par BE CERT ?<\/div><\/a><\/h4><\/div><div id=\"collapse-3-3687\" aria-labelledby=\"faq_3-3687\" class=\"panel-collapse collapse\"><div class=\"panel-body toggle-content post-content\"><p><strong>PEUT-\u00caTRE<\/strong><\/p>\n<p>S\u2019il vous est impossible de vous conformer \u00e0 la nouvelle num\u00e9rotation sur les sacs avant le 31.08.2024, vous devez introduire une demande de d\u00e9rogation motiv\u00e9e. La demande de d\u00e9rogation motiv\u00e9e doit reprendre au minimum les \u00e9l\u00e9ments suivants\u00a0: les produits concern\u00e9s, une estimation du d\u00e9lai d\u2019\u00e9puisement du stock de sacs existant, une photo du label sur les sacs en question.<\/p>\n<\/div><\/div><\/div><div class=\"fusion-panel fusion-toggle-no-divider fusion-toggle-boxed-mode panel-default fusion-faq-post fusion-faq-post-3688 mortel-benor-2 \"><span class=\"entry-title rich-snippet-hidden\">A la suite du transfert de BE-CERT vers PROCERTUS, dois-je apporter des modifications lorsque j\u2019applique la marque BENOR sur l\u2019emballage ?<\/span><span class=\"vcard rich-snippet-hidden\"><span class=\"fn\"><a href=\"https:\/\/www.procertus.be\/fr\/author\/m-croon\/\" title=\"Articles par Martin Croon\" rel=\"author\">Martin Croon<\/a><\/span><\/span><span class=\"updated rich-snippet-hidden\">2024-07-05T10:06:46+02:00<\/span><div class=\"panel-heading\"><h4 id=\"faq_3-3688\" class=\"panel-title toggle\"><a data-toggle=\"collapse\" class=\"collapsed\" data-parent=\"#accordian-3\" data-target=\"#collapse-3-3688\" href=\"#collapse-3-3688\" aria-expanded=\"false\"><div class=\"fusion-toggle-icon-wrapper\"><div class=\"fusion-toggle-icon-wrapper-main\"><div class=\"fusion-toggle-icon-wrapper-sub\"><i class=\"fa-fusion-box active-icon fa-caret-square-up far\" aria-hidden=\"true\"><\/i><i class=\"fa-fusion-box inactive-icon fa-caret-square-down far\" aria-hidden=\"true\"><\/i><\/div><\/div><\/div><div class=\"fusion-toggle-heading\">A la suite du transfert de BE-CERT vers PROCERTUS, dois-je apporter des modifications lorsque j\u2019applique la marque BENOR sur l\u2019emballage ?<\/div><\/a><\/h4><\/div><div id=\"collapse-3-3688\" aria-labelledby=\"faq_3-3688\" class=\"panel-collapse collapse\"><div class=\"panel-body toggle-content post-content\"><p><strong>OUI<\/strong><\/p>\n<p>Lorsque vous appliquez la marque BENOR, vous devez mentionner le num\u00e9ro d\u2019identification de l\u2019unit\u00e9 de production dans ou \u00e0 proximit\u00e9 imm\u00e9diate de l\u2019extr\u00e9mit\u00e9 droite du logo BENOR. Lors du transfert de BE-CERT vers PROCERTUS, un nouveau num\u00e9ro d\u2019identification (compos\u00e9 de 4 chiffres) a \u00e9t\u00e9 attribu\u00e9 \u00e0 toutes les unit\u00e9s de production. Ce nouveau num\u00e9ro doit \u00eatre mentionn\u00e9 lorsque vous appliquez la marque BENOR sur l\u2019emballage au plus tard le 31.08.2024.<\/p>\n<\/div><\/div><\/div><div class=\"fusion-panel fusion-toggle-no-divider fusion-toggle-boxed-mode panel-default fusion-faq-post fusion-faq-post-3689 mortel-benor-2 \"><span class=\"entry-title rich-snippet-hidden\">Y a-t-il lieu de mentionner l\u2019organisme de certification PROCERTUS sous le logo BENOR sur le bon de livraison ?<\/span><span class=\"vcard rich-snippet-hidden\"><span class=\"fn\"><a href=\"https:\/\/www.procertus.be\/fr\/author\/m-croon\/\" title=\"Articles par Martin Croon\" rel=\"author\">Martin Croon<\/a><\/span><\/span><span class=\"updated rich-snippet-hidden\">2024-07-05T10:06:59+02:00<\/span><div class=\"panel-heading\"><h4 id=\"faq_3-3689\" class=\"panel-title toggle\"><a data-toggle=\"collapse\" class=\"collapsed\" data-parent=\"#accordian-3\" data-target=\"#collapse-3-3689\" href=\"#collapse-3-3689\" aria-expanded=\"false\"><div class=\"fusion-toggle-icon-wrapper\"><div class=\"fusion-toggle-icon-wrapper-main\"><div class=\"fusion-toggle-icon-wrapper-sub\"><i class=\"fa-fusion-box active-icon fa-caret-square-up far\" aria-hidden=\"true\"><\/i><i class=\"fa-fusion-box inactive-icon fa-caret-square-down far\" aria-hidden=\"true\"><\/i><\/div><\/div><\/div><div class=\"fusion-toggle-heading\">Y a-t-il lieu de mentionner l\u2019organisme de certification PROCERTUS sous le logo BENOR sur le bon de livraison ?<\/div><\/a><\/h4><\/div><div id=\"collapse-3-3689\" aria-labelledby=\"faq_3-3689\" class=\"panel-collapse collapse\"><div class=\"panel-body toggle-content post-content\"><p><strong>NON<\/strong><\/p>\n<p>Il n\u2019est pas n\u00e9cessaire de mentionner l\u2019organisme de certification PROCERTUS sous le logo BENOR. Si vous choisissez de mentionner l\u2019organisme de certification sous le logo BENOR, il y a lieu de mentionner PROCERTUS et plus BE-CERT ne peut plus \u00eatre mentionn\u00e9.<\/p>\n<\/div><\/div><\/div><div class=\"fusion-panel fusion-toggle-no-divider fusion-toggle-boxed-mode panel-default fusion-faq-post fusion-faq-post-3686 mortel-benor-2 \"><span class=\"entry-title rich-snippet-hidden\">A la suite du transfert de BE-CERT vers PROCERTUS, dois-je apporter des modifications lorsque j\u2019applique la marque BENOR sur le bon de livraison ?<\/span><span class=\"vcard rich-snippet-hidden\"><span class=\"fn\"><a href=\"https:\/\/www.procertus.be\/fr\/author\/m-croon\/\" title=\"Articles par Martin Croon\" rel=\"author\">Martin Croon<\/a><\/span><\/span><span class=\"updated rich-snippet-hidden\">2024-07-05T10:07:14+02:00<\/span><div class=\"panel-heading\"><h4 id=\"faq_3-3686\" class=\"panel-title toggle\"><a data-toggle=\"collapse\" class=\"collapsed\" data-parent=\"#accordian-3\" data-target=\"#collapse-3-3686\" href=\"#collapse-3-3686\" aria-expanded=\"false\"><div class=\"fusion-toggle-icon-wrapper\"><div class=\"fusion-toggle-icon-wrapper-main\"><div class=\"fusion-toggle-icon-wrapper-sub\"><i class=\"fa-fusion-box active-icon fa-caret-square-up far\" aria-hidden=\"true\"><\/i><i class=\"fa-fusion-box inactive-icon fa-caret-square-down far\" aria-hidden=\"true\"><\/i><\/div><\/div><\/div><div class=\"fusion-toggle-heading\">A la suite du transfert de BE-CERT vers PROCERTUS, dois-je apporter des modifications lorsque j\u2019applique la marque BENOR sur le bon de livraison ?<\/div><\/a><\/h4><\/div><div id=\"collapse-3-3686\" aria-labelledby=\"faq_3-3686\" class=\"panel-collapse collapse\"><div class=\"panel-body toggle-content post-content\"><p><strong>OUI <\/strong><\/p>\n<p>Lorsque vous appliquez la marque BENOR, vous devez mentionner le num\u00e9ro d\u2019identification de l\u2019unit\u00e9 de production dans ou \u00e0 proximit\u00e9 imm\u00e9diate de l\u2019extr\u00e9mit\u00e9 droite du logo BENOR. Lors du transfert de BE-CERT vers PROCERTUS, un nouveau num\u00e9ro d\u2019identification (compos\u00e9 de 4 chiffres) a \u00e9t\u00e9 attribu\u00e9 \u00e0 toutes les unit\u00e9s de production. Ce nouveau num\u00e9ro doit \u00eatre mentionn\u00e9 lorsque vous appliquez la marque BENOR sur les bons de livraison au plus tard le 31.08.2024.<\/p>\n<\/div><\/div><\/div><\/div><\/div><\/div><\/div><\/div><\/div><\/div><\/div><\/div><div id=\"ciment\" class=\"fusion-container-anchor\"><div class=\"fusion-fullwidth fullwidth-box fusion-builder-row-3 fusion-flex-container has-pattern-background has-mask-background nonhundred-percent-fullwidth non-hundred-percent-height-scrolling\" style=\"--awb-background-position:left top;--awb-border-sizes-top:0px;--awb-border-sizes-bottom:0px;--awb-border-sizes-left:0px;--awb-border-sizes-right:0px;--awb-border-radius-top-left:0px;--awb-border-radius-top-right:0px;--awb-border-radius-bottom-right:0px;--awb-border-radius-bottom-left:0px;--awb-padding-top:120px;--awb-padding-bottom:120px;--awb-padding-top-medium:90px;--awb-padding-bottom-medium:90px;--awb-padding-top-small:70px;--awb-margin-bottom-medium:0px;--awb-background-color:var(--awb-color4);--awb-flex-wrap:wrap;\" ><div class=\"fusion-builder-row fusion-row fusion-flex-align-items-stretch fusion-flex-justify-content-center fusion-flex-content-wrap\" style=\"max-width:calc( 1400px + 100px );margin-left: calc(-100px \/ 2 );margin-right: calc(-100px \/ 2 );\"><div class=\"fusion-layout-column fusion_builder_column fusion-builder-column-6 fusion_builder_column_5_6 5_6 fusion-flex-column fusion-flex-align-self-flex-start fusion-column-no-min-height fusion-animated\" style=\"--awb-bg-blend:overlay;--awb-bg-size:cover;--awb-width-large:83.333333333333%;--awb-margin-top-large:0px;--awb-spacing-right-large:50px;--awb-margin-bottom-large:60px;--awb-spacing-left-large:50px;--awb-width-medium:80%;--awb-spacing-right-medium:50px;--awb-spacing-left-medium:50px;--awb-width-small:100%;--awb-spacing-right-small:50px;--awb-spacing-left-small:50px;\" data-animationType=\"fadeIn\" data-animationDuration=\"0.8\" data-animationOffset=\"top-into-view\"><div class=\"fusion-column-wrapper fusion-flex-justify-content-flex-start fusion-content-layout-column\"><div class=\"fusion-title title fusion-title-6 fusion-sep-none fusion-title-center fusion-title-text fusion-title-size-two\" style=\"--awb-margin-right:20px;--awb-margin-bottom:0px;--awb-margin-left:20px;\"><h2 class=\"fusion-title-heading title-heading-center\" style=\"margin:0;text-transform:uppercase;\">Transition vers PROCERTUS dans le cadre du<\/h2><\/div><div class=\"fusion-title title fusion-title-7 fusion-sep-none fusion-title-center fusion-title-text fusion-title-size-two\" style=\"--awb-text-color:var(--awb-color6);--awb-margin-right:20px;--awb-margin-bottom:0px;--awb-margin-left:20px;\"><h2 class=\"fusion-title-heading title-heading-center\" style=\"margin:0;text-transform:uppercase;\"><strong>marquage CE des ciments<\/strong><\/h2><\/div><\/div><\/div><div class=\"fusion-layout-column fusion_builder_column fusion-builder-column-7 fusion_builder_column_1_1 1_1 fusion-flex-column fusion-flex-align-self-center\" style=\"--awb-bg-size:cover;--awb-width-large:100%;--awb-margin-top-large:0px;--awb-spacing-right-large:50px;--awb-margin-bottom-large:0px;--awb-spacing-left-large:50px;--awb-width-medium:100%;--awb-order-medium:0;--awb-spacing-right-medium:50px;--awb-spacing-left-medium:50px;--awb-width-small:100%;--awb-order-small:0;--awb-spacing-right-small:50px;--awb-spacing-left-small:50px;\" data-scroll-devices=\"small-visibility,medium-visibility,large-visibility\"><div class=\"fusion-column-wrapper fusion-column-has-shadow fusion-flex-justify-content-center fusion-content-layout-column\"><style type=\"text\/css\">#accordian-4 .fusion-panel:hover,#accordian-4 .fusion-panel.hover{ background-color: var(--awb-color2) } #accordian-4 .fusion-panel { border-color:var(--awb-color2); border-width:1px; background-color:var(--awb-color2); }.fusion-accordian #accordian-4 .panel-title a .fa-fusion-box:before{ font-size: 16px;width: 16px;}.fusion-accordian #accordian-4 .panel-title a .fa-fusion-box{ color: var(--awb-color6);}.fusion-accordian #accordian-4.fusion-toggle-icon-right .fusion-toggle-heading{ margin-right: 34px;}.fusion-accordian  #accordian-4 .panel-title a{font-size:20px;text-transform:var(--awb-typography1-text-transform);line-height:1.5;font-family:var(--awb-typography1-font-family);font-weight:var(--awb-typography1-font-weight);font-style:var(--awb-typography1-font-style);}.fusion-accordian  #accordian-4 .panel-title a:not(:hover){color:var(--awb-color6);}.fusion-accordian  #accordian-4 .toggle-content{color:var(--awb-color1);font-family:var(--awb-typography4-font-family);font-weight:var(--awb-typography4-font-weight);font-style:var(--awb-typography4-font-style);}.fusion-accordian #accordian-4 .panel-title a:hover,.fusion-accordian #accordian-4 .panel-title a.hover { color: var(--awb-color1);}.fusion-faq-shortcode .fusion-accordian #accordian-4 .fusion-toggle-boxed-mode:hover .panel-title a { color: var(--awb-color1);}.fusion-accordian #accordian-4.fusion-toggle-icon-unboxed .panel-title a:hover .fa-fusion-box,.fusion-accordian #accordian-4.fusion-toggle-icon-unboxed .panel-title a.hover .fa-fusion-box { color: var(--awb-color1); }.fusion-faqs-wrapper .fusion-accordian #accordian-4 .panel-title a.active{ color: var(--awb-color1) !important;}.fusion-faqs-wrapper .fusion-accordian  #accordian-4.fusion-toggle-icon-unboxed .fusion-panel .panel-title a.active .fa-fusion-box{ color: var(--awb-color1) !important;}<\/style><div class=\"fusion-faq-shortcode\" style=\"\"><div class=\"fusion-faqs-wrapper\"><div class=\"accordian fusion-accordian\"><div class=\"panel-group  fusion-toggle-icon-right fusion-toggle-icon-unboxed\" id=\"accordian-4\"><div class=\"fusion-panel fusion-toggle-no-divider fusion-toggle-boxed-mode panel-default fusion-faq-post fusion-faq-post-3665 cement-ce-markering-2 \"><span class=\"entry-title rich-snippet-hidden\">A la suite du transfert de BE-CERT vers PROCERTUS, dois-je adapter la d\u00e9claration des performances (DoP) ?<\/span><span class=\"vcard rich-snippet-hidden\"><span class=\"fn\"><a href=\"https:\/\/www.procertus.be\/fr\/author\/m-croon\/\" title=\"Articles par Martin Croon\" rel=\"author\">Martin Croon<\/a><\/span><\/span><span class=\"updated rich-snippet-hidden\">2024-07-05T10:09:43+02:00<\/span><div class=\"panel-heading\"><h4 id=\"faq_4-3665\" class=\"panel-title toggle\"><a data-toggle=\"collapse\" class=\"collapsed\" data-parent=\"#accordian-4\" data-target=\"#collapse-4-3665\" href=\"#collapse-4-3665\" aria-expanded=\"false\"><div class=\"fusion-toggle-icon-wrapper\"><div class=\"fusion-toggle-icon-wrapper-main\"><div class=\"fusion-toggle-icon-wrapper-sub\"><i class=\"fa-fusion-box active-icon fa-caret-square-up far\" aria-hidden=\"true\"><\/i><i class=\"fa-fusion-box inactive-icon fa-caret-square-down far\" aria-hidden=\"true\"><\/i><\/div><\/div><\/div><div class=\"fusion-toggle-heading\">A la suite du transfert de BE-CERT vers PROCERTUS, dois-je adapter la d\u00e9claration des performances (DoP) ?<\/div><\/a><\/h4><\/div><div id=\"collapse-4-3665\" aria-labelledby=\"faq_4-3665\" class=\"panel-collapse collapse\"><div class=\"panel-body toggle-content post-content\"><p><strong>OUI\u00a0\u00a0\u00a0\u00a0\u00a0\u00a0 <\/strong><\/p>\n<p>La d\u00e9claration des performances (DoP) doit mentionner le nom et le num\u00e9ro d\u2019identification de l\u2019organisme notifi\u00e9. Le num\u00e9ro d\u2019identification (0965) n\u2019a pas chang\u00e9, mais il y a lieu de mentionner le nom de l\u2019organisme notifi\u00e9 PROCERTUS dans la d\u00e9claration des performances (DoP).<\/p>\n<\/div><\/div><\/div><div class=\"fusion-panel fusion-toggle-no-divider fusion-toggle-boxed-mode panel-default fusion-faq-post fusion-faq-post-3666 cement-ce-markering-2 \"><span class=\"entry-title rich-snippet-hidden\">A la suite du transfert de BE-CERT vers PROCERTUS, dois-je modifier le num\u00e9ro de r\u00e9f\u00e9rence de la d\u00e9claration des performances (DoP) ?<\/span><span class=\"vcard rich-snippet-hidden\"><span class=\"fn\"><a href=\"https:\/\/www.procertus.be\/fr\/author\/m-croon\/\" title=\"Articles par Martin Croon\" rel=\"author\">Martin Croon<\/a><\/span><\/span><span class=\"updated rich-snippet-hidden\">2024-07-05T10:10:02+02:00<\/span><div class=\"panel-heading\"><h4 id=\"faq_4-3666\" class=\"panel-title toggle\"><a data-toggle=\"collapse\" class=\"collapsed\" data-parent=\"#accordian-4\" data-target=\"#collapse-4-3666\" href=\"#collapse-4-3666\" aria-expanded=\"false\"><div class=\"fusion-toggle-icon-wrapper\"><div class=\"fusion-toggle-icon-wrapper-main\"><div class=\"fusion-toggle-icon-wrapper-sub\"><i class=\"fa-fusion-box active-icon fa-caret-square-up far\" aria-hidden=\"true\"><\/i><i class=\"fa-fusion-box inactive-icon fa-caret-square-down far\" aria-hidden=\"true\"><\/i><\/div><\/div><\/div><div class=\"fusion-toggle-heading\">A la suite du transfert de BE-CERT vers PROCERTUS, dois-je modifier le num\u00e9ro de r\u00e9f\u00e9rence de la d\u00e9claration des performances (DoP) ?<\/div><\/a><\/h4><\/div><div id=\"collapse-4-3666\" aria-labelledby=\"faq_4-3666\" class=\"panel-collapse collapse\"><div class=\"panel-body toggle-content post-content\"><p><strong>NON<\/strong><\/p>\n<p>\u00c9tant donn\u00e9 que le num\u00e9ro de r\u00e9f\u00e9rence de la d\u00e9claration des performances (DoP) peut \u00eatre choisi librement, le num\u00e9ro existant peut \u00eatre maintenu. Indiquez bien sur le document qu\u2019il s\u2019agit d\u2019une nouvelle version de la d\u00e9claration des performances (DoP).<\/p>\n<p>Vous pouvez choisir un nouveau num\u00e9ro (par exemple le nouveau num\u00e9ro de certificat), mais dans ce cas il faut vous assurer que ce nouveau num\u00e9ro soit toujours mentionn\u00e9 lorsque vous appliquez le marquage CE (documents et emballages, voir \u00e9galement les questions suivantes).<\/p>\n<\/div><\/div><\/div><div class=\"fusion-panel fusion-toggle-no-divider fusion-toggle-boxed-mode panel-default fusion-faq-post fusion-faq-post-3667 cement-ce-markering-2 \"><span class=\"entry-title rich-snippet-hidden\">A la suite du transfert de BE-CERT vers PROCERTUS, dois-je apporter des modifications lorsque j\u2019applique le marquage CE sur l\u2019emballage ?<\/span><span class=\"vcard rich-snippet-hidden\"><span class=\"fn\"><a href=\"https:\/\/www.procertus.be\/fr\/author\/m-croon\/\" title=\"Articles par Martin Croon\" rel=\"author\">Martin Croon<\/a><\/span><\/span><span class=\"updated rich-snippet-hidden\">2024-07-05T10:10:22+02:00<\/span><div class=\"panel-heading\"><h4 id=\"faq_4-3667\" class=\"panel-title toggle\"><a data-toggle=\"collapse\" class=\"collapsed\" data-parent=\"#accordian-4\" data-target=\"#collapse-4-3667\" href=\"#collapse-4-3667\" aria-expanded=\"false\"><div class=\"fusion-toggle-icon-wrapper\"><div class=\"fusion-toggle-icon-wrapper-main\"><div class=\"fusion-toggle-icon-wrapper-sub\"><i class=\"fa-fusion-box active-icon fa-caret-square-up far\" aria-hidden=\"true\"><\/i><i class=\"fa-fusion-box inactive-icon fa-caret-square-down far\" aria-hidden=\"true\"><\/i><\/div><\/div><\/div><div class=\"fusion-toggle-heading\">A la suite du transfert de BE-CERT vers PROCERTUS, dois-je apporter des modifications lorsque j\u2019applique le marquage CE sur l\u2019emballage ?<\/div><\/a><\/h4><\/div><div id=\"collapse-4-3667\" aria-labelledby=\"faq_4-3667\" class=\"panel-collapse collapse\"><div class=\"panel-body toggle-content post-content\"><p><strong>NON<\/strong><\/p>\n<p>Le marquage CE est suivi entre autres du num\u00e9ro de r\u00e9f\u00e9rence de la d\u00e9claration des performances (DoP) et du num\u00e9ro d\u2019identification de l\u2019organisme notifi\u00e9 (0965).<\/p>\n<ul>\n<li>\u00c9tant donn\u00e9 que le num\u00e9ro de r\u00e9f\u00e9rence de la d\u00e9claration des performances (DoP) peut \u00eatre choisi librement, vous pouvez continuer d\u2019utiliser vos emballages, si vous veillez \u00e0 ce que ce num\u00e9ro de r\u00e9f\u00e9rence soit maintenu dans la d\u00e9claration des performances (DoP). (Dans de nombreux cas, il s\u2019agit du num\u00e9ro de certificat d\u00e9livr\u00e9 pr\u00e9c\u00e9demment par BE-CERT).<\/li>\n<li>Le num\u00e9ro d\u2019identification de BE-CERT en tant qu\u2019organisme notifi\u00e9 (0965) a \u00e9t\u00e9 repris par PROCERTUS et ne doit donc pas \u00eatre modifi\u00e9.<\/li>\n<\/ul>\n<\/div><\/div><\/div><div class=\"fusion-panel fusion-toggle-no-divider fusion-toggle-boxed-mode panel-default fusion-faq-post fusion-faq-post-3668 cement-ce-markering-2 \"><span class=\"entry-title rich-snippet-hidden\">A la suite du transfert de BE-CERT vers PROCERTUS, dois-je apporter des modifications lorsque j\u2019applique le marquage CE dans les documents d\u2019accompagnement ?<\/span><span class=\"vcard rich-snippet-hidden\"><span class=\"fn\"><a href=\"https:\/\/www.procertus.be\/fr\/author\/m-croon\/\" title=\"Articles par Martin Croon\" rel=\"author\">Martin Croon<\/a><\/span><\/span><span class=\"updated rich-snippet-hidden\">2024-07-05T10:11:03+02:00<\/span><div class=\"panel-heading\"><h4 id=\"faq_4-3668\" class=\"panel-title toggle\"><a data-toggle=\"collapse\" class=\"collapsed\" data-parent=\"#accordian-4\" data-target=\"#collapse-4-3668\" href=\"#collapse-4-3668\" aria-expanded=\"false\"><div class=\"fusion-toggle-icon-wrapper\"><div class=\"fusion-toggle-icon-wrapper-main\"><div class=\"fusion-toggle-icon-wrapper-sub\"><i class=\"fa-fusion-box active-icon fa-caret-square-up far\" aria-hidden=\"true\"><\/i><i class=\"fa-fusion-box inactive-icon fa-caret-square-down far\" aria-hidden=\"true\"><\/i><\/div><\/div><\/div><div class=\"fusion-toggle-heading\">A la suite du transfert de BE-CERT vers PROCERTUS, dois-je apporter des modifications lorsque j\u2019applique le marquage CE dans les documents d\u2019accompagnement ?<\/div><\/a><\/h4><\/div><div id=\"collapse-4-3668\" aria-labelledby=\"faq_4-3668\" class=\"panel-collapse collapse\"><div class=\"panel-body toggle-content post-content\"><p><strong>NON<\/strong><\/p>\n<p>Le marquage CE est suivi entre autres du num\u00e9ro de r\u00e9f\u00e9rence de la d\u00e9claration des performances (DoP) et du num\u00e9ro d\u2019identification de l\u2019organisme notifi\u00e9 (0965).<\/p>\n<ul>\n<li>\u00c9tant donn\u00e9 que le num\u00e9ro de r\u00e9f\u00e9rence de la d\u00e9claration des performances (DoP) peut \u00eatre choisi librement, vous pouvez continuer d\u2019utiliser vos documents. Vous devez toutefois veiller \u00e0 ce que le m\u00eame num\u00e9ro soit mentionn\u00e9 lorsque vous appliquez le marquage CE (documents et emballages). Si vous choisissez quand m\u00eame un nouveau num\u00e9ro (par exemple le nouveau num\u00e9ro de certificat), vous devez veiller \u00e0 ce que ce nouveau num\u00e9ro soit toujours mentionn\u00e9 lorsque vous appliquez le marquage CE (d\u00e9claration des performances (DoP) et emballages).<\/li>\n<li>Le num\u00e9ro d\u2019identification de BE-CERT en tant qu\u2019organisme notifi\u00e9 (0965) a \u00e9t\u00e9 repris par PROCERTUS et ne doit donc pas \u00eatre modifi\u00e9.<\/li>\n<\/ul>\n<\/div><\/div><\/div><div class=\"fusion-panel fusion-toggle-no-divider fusion-toggle-boxed-mode panel-default fusion-faq-post fusion-faq-post-3669 cement-ce-markering-2 \"><span class=\"entry-title rich-snippet-hidden\">Puis-je continuer d\u2019utiliser mon stock de sacs mentionnant le num\u00e9ro du certificat d\u00e9livr\u00e9 par BE-CERT ?<\/span><span class=\"vcard rich-snippet-hidden\"><span class=\"fn\"><a href=\"https:\/\/www.procertus.be\/fr\/author\/m-croon\/\" title=\"Articles par Martin Croon\" rel=\"author\">Martin Croon<\/a><\/span><\/span><span class=\"updated rich-snippet-hidden\">2024-07-05T10:11:20+02:00<\/span><div class=\"panel-heading\"><h4 id=\"faq_4-3669\" class=\"panel-title toggle\"><a data-toggle=\"collapse\" class=\"collapsed\" data-parent=\"#accordian-4\" data-target=\"#collapse-4-3669\" href=\"#collapse-4-3669\" aria-expanded=\"false\"><div class=\"fusion-toggle-icon-wrapper\"><div class=\"fusion-toggle-icon-wrapper-main\"><div class=\"fusion-toggle-icon-wrapper-sub\"><i class=\"fa-fusion-box active-icon fa-caret-square-up far\" aria-hidden=\"true\"><\/i><i class=\"fa-fusion-box inactive-icon fa-caret-square-down far\" aria-hidden=\"true\"><\/i><\/div><\/div><\/div><div class=\"fusion-toggle-heading\">Puis-je continuer d\u2019utiliser mon stock de sacs mentionnant le num\u00e9ro du certificat d\u00e9livr\u00e9 par BE-CERT ?<\/div><\/a><\/h4><\/div><div id=\"collapse-4-3669\" aria-labelledby=\"faq_4-3669\" class=\"panel-collapse collapse\"><div class=\"panel-body toggle-content post-content\"><p><strong>OUI<\/strong><\/p>\n<p>Le marquage CE est suivi entre autres du num\u00e9ro de r\u00e9f\u00e9rence de la d\u00e9claration des performances (DoP) et du num\u00e9ro d\u2019identification de l\u2019organisme notifi\u00e9 (0965).<\/p>\n<ul>\n<li>\u00c9tant donn\u00e9 que le num\u00e9ro de r\u00e9f\u00e9rence de la d\u00e9claration des performances (DoP) peut \u00eatre choisi librement, vous pouvez continuer d\u2019utiliser vos emballages, si vous veillez \u00e0 ce que ce num\u00e9ro de r\u00e9f\u00e9rence soit maintenu dans la d\u00e9claration des performances (DoP). (Dans de nombreux cas, il s\u2019agit du num\u00e9ro de certificat d\u00e9livr\u00e9 pr\u00e9c\u00e9demment par BE-CERT).<\/li>\n<\/ul>\n<ul>\n<li>Le num\u00e9ro d\u2019identification de BE-CERT en tant qu\u2019organisme notifi\u00e9 (0965) a \u00e9t\u00e9 repris par PROCERTUS et ne doit donc pas \u00eatre modifi\u00e9.<\/li>\n<\/ul>\n<\/div><\/div><\/div><\/div><\/div><\/div><\/div><div class=\"fusion-separator fusion-full-width-sep\" style=\"align-self: center;margin-left: auto;margin-right: auto;flex-grow:2;margin-top:10px;width:100%;\"><\/div><div class=\"fusion-separator fusion-full-width-sep\" style=\"align-self: center;margin-left: auto;margin-right: auto;flex-grow:2;margin-top:10px;width:100%;\"><\/div><div class=\"fusion-separator fusion-full-width-sep\" style=\"align-self: center;margin-left: auto;margin-right: auto;flex-grow:2;margin-top:10px;width:100%;\"><\/div><div class=\"fusion-separator fusion-full-width-sep\" style=\"align-self: center;margin-left: auto;margin-right: auto;flex-grow:2;margin-top:10px;width:100%;\"><\/div><div class=\"fusion-separator fusion-full-width-sep\" style=\"align-self: center;margin-left: auto;margin-right: auto;flex-grow:2;margin-top:10px;width:100%;\"><\/div><\/div><\/div><div class=\"fusion-layout-column fusion_builder_column fusion-builder-column-8 fusion_builder_column_5_6 5_6 fusion-flex-column fusion-flex-align-self-flex-start fusion-column-no-min-height fusion-animated\" style=\"--awb-bg-blend:overlay;--awb-bg-size:cover;--awb-width-large:83.333333333333%;--awb-margin-top-large:0px;--awb-spacing-right-large:50px;--awb-margin-bottom-large:60px;--awb-spacing-left-large:50px;--awb-width-medium:80%;--awb-spacing-right-medium:50px;--awb-spacing-left-medium:50px;--awb-width-small:100%;--awb-spacing-right-small:50px;--awb-spacing-left-small:50px;\" data-animationType=\"fadeIn\" data-animationDuration=\"0.8\" data-animationOffset=\"top-into-view\"><div class=\"fusion-column-wrapper fusion-flex-justify-content-flex-start fusion-content-layout-column\"><div class=\"fusion-title title fusion-title-8 fusion-sep-none fusion-title-center fusion-title-text fusion-title-size-two\" style=\"--awb-margin-right:20px;--awb-margin-bottom:0px;--awb-margin-left:20px;\"><h2 class=\"fusion-title-heading title-heading-center\" style=\"margin:0;text-transform:uppercase;\">Transition vers PROCERTUS dans le cadre de<\/h2><\/div><div class=\"fusion-title title fusion-title-9 fusion-sep-none fusion-title-center fusion-title-text fusion-title-size-two\" style=\"--awb-text-color:var(--awb-color6);--awb-margin-right:20px;--awb-margin-bottom:0px;--awb-margin-left:20px;\"><h2 class=\"fusion-title-heading title-heading-center\" style=\"margin:0;text-transform:uppercase;\"><strong>la marque BENOR des ciments<\/strong><\/h2><\/div><\/div><\/div><div class=\"fusion-layout-column fusion_builder_column fusion-builder-column-9 fusion_builder_column_1_1 1_1 fusion-flex-column fusion-flex-align-self-center\" style=\"--awb-bg-size:cover;--awb-width-large:100%;--awb-margin-top-large:0px;--awb-spacing-right-large:50px;--awb-margin-bottom-large:0px;--awb-spacing-left-large:50px;--awb-width-medium:100%;--awb-order-medium:0;--awb-spacing-right-medium:50px;--awb-spacing-left-medium:50px;--awb-width-small:100%;--awb-order-small:0;--awb-spacing-right-small:50px;--awb-spacing-left-small:50px;\" data-scroll-devices=\"small-visibility,medium-visibility,large-visibility\"><div class=\"fusion-column-wrapper fusion-column-has-shadow fusion-flex-justify-content-center fusion-content-layout-column\"><style type=\"text\/css\">#accordian-5 .fusion-panel:hover,#accordian-5 .fusion-panel.hover{ background-color: var(--awb-color2) } #accordian-5 .fusion-panel { border-color:var(--awb-color2); border-width:1px; background-color:var(--awb-color2); }.fusion-accordian #accordian-5 .panel-title a .fa-fusion-box:before{ font-size: 16px;width: 16px;}.fusion-accordian #accordian-5 .panel-title a .fa-fusion-box{ color: var(--awb-color6);}.fusion-accordian #accordian-5.fusion-toggle-icon-right .fusion-toggle-heading{ margin-right: 34px;}.fusion-accordian  #accordian-5 .panel-title a{font-size:20px;text-transform:var(--awb-typography1-text-transform);line-height:1.5;font-family:var(--awb-typography1-font-family);font-weight:var(--awb-typography1-font-weight);font-style:var(--awb-typography1-font-style);}.fusion-accordian  #accordian-5 .panel-title a:not(:hover){color:var(--awb-color6);}.fusion-accordian  #accordian-5 .toggle-content{color:var(--awb-color1);font-family:var(--awb-typography4-font-family);font-weight:var(--awb-typography4-font-weight);font-style:var(--awb-typography4-font-style);}.fusion-accordian #accordian-5 .panel-title a:hover,.fusion-accordian #accordian-5 .panel-title a.hover { color: var(--awb-color1);}.fusion-faq-shortcode .fusion-accordian #accordian-5 .fusion-toggle-boxed-mode:hover .panel-title a { color: var(--awb-color1);}.fusion-accordian #accordian-5.fusion-toggle-icon-unboxed .panel-title a:hover .fa-fusion-box,.fusion-accordian #accordian-5.fusion-toggle-icon-unboxed .panel-title a.hover .fa-fusion-box { color: var(--awb-color1); }.fusion-faqs-wrapper .fusion-accordian #accordian-5 .panel-title a.active{ color: var(--awb-color1) !important;}.fusion-faqs-wrapper .fusion-accordian  #accordian-5.fusion-toggle-icon-unboxed .fusion-panel .panel-title a.active .fa-fusion-box{ color: var(--awb-color1) !important;}<\/style><div class=\"fusion-faq-shortcode\" style=\"\"><div class=\"fusion-faqs-wrapper\"><div class=\"accordian fusion-accordian\"><div class=\"panel-group  fusion-toggle-icon-right fusion-toggle-icon-unboxed\" id=\"accordian-5\"><div class=\"fusion-panel fusion-toggle-no-divider fusion-toggle-boxed-mode panel-default fusion-faq-post fusion-faq-post-3670 cement-benor-2 \"><span class=\"entry-title rich-snippet-hidden\">A la suite du transfert de BE-CERT vers PROCERTUS, dois-je apporter des modifications lorsque j\u2019applique la marque BENOR sur le bon de livraison ?<\/span><span class=\"vcard rich-snippet-hidden\"><span class=\"fn\"><a href=\"https:\/\/www.procertus.be\/fr\/author\/m-croon\/\" title=\"Articles par Martin Croon\" rel=\"author\">Martin Croon<\/a><\/span><\/span><span class=\"updated rich-snippet-hidden\">2024-07-05T10:11:47+02:00<\/span><div class=\"panel-heading\"><h4 id=\"faq_5-3670\" class=\"panel-title toggle\"><a data-toggle=\"collapse\" class=\"collapsed\" data-parent=\"#accordian-5\" data-target=\"#collapse-5-3670\" href=\"#collapse-5-3670\" aria-expanded=\"false\"><div class=\"fusion-toggle-icon-wrapper\"><div class=\"fusion-toggle-icon-wrapper-main\"><div class=\"fusion-toggle-icon-wrapper-sub\"><i class=\"fa-fusion-box active-icon fa-caret-square-up far\" aria-hidden=\"true\"><\/i><i class=\"fa-fusion-box inactive-icon fa-caret-square-down far\" aria-hidden=\"true\"><\/i><\/div><\/div><\/div><div class=\"fusion-toggle-heading\">A la suite du transfert de BE-CERT vers PROCERTUS, dois-je apporter des modifications lorsque j\u2019applique la marque BENOR sur le bon de livraison ?<\/div><\/a><\/h4><\/div><div id=\"collapse-5-3670\" aria-labelledby=\"faq_5-3670\" class=\"panel-collapse collapse\"><div class=\"panel-body toggle-content post-content\"><p><strong>OUI <\/strong><\/p>\n<p>Lorsque vous appliquez la marque BENOR, vous devez mentionner le num\u00e9ro d\u2019identification de l\u2019unit\u00e9 de production dans ou \u00e0 proximit\u00e9 imm\u00e9diate de l\u2019extr\u00e9mit\u00e9 droite du logo BENOR. Lors du transfert de BE-CERT vers PROCERTUS, un nouveau num\u00e9ro d\u2019identification (compos\u00e9 de 4 chiffres) a \u00e9t\u00e9 attribu\u00e9 \u00e0 toutes les unit\u00e9s de production. Ce nouveau num\u00e9ro doit \u00eatre mentionn\u00e9 lorsque vous appliquez la marque BENOR sur les bons de livraison au plus tard le 31.08.2024.<\/p>\n<\/div><\/div><\/div><div class=\"fusion-panel fusion-toggle-no-divider fusion-toggle-boxed-mode panel-default fusion-faq-post fusion-faq-post-3671 cement-benor-2 \"><span class=\"entry-title rich-snippet-hidden\">Dois-je apposer le logo de l\u2019organisme de certification PROCERTUS \u00e0 proximit\u00e9 du logo BENOR sur le bon de livraison ?<\/span><span class=\"vcard rich-snippet-hidden\"><span class=\"fn\"><a href=\"https:\/\/www.procertus.be\/fr\/author\/m-croon\/\" title=\"Articles par Martin Croon\" rel=\"author\">Martin Croon<\/a><\/span><\/span><span class=\"updated rich-snippet-hidden\">2024-07-05T10:12:07+02:00<\/span><div class=\"panel-heading\"><h4 id=\"faq_5-3671\" class=\"panel-title toggle\"><a data-toggle=\"collapse\" class=\"collapsed\" data-parent=\"#accordian-5\" data-target=\"#collapse-5-3671\" href=\"#collapse-5-3671\" aria-expanded=\"false\"><div class=\"fusion-toggle-icon-wrapper\"><div class=\"fusion-toggle-icon-wrapper-main\"><div class=\"fusion-toggle-icon-wrapper-sub\"><i class=\"fa-fusion-box active-icon fa-caret-square-up far\" aria-hidden=\"true\"><\/i><i class=\"fa-fusion-box inactive-icon fa-caret-square-down far\" aria-hidden=\"true\"><\/i><\/div><\/div><\/div><div class=\"fusion-toggle-heading\">Dois-je apposer le logo de l\u2019organisme de certification PROCERTUS \u00e0 proximit\u00e9 du logo BENOR sur le bon de livraison ?<\/div><\/a><\/h4><\/div><div id=\"collapse-5-3671\" aria-labelledby=\"faq_5-3671\" class=\"panel-collapse collapse\"><div class=\"panel-body toggle-content post-content\"><p><strong>NON<\/strong><\/p>\n<p>Il n\u2019est pas n\u00e9cessaire d\u2019apposer le logo de l\u2019organisme de certification PROCERTUS \u00e0 proximit\u00e9 du logo BENOR. Si vous choisissez d\u2019apposer le logo de l\u2019organisme de certification PROCERTUS sous le logo BENOR, il y a lieu d\u2019apposer le logo de PROCERTUS et plus celui de BE-CERT.<\/p>\n<\/div><\/div><\/div><div class=\"fusion-panel fusion-toggle-no-divider fusion-toggle-boxed-mode panel-default fusion-faq-post fusion-faq-post-3672 cement-benor-2 \"><span class=\"entry-title rich-snippet-hidden\">A la suite du transfert de BE-CERT vers PROCERTUS, dois-je apporter des modifications lorsque j\u2019applique la marque BENOR sur l\u2019emballage ?<\/span><span class=\"vcard rich-snippet-hidden\"><span class=\"fn\"><a href=\"https:\/\/www.procertus.be\/fr\/author\/m-croon\/\" title=\"Articles par Martin Croon\" rel=\"author\">Martin Croon<\/a><\/span><\/span><span class=\"updated rich-snippet-hidden\">2024-07-05T10:12:23+02:00<\/span><div class=\"panel-heading\"><h4 id=\"faq_5-3672\" class=\"panel-title toggle\"><a data-toggle=\"collapse\" class=\"collapsed\" data-parent=\"#accordian-5\" data-target=\"#collapse-5-3672\" href=\"#collapse-5-3672\" aria-expanded=\"false\"><div class=\"fusion-toggle-icon-wrapper\"><div class=\"fusion-toggle-icon-wrapper-main\"><div class=\"fusion-toggle-icon-wrapper-sub\"><i class=\"fa-fusion-box active-icon fa-caret-square-up far\" aria-hidden=\"true\"><\/i><i class=\"fa-fusion-box inactive-icon fa-caret-square-down far\" aria-hidden=\"true\"><\/i><\/div><\/div><\/div><div class=\"fusion-toggle-heading\">A la suite du transfert de BE-CERT vers PROCERTUS, dois-je apporter des modifications lorsque j\u2019applique la marque BENOR sur l\u2019emballage ?<\/div><\/a><\/h4><\/div><div id=\"collapse-5-3672\" aria-labelledby=\"faq_5-3672\" class=\"panel-collapse collapse\"><div class=\"panel-body toggle-content post-content\"><p><strong>OUI<\/strong><\/p>\n<p>Lorsque vous appliquez la marque BENOR, vous devez mentionner le num\u00e9ro d\u2019identification de l\u2019unit\u00e9 de production dans ou \u00e0 proximit\u00e9 imm\u00e9diate de l\u2019extr\u00e9mit\u00e9 droite du logo BENOR. Lors du transfert de BE-CERT vers PROCERTUS, un nouveau num\u00e9ro d\u2019identification (compos\u00e9 de 4 chiffres) a \u00e9t\u00e9 attribu\u00e9 \u00e0 toutes les unit\u00e9s de production. Ce nouveau num\u00e9ro doit \u00eatre mentionn\u00e9 lorsque vous appliquez la marque BENOR sur l\u2019emballage au plus tard le 31.08.2024.<\/p>\n<p>Il n\u2019est plus obligatoire d\u2019apposer le logo de l\u2019organisme de certification PROCERTUS \u00e0 proximit\u00e9 du logo BENOR. Si vous choisissez d\u2019apposer le logo de l\u2019organisme de certification \u00e0 proximit\u00e9 du logo BENOR, il y a lieu d\u2019apposer le logo de PROCERTUS et plus celui de BE-CERT.<\/p>\n<\/div><\/div><\/div><div class=\"fusion-panel fusion-toggle-no-divider fusion-toggle-boxed-mode panel-default fusion-faq-post fusion-faq-post-3674 cement-benor-2 \"><span class=\"entry-title rich-snippet-hidden\">Puis-je continuer d\u2019utiliser mon stock de sacs mentionnant le num\u00e9ro BENOR du certificat d\u00e9livr\u00e9 par BE CERT ?<\/span><span class=\"vcard rich-snippet-hidden\"><span class=\"fn\"><a href=\"https:\/\/www.procertus.be\/fr\/author\/m-croon\/\" title=\"Articles par Martin Croon\" rel=\"author\">Martin Croon<\/a><\/span><\/span><span class=\"updated rich-snippet-hidden\">2024-07-05T10:12:40+02:00<\/span><div class=\"panel-heading\"><h4 id=\"faq_5-3674\" class=\"panel-title toggle\"><a data-toggle=\"collapse\" class=\"collapsed\" data-parent=\"#accordian-5\" data-target=\"#collapse-5-3674\" href=\"#collapse-5-3674\" aria-expanded=\"false\"><div class=\"fusion-toggle-icon-wrapper\"><div class=\"fusion-toggle-icon-wrapper-main\"><div class=\"fusion-toggle-icon-wrapper-sub\"><i class=\"fa-fusion-box active-icon fa-caret-square-up far\" aria-hidden=\"true\"><\/i><i class=\"fa-fusion-box inactive-icon fa-caret-square-down far\" aria-hidden=\"true\"><\/i><\/div><\/div><\/div><div class=\"fusion-toggle-heading\">Puis-je continuer d\u2019utiliser mon stock de sacs mentionnant le num\u00e9ro BENOR du certificat d\u00e9livr\u00e9 par BE CERT ?<\/div><\/a><\/h4><\/div><div id=\"collapse-5-3674\" aria-labelledby=\"faq_5-3674\" class=\"panel-collapse collapse\"><div class=\"panel-body toggle-content post-content\"><p><strong>PEUT-\u00caTRE<\/strong><\/p>\n<p>S\u2019il vous est impossible de vous conformer \u00e0 la nouvelle num\u00e9rotation sur les sacs avant le 31.08.2024, vous devez introduire une demande de d\u00e9rogation motiv\u00e9e. La demande de d\u00e9rogation motiv\u00e9e doit reprendre au minimum les \u00e9l\u00e9ments suivants\u00a0: les produits concern\u00e9s, une estimation du d\u00e9lai d\u2019\u00e9puisement du stock de sacs existant, une photo du label sur les sacs en question.<\/p>\n<\/div><\/div><\/div><\/div><\/div><\/div><\/div><\/div><\/div><\/div><\/div><\/div><div id=\"adjuvants\" class=\"fusion-container-anchor\"><div class=\"fusion-fullwidth fullwidth-box fusion-builder-row-4 fusion-flex-container has-pattern-background has-mask-background nonhundred-percent-fullwidth non-hundred-percent-height-scrolling\" style=\"--awb-background-position:left top;--awb-border-sizes-top:0px;--awb-border-sizes-bottom:0px;--awb-border-sizes-left:0px;--awb-border-sizes-right:0px;--awb-border-radius-top-left:0px;--awb-border-radius-top-right:0px;--awb-border-radius-bottom-right:0px;--awb-border-radius-bottom-left:0px;--awb-padding-top:120px;--awb-padding-bottom:120px;--awb-padding-top-medium:90px;--awb-padding-bottom-medium:90px;--awb-padding-top-small:70px;--awb-margin-bottom-medium:0px;--awb-background-color:var(--awb-color4);--awb-flex-wrap:wrap;\" ><div class=\"fusion-builder-row fusion-row fusion-flex-align-items-stretch fusion-flex-justify-content-center fusion-flex-content-wrap\" style=\"max-width:calc( 1400px + 100px );margin-left: calc(-100px \/ 2 );margin-right: calc(-100px \/ 2 );\"><div class=\"fusion-layout-column fusion_builder_column fusion-builder-column-10 fusion_builder_column_5_6 5_6 fusion-flex-column fusion-flex-align-self-flex-start fusion-column-no-min-height fusion-animated\" style=\"--awb-bg-blend:overlay;--awb-bg-size:cover;--awb-width-large:83.333333333333%;--awb-margin-top-large:0px;--awb-spacing-right-large:50px;--awb-margin-bottom-large:60px;--awb-spacing-left-large:50px;--awb-width-medium:80%;--awb-spacing-right-medium:50px;--awb-spacing-left-medium:50px;--awb-width-small:100%;--awb-spacing-right-small:50px;--awb-spacing-left-small:50px;\" data-animationType=\"fadeIn\" data-animationDuration=\"0.8\" data-animationOffset=\"top-into-view\"><div class=\"fusion-column-wrapper fusion-flex-justify-content-flex-start fusion-content-layout-column\"><div class=\"fusion-title title fusion-title-10 fusion-sep-none fusion-title-center fusion-title-text fusion-title-size-two\" style=\"--awb-margin-right:20px;--awb-margin-bottom:0px;--awb-margin-left:20px;\"><h2 class=\"fusion-title-heading title-heading-center\" style=\"margin:0;text-transform:uppercase;\">Transition vers PROCERTUS dans le cadre du<\/h2><\/div><div class=\"fusion-title title fusion-title-11 fusion-sep-none fusion-title-center fusion-title-text fusion-title-size-two\" style=\"--awb-text-color:var(--awb-color6);--awb-margin-right:20px;--awb-margin-bottom:0px;--awb-margin-left:20px;\"><h2 class=\"fusion-title-heading title-heading-center\" style=\"margin:0;text-transform:uppercase;\"><strong>marquage CE des adjuvants<\/strong><\/h2><\/div><\/div><\/div><div class=\"fusion-layout-column fusion_builder_column fusion-builder-column-11 fusion_builder_column_1_1 1_1 fusion-flex-column fusion-flex-align-self-center\" style=\"--awb-bg-size:cover;--awb-width-large:100%;--awb-margin-top-large:0px;--awb-spacing-right-large:50px;--awb-margin-bottom-large:0px;--awb-spacing-left-large:50px;--awb-width-medium:100%;--awb-order-medium:0;--awb-spacing-right-medium:50px;--awb-spacing-left-medium:50px;--awb-width-small:100%;--awb-order-small:0;--awb-spacing-right-small:50px;--awb-spacing-left-small:50px;\" data-scroll-devices=\"small-visibility,medium-visibility,large-visibility\"><div class=\"fusion-column-wrapper fusion-column-has-shadow fusion-flex-justify-content-center fusion-content-layout-column\"><style type=\"text\/css\">#accordian-6 .fusion-panel:hover,#accordian-6 .fusion-panel.hover{ background-color: var(--awb-color2) } #accordian-6 .fusion-panel { border-color:var(--awb-color2); border-width:1px; background-color:var(--awb-color2); }.fusion-accordian #accordian-6 .panel-title a .fa-fusion-box:before{ font-size: 16px;width: 16px;}.fusion-accordian #accordian-6 .panel-title a .fa-fusion-box{ color: var(--awb-color6);}.fusion-accordian #accordian-6.fusion-toggle-icon-right .fusion-toggle-heading{ margin-right: 34px;}.fusion-accordian  #accordian-6 .panel-title a{font-size:20px;text-transform:var(--awb-typography1-text-transform);line-height:1.5;font-family:var(--awb-typography1-font-family);font-weight:var(--awb-typography1-font-weight);font-style:var(--awb-typography1-font-style);}.fusion-accordian  #accordian-6 .panel-title a:not(:hover){color:var(--awb-color6);}.fusion-accordian  #accordian-6 .toggle-content{color:var(--awb-color1);font-family:var(--awb-typography4-font-family);font-weight:var(--awb-typography4-font-weight);font-style:var(--awb-typography4-font-style);}.fusion-accordian #accordian-6 .panel-title a:hover,.fusion-accordian #accordian-6 .panel-title a.hover { color: var(--awb-color1);}.fusion-faq-shortcode .fusion-accordian #accordian-6 .fusion-toggle-boxed-mode:hover .panel-title a { color: var(--awb-color1);}.fusion-accordian #accordian-6.fusion-toggle-icon-unboxed .panel-title a:hover .fa-fusion-box,.fusion-accordian #accordian-6.fusion-toggle-icon-unboxed .panel-title a.hover .fa-fusion-box { color: var(--awb-color1); }.fusion-faqs-wrapper .fusion-accordian #accordian-6 .panel-title a.active{ color: var(--awb-color1) !important;}.fusion-faqs-wrapper .fusion-accordian  #accordian-6.fusion-toggle-icon-unboxed .fusion-panel .panel-title a.active .fa-fusion-box{ color: var(--awb-color1) !important;}<\/style><div class=\"fusion-faq-shortcode\" style=\"\"><div class=\"fusion-faqs-wrapper\"><div class=\"accordian fusion-accordian\"><div class=\"panel-group  fusion-toggle-icon-right fusion-toggle-icon-unboxed\" id=\"accordian-6\"><div class=\"fusion-panel fusion-toggle-no-divider fusion-toggle-boxed-mode panel-default fusion-faq-post fusion-faq-post-3673 adjuvants-ce \"><span class=\"entry-title rich-snippet-hidden\">A la suite du transfert de BE-CERT vers PROCERTUS, dois-je adapter la d\u00e9claration des performances (DoP) ?<\/span><span class=\"vcard rich-snippet-hidden\"><span class=\"fn\"><a href=\"https:\/\/www.procertus.be\/fr\/author\/m-croon\/\" title=\"Articles par Martin Croon\" rel=\"author\">Martin Croon<\/a><\/span><\/span><span class=\"updated rich-snippet-hidden\">2024-07-15T11:37:28+02:00<\/span><div class=\"panel-heading\"><h4 id=\"faq_6-3673\" class=\"panel-title toggle\"><a data-toggle=\"collapse\" class=\"collapsed\" data-parent=\"#accordian-6\" data-target=\"#collapse-6-3673\" href=\"#collapse-6-3673\" aria-expanded=\"false\"><div class=\"fusion-toggle-icon-wrapper\"><div class=\"fusion-toggle-icon-wrapper-main\"><div class=\"fusion-toggle-icon-wrapper-sub\"><i class=\"fa-fusion-box active-icon fa-caret-square-up far\" aria-hidden=\"true\"><\/i><i class=\"fa-fusion-box inactive-icon fa-caret-square-down far\" aria-hidden=\"true\"><\/i><\/div><\/div><\/div><div class=\"fusion-toggle-heading\">A la suite du transfert de BE-CERT vers PROCERTUS, dois-je adapter la d\u00e9claration des performances (DoP) ?<\/div><\/a><\/h4><\/div><div id=\"collapse-6-3673\" aria-labelledby=\"faq_6-3673\" class=\"panel-collapse collapse\"><div class=\"panel-body toggle-content post-content\"><p><strong>OUI<\/strong><\/p>\n<p>La d\u00e9claration des performances (DoP) doit mentionner le nom et le num\u00e9ro d\u2019identification de l\u2019organisme notifi\u00e9. Le num\u00e9ro d\u2019identification (0965) n\u2019a pas chang\u00e9, mais il y a lieu de mentionner le nom de l\u2019organisme notifi\u00e9 PROCERTUS dans la d\u00e9claration des performances (DoP).<\/p>\n<\/div><\/div><\/div><div class=\"fusion-panel fusion-toggle-no-divider fusion-toggle-boxed-mode panel-default fusion-faq-post fusion-faq-post-3675 adjuvants-ce \"><span class=\"entry-title rich-snippet-hidden\">A la suite du transfert de BE-CERT vers PROCERTUS, dois-je adapter le num\u00e9ro de r\u00e9f\u00e9rence de la d\u00e9claration des performances (DoP) ?<\/span><span class=\"vcard rich-snippet-hidden\"><span class=\"fn\"><a href=\"https:\/\/www.procertus.be\/fr\/author\/m-croon\/\" title=\"Articles par Martin Croon\" rel=\"author\">Martin Croon<\/a><\/span><\/span><span class=\"updated rich-snippet-hidden\">2024-07-15T11:36:50+02:00<\/span><div class=\"panel-heading\"><h4 id=\"faq_6-3675\" class=\"panel-title toggle\"><a data-toggle=\"collapse\" class=\"collapsed\" data-parent=\"#accordian-6\" data-target=\"#collapse-6-3675\" href=\"#collapse-6-3675\" aria-expanded=\"false\"><div class=\"fusion-toggle-icon-wrapper\"><div class=\"fusion-toggle-icon-wrapper-main\"><div class=\"fusion-toggle-icon-wrapper-sub\"><i class=\"fa-fusion-box active-icon fa-caret-square-up far\" aria-hidden=\"true\"><\/i><i class=\"fa-fusion-box inactive-icon fa-caret-square-down far\" aria-hidden=\"true\"><\/i><\/div><\/div><\/div><div class=\"fusion-toggle-heading\">A la suite du transfert de BE-CERT vers PROCERTUS, dois-je adapter le num\u00e9ro de r\u00e9f\u00e9rence de la d\u00e9claration des performances (DoP) ?<\/div><\/a><\/h4><\/div><div id=\"collapse-6-3675\" aria-labelledby=\"faq_6-3675\" class=\"panel-collapse collapse\"><div class=\"panel-body toggle-content post-content\"><p><strong>NON<\/strong><\/p>\n<p>Etant donn\u00e9 que le num\u00e9ro de r\u00e9f\u00e9rence de la d\u00e9claration des performances (DoP) peut \u00eatre choisi librement, le num\u00e9ro existant peut \u00eatre maintenu. Indiquez bien sur le document qu\u2019il s\u2019agit d\u2019une nouvelle version de la d\u00e9claration des performances (DoP).<\/p>\n<p>Vous pouvez choisir un nouveau num\u00e9ro (par exemple le nouveau num\u00e9ro de certificat), mais dans ce cas il faut vous assurer que ce nouveau num\u00e9ro soit toujours mentionn\u00e9 lorsque vous appliquez le marquage CE (documents et emballages, voir \u00e9galement les questions suivantes).<\/p>\n<\/div><\/div><\/div><div class=\"fusion-panel fusion-toggle-no-divider fusion-toggle-boxed-mode panel-default fusion-faq-post fusion-faq-post-3676 adjuvants-ce \"><span class=\"entry-title rich-snippet-hidden\">A la suite du transfert de BE-CERT vers PROCERTUS, dois-je apporter des modifications lorsque j\u2019applique le marquage CE sur l\u2019emballage ?<\/span><span class=\"vcard rich-snippet-hidden\"><span class=\"fn\"><a href=\"https:\/\/www.procertus.be\/fr\/author\/m-croon\/\" title=\"Articles par Martin Croon\" rel=\"author\">Martin Croon<\/a><\/span><\/span><span class=\"updated rich-snippet-hidden\">2024-07-15T11:35:59+02:00<\/span><div class=\"panel-heading\"><h4 id=\"faq_6-3676\" class=\"panel-title toggle\"><a data-toggle=\"collapse\" class=\"collapsed\" data-parent=\"#accordian-6\" data-target=\"#collapse-6-3676\" href=\"#collapse-6-3676\" aria-expanded=\"false\"><div class=\"fusion-toggle-icon-wrapper\"><div class=\"fusion-toggle-icon-wrapper-main\"><div class=\"fusion-toggle-icon-wrapper-sub\"><i class=\"fa-fusion-box active-icon fa-caret-square-up far\" aria-hidden=\"true\"><\/i><i class=\"fa-fusion-box inactive-icon fa-caret-square-down far\" aria-hidden=\"true\"><\/i><\/div><\/div><\/div><div class=\"fusion-toggle-heading\">A la suite du transfert de BE-CERT vers PROCERTUS, dois-je apporter des modifications lorsque j\u2019applique le marquage CE sur l\u2019emballage ?<\/div><\/a><\/h4><\/div><div id=\"collapse-6-3676\" aria-labelledby=\"faq_6-3676\" class=\"panel-collapse collapse\"><div class=\"panel-body toggle-content post-content\"><p><strong>NON<\/strong><\/p>\n<p>Le marquage CE est suivi entre autres du num\u00e9ro de r\u00e9f\u00e9rence de la d\u00e9claration des performances (DoP) et du num\u00e9ro d\u2019identification de l\u2019organisme notifi\u00e9 (0965).<\/p>\n<ul>\n<li>\u00c9tant donn\u00e9 que le num\u00e9ro de r\u00e9f\u00e9rence de la d\u00e9claration des performances (DoP) peut \u00eatre choisi librement, vous pouvez continuer d\u2019utiliser vos emballages, si vous veillez \u00e0 ce que ce num\u00e9ro de r\u00e9f\u00e9rence soit maintenu dans la d\u00e9claration des performances (DoP). (Dans de nombreux cas, il s\u2019agit du num\u00e9ro de certificat d\u00e9livr\u00e9 pr\u00e9c\u00e9demment par BE-CERT).<\/li>\n<li>Le num\u00e9ro d\u2019identification de BE-CERT en tant qu\u2019organisme notifi\u00e9 (0965) a \u00e9t\u00e9 repris par PROCERTUS et ne doit donc pas \u00eatre modifi\u00e9.<\/li>\n<\/ul>\n<\/div><\/div><\/div><div class=\"fusion-panel fusion-toggle-no-divider fusion-toggle-boxed-mode panel-default fusion-faq-post fusion-faq-post-3677 adjuvants-ce \"><span class=\"entry-title rich-snippet-hidden\">A la suite du transfert de BE-CERT vers PROCERTUS, dois-je apporter des modifications lorsque j\u2019applique le marquage CE dans les documents d\u2019accompagnement ?<\/span><span class=\"vcard rich-snippet-hidden\"><span class=\"fn\"><a href=\"https:\/\/www.procertus.be\/fr\/author\/m-croon\/\" title=\"Articles par Martin Croon\" rel=\"author\">Martin Croon<\/a><\/span><\/span><span class=\"updated rich-snippet-hidden\">2024-07-15T11:35:35+02:00<\/span><div class=\"panel-heading\"><h4 id=\"faq_6-3677\" class=\"panel-title toggle\"><a data-toggle=\"collapse\" class=\"collapsed\" data-parent=\"#accordian-6\" data-target=\"#collapse-6-3677\" href=\"#collapse-6-3677\" aria-expanded=\"false\"><div class=\"fusion-toggle-icon-wrapper\"><div class=\"fusion-toggle-icon-wrapper-main\"><div class=\"fusion-toggle-icon-wrapper-sub\"><i class=\"fa-fusion-box active-icon fa-caret-square-up far\" aria-hidden=\"true\"><\/i><i class=\"fa-fusion-box inactive-icon fa-caret-square-down far\" aria-hidden=\"true\"><\/i><\/div><\/div><\/div><div class=\"fusion-toggle-heading\">A la suite du transfert de BE-CERT vers PROCERTUS, dois-je apporter des modifications lorsque j\u2019applique le marquage CE dans les documents d\u2019accompagnement ?<\/div><\/a><\/h4><\/div><div id=\"collapse-6-3677\" aria-labelledby=\"faq_6-3677\" class=\"panel-collapse collapse\"><div class=\"panel-body toggle-content post-content\"><p><strong>NON<\/strong><\/p>\n<p>Le marquage CE est suivi entre autres du num\u00e9ro de r\u00e9f\u00e9rence de la d\u00e9claration des performances (DoP) et du num\u00e9ro d\u2019identification de l\u2019organisme notifi\u00e9 (0965).<\/p>\n<ul>\n<li>\u00c9tant donn\u00e9 que le num\u00e9ro de r\u00e9f\u00e9rence de la d\u00e9claration des performances (DoP) peut \u00eatre choisi librement, vous pouvez continuer d\u2019utiliser vos documents. Vous devez toutefois veiller \u00e0 ce que le m\u00eame num\u00e9ro soit mentionn\u00e9 lorsque vous appliquez le marquage CE (documents et emballages). Si vous choisissez quand m\u00eame un nouveau num\u00e9ro (par exemple le nouveau num\u00e9ro de certificat), vous devez veiller \u00e0 ce que ce nouveau num\u00e9ro soit toujours mentionn\u00e9 lorsque vous appliquez le marquage CE (d\u00e9claration des performances (DoP) et emballages).<\/li>\n<li>Le num\u00e9ro d\u2019identification de BE-CERT en tant qu\u2019organisme notifi\u00e9 (0965) a \u00e9t\u00e9 repris par PROCERTUS et ne doit donc pas \u00eatre modifi\u00e9.<\/li>\n<\/ul>\n<\/div><\/div><\/div><div class=\"fusion-panel fusion-toggle-no-divider fusion-toggle-boxed-mode panel-default fusion-faq-post fusion-faq-post-3678 adjuvants-ce \"><span class=\"entry-title rich-snippet-hidden\">Puis-je continuer d\u2019utiliser mon stock d\u2019\u00e9tiquettes mentionnant le num\u00e9ro du certificat d\u00e9livr\u00e9 par BE-CERT ?<\/span><span class=\"vcard rich-snippet-hidden\"><span class=\"fn\"><a href=\"https:\/\/www.procertus.be\/fr\/author\/m-croon\/\" title=\"Articles par Martin Croon\" rel=\"author\">Martin Croon<\/a><\/span><\/span><span class=\"updated rich-snippet-hidden\">2024-07-15T11:35:11+02:00<\/span><div class=\"panel-heading\"><h4 id=\"faq_6-3678\" class=\"panel-title toggle\"><a data-toggle=\"collapse\" class=\"collapsed\" data-parent=\"#accordian-6\" data-target=\"#collapse-6-3678\" href=\"#collapse-6-3678\" aria-expanded=\"false\"><div class=\"fusion-toggle-icon-wrapper\"><div class=\"fusion-toggle-icon-wrapper-main\"><div class=\"fusion-toggle-icon-wrapper-sub\"><i class=\"fa-fusion-box active-icon fa-caret-square-up far\" aria-hidden=\"true\"><\/i><i class=\"fa-fusion-box inactive-icon fa-caret-square-down far\" aria-hidden=\"true\"><\/i><\/div><\/div><\/div><div class=\"fusion-toggle-heading\">Puis-je continuer d\u2019utiliser mon stock d\u2019\u00e9tiquettes mentionnant le num\u00e9ro du certificat d\u00e9livr\u00e9 par BE-CERT ?<\/div><\/a><\/h4><\/div><div id=\"collapse-6-3678\" aria-labelledby=\"faq_6-3678\" class=\"panel-collapse collapse\"><div class=\"panel-body toggle-content post-content\"><p><strong>OUI<\/strong><\/p>\n<p>Le marquage CE est suivi entre autres du num\u00e9ro de r\u00e9f\u00e9rence de la d\u00e9claration des performances (DoP) et du num\u00e9ro d\u2019identification de l\u2019organisme notifi\u00e9 (0965).<\/p>\n<ul>\n<li>\u00c9tant donn\u00e9 que le num\u00e9ro de r\u00e9f\u00e9rence de la d\u00e9claration des performances (DoP) peut \u00eatre choisi librement, vous pouvez continuer d\u2019utiliser vos \u00e9tiquettes, si vous veillez \u00e0 ce que ce num\u00e9ro de r\u00e9f\u00e9rence soit maintenu dans la d\u00e9claration des performances (DoP). (Dans de nombreux cas, il s\u2019agit du num\u00e9ro de certificat d\u00e9livr\u00e9 pr\u00e9c\u00e9demment par BE-CERT).<\/li>\n<li>Le num\u00e9ro d\u2019identification de BE-CERT en tant qu\u2019organisme notifi\u00e9 (0965) a \u00e9t\u00e9 repris par PROCERTUS et ne doit donc pas \u00eatre modifi\u00e9.<\/li>\n<\/ul>\n<\/div><\/div><\/div><\/div><\/div><\/div><\/div><div class=\"fusion-separator fusion-full-width-sep\" style=\"align-self: center;margin-left: auto;margin-right: auto;flex-grow:2;margin-top:10px;width:100%;\"><\/div><div class=\"fusion-separator fusion-full-width-sep\" style=\"align-self: center;margin-left: auto;margin-right: auto;flex-grow:2;margin-top:10px;width:100%;\"><\/div><div class=\"fusion-separator fusion-full-width-sep\" style=\"align-self: center;margin-left: auto;margin-right: auto;flex-grow:2;margin-top:10px;width:100%;\"><\/div><div class=\"fusion-separator fusion-full-width-sep\" style=\"align-self: center;margin-left: auto;margin-right: auto;flex-grow:2;margin-top:10px;width:100%;\"><\/div><div class=\"fusion-separator fusion-full-width-sep\" style=\"align-self: center;margin-left: auto;margin-right: auto;flex-grow:2;margin-top:10px;width:100%;\"><\/div><\/div><\/div><div class=\"fusion-layout-column fusion_builder_column fusion-builder-column-12 fusion_builder_column_5_6 5_6 fusion-flex-column fusion-flex-align-self-flex-start fusion-column-no-min-height fusion-animated\" style=\"--awb-bg-blend:overlay;--awb-bg-size:cover;--awb-width-large:83.333333333333%;--awb-margin-top-large:0px;--awb-spacing-right-large:50px;--awb-margin-bottom-large:60px;--awb-spacing-left-large:50px;--awb-width-medium:80%;--awb-spacing-right-medium:50px;--awb-spacing-left-medium:50px;--awb-width-small:100%;--awb-spacing-right-small:50px;--awb-spacing-left-small:50px;\" data-animationType=\"fadeIn\" data-animationDuration=\"0.8\" data-animationOffset=\"top-into-view\"><div class=\"fusion-column-wrapper fusion-flex-justify-content-flex-start fusion-content-layout-column\"><div class=\"fusion-title title fusion-title-12 fusion-sep-none fusion-title-center fusion-title-text fusion-title-size-two\" style=\"--awb-margin-right:20px;--awb-margin-bottom:0px;--awb-margin-left:20px;\"><h2 class=\"fusion-title-heading title-heading-center\" style=\"margin:0;text-transform:uppercase;\">Transition vers PROCERTUS dans le cadre de<\/h2><\/div><div class=\"fusion-title title fusion-title-13 fusion-sep-none fusion-title-center fusion-title-text fusion-title-size-two\" style=\"--awb-text-color:var(--awb-color6);--awb-margin-right:20px;--awb-margin-bottom:0px;--awb-margin-left:20px;\"><h2 class=\"fusion-title-heading title-heading-center\" style=\"margin:0;text-transform:uppercase;\"><strong>la marque BENOR des adjuvants<\/strong><\/h2><\/div><\/div><\/div><div class=\"fusion-layout-column fusion_builder_column fusion-builder-column-13 fusion_builder_column_1_1 1_1 fusion-flex-column fusion-flex-align-self-center\" style=\"--awb-bg-size:cover;--awb-width-large:100%;--awb-margin-top-large:0px;--awb-spacing-right-large:50px;--awb-margin-bottom-large:0px;--awb-spacing-left-large:50px;--awb-width-medium:100%;--awb-order-medium:0;--awb-spacing-right-medium:50px;--awb-spacing-left-medium:50px;--awb-width-small:100%;--awb-order-small:0;--awb-spacing-right-small:50px;--awb-spacing-left-small:50px;\" data-scroll-devices=\"small-visibility,medium-visibility,large-visibility\"><div class=\"fusion-column-wrapper fusion-column-has-shadow fusion-flex-justify-content-center fusion-content-layout-column\"><style type=\"text\/css\">#accordian-7 .fusion-panel:hover,#accordian-7 .fusion-panel.hover{ background-color: var(--awb-color2) } #accordian-7 .fusion-panel { border-color:var(--awb-color2); border-width:1px; background-color:var(--awb-color2); }.fusion-accordian #accordian-7 .panel-title a .fa-fusion-box:before{ font-size: 16px;width: 16px;}.fusion-accordian #accordian-7 .panel-title a .fa-fusion-box{ color: var(--awb-color6);}.fusion-accordian #accordian-7.fusion-toggle-icon-right .fusion-toggle-heading{ margin-right: 34px;}.fusion-accordian  #accordian-7 .panel-title a{font-size:20px;text-transform:var(--awb-typography1-text-transform);line-height:1.5;font-family:var(--awb-typography1-font-family);font-weight:var(--awb-typography1-font-weight);font-style:var(--awb-typography1-font-style);}.fusion-accordian  #accordian-7 .panel-title a:not(:hover){color:var(--awb-color6);}.fusion-accordian  #accordian-7 .toggle-content{color:var(--awb-color1);font-family:var(--awb-typography4-font-family);font-weight:var(--awb-typography4-font-weight);font-style:var(--awb-typography4-font-style);}.fusion-accordian #accordian-7 .panel-title a:hover,.fusion-accordian #accordian-7 .panel-title a.hover { color: var(--awb-color1);}.fusion-faq-shortcode .fusion-accordian #accordian-7 .fusion-toggle-boxed-mode:hover .panel-title a { color: var(--awb-color1);}.fusion-accordian #accordian-7.fusion-toggle-icon-unboxed .panel-title a:hover .fa-fusion-box,.fusion-accordian #accordian-7.fusion-toggle-icon-unboxed .panel-title a.hover .fa-fusion-box { color: var(--awb-color1); }.fusion-faqs-wrapper .fusion-accordian #accordian-7 .panel-title a.active{ color: var(--awb-color1) !important;}.fusion-faqs-wrapper .fusion-accordian  #accordian-7.fusion-toggle-icon-unboxed .fusion-panel .panel-title a.active .fa-fusion-box{ color: var(--awb-color1) !important;}<\/style><div class=\"fusion-faq-shortcode\" style=\"\"><div class=\"fusion-faqs-wrapper\"><div class=\"accordian fusion-accordian\"><div class=\"panel-group  fusion-toggle-icon-right fusion-toggle-icon-unboxed\" id=\"accordian-7\"><div class=\"fusion-panel fusion-toggle-no-divider fusion-toggle-boxed-mode panel-default fusion-faq-post fusion-faq-post-3679 adjuvants-benor \"><span class=\"entry-title rich-snippet-hidden\">A la suite du transfert de BE-CERT vers PROCERTUS, dois-je apporter des modifications lorsque j\u2019applique la marque BENOR sur le bon de livraison ?<\/span><span class=\"vcard rich-snippet-hidden\"><span class=\"fn\"><a href=\"https:\/\/www.procertus.be\/fr\/author\/m-croon\/\" title=\"Articles par Martin Croon\" rel=\"author\">Martin Croon<\/a><\/span><\/span><span class=\"updated rich-snippet-hidden\">2024-07-15T11:34:32+02:00<\/span><div class=\"panel-heading\"><h4 id=\"faq_7-3679\" class=\"panel-title toggle\"><a data-toggle=\"collapse\" class=\"collapsed\" data-parent=\"#accordian-7\" data-target=\"#collapse-7-3679\" href=\"#collapse-7-3679\" aria-expanded=\"false\"><div class=\"fusion-toggle-icon-wrapper\"><div class=\"fusion-toggle-icon-wrapper-main\"><div class=\"fusion-toggle-icon-wrapper-sub\"><i class=\"fa-fusion-box active-icon fa-caret-square-up far\" aria-hidden=\"true\"><\/i><i class=\"fa-fusion-box inactive-icon fa-caret-square-down far\" aria-hidden=\"true\"><\/i><\/div><\/div><\/div><div class=\"fusion-toggle-heading\">A la suite du transfert de BE-CERT vers PROCERTUS, dois-je apporter des modifications lorsque j\u2019applique la marque BENOR sur le bon de livraison ?<\/div><\/a><\/h4><\/div><div id=\"collapse-7-3679\" aria-labelledby=\"faq_7-3679\" class=\"panel-collapse collapse\"><div class=\"panel-body toggle-content post-content\"><p><strong>OUI<\/strong><\/p>\n<p>Lorsque vous appliquez la marque BENOR, vous devez mentionner le num\u00e9ro d\u2019identification de l\u2019unit\u00e9 de production dans ou \u00e0 proximit\u00e9 imm\u00e9diate de l\u2019extr\u00e9mit\u00e9 droite du logo BENOR. Lors du transfert de BE-CERT vers PROCERTUS, un nouveau num\u00e9ro d\u2019identification (compos\u00e9 de 4 chiffres) a \u00e9t\u00e9 attribu\u00e9 \u00e0 toutes les unit\u00e9s de production. Ce nouveau num\u00e9ro (suivi du code de l\u2019adjuvant) doit \u00eatre mentionn\u00e9 lorsque vous appliquez la marque BENOR sur les bons de livraison au plus tard le 31.08.2024.<\/p>\n<\/div><\/div><\/div><div class=\"fusion-panel fusion-toggle-no-divider fusion-toggle-boxed-mode panel-default fusion-faq-post fusion-faq-post-3680 adjuvants-benor \"><span class=\"entry-title rich-snippet-hidden\">A la suite du transfert de BE-CERT vers PROCERTUS, dois-je apporter des modifications lorsque j\u2019applique la marque BENOR sur l\u2019emballage ?<\/span><span class=\"vcard rich-snippet-hidden\"><span class=\"fn\"><a href=\"https:\/\/www.procertus.be\/fr\/author\/m-croon\/\" title=\"Articles par Martin Croon\" rel=\"author\">Martin Croon<\/a><\/span><\/span><span class=\"updated rich-snippet-hidden\">2024-07-15T11:33:35+02:00<\/span><div class=\"panel-heading\"><h4 id=\"faq_7-3680\" class=\"panel-title toggle\"><a data-toggle=\"collapse\" class=\"collapsed\" data-parent=\"#accordian-7\" data-target=\"#collapse-7-3680\" href=\"#collapse-7-3680\" aria-expanded=\"false\"><div class=\"fusion-toggle-icon-wrapper\"><div class=\"fusion-toggle-icon-wrapper-main\"><div class=\"fusion-toggle-icon-wrapper-sub\"><i class=\"fa-fusion-box active-icon fa-caret-square-up far\" aria-hidden=\"true\"><\/i><i class=\"fa-fusion-box inactive-icon fa-caret-square-down far\" aria-hidden=\"true\"><\/i><\/div><\/div><\/div><div class=\"fusion-toggle-heading\">A la suite du transfert de BE-CERT vers PROCERTUS, dois-je apporter des modifications lorsque j\u2019applique la marque BENOR sur l\u2019emballage ?<\/div><\/a><\/h4><\/div><div id=\"collapse-7-3680\" aria-labelledby=\"faq_7-3680\" class=\"panel-collapse collapse\"><div class=\"panel-body toggle-content post-content\"><p><strong>OUI<\/strong><\/p>\n<p>Lorsque vous appliquez la marque BENOR, vous devez mentionner le num\u00e9ro d\u2019identification de l\u2019unit\u00e9 de production dans ou \u00e0 proximit\u00e9 imm\u00e9diate de l\u2019extr\u00e9mit\u00e9 droite du logo BENOR. Lors du transfert de BE-CERT vers PROCERTUS, un nouveau num\u00e9ro d\u2019identification (compos\u00e9 de 4 chiffres) a \u00e9t\u00e9 attribu\u00e9 \u00e0 toutes les unit\u00e9s de production. Ce nouveau num\u00e9ro (suivi du code de l\u2019adjuvant) doit \u00eatre mentionn\u00e9 lorsque vous appliquez la marque BENOR sur l\u2019emballage au plus tard le 31.08.2024.<\/p>\n<\/div><\/div><\/div><div class=\"fusion-panel fusion-toggle-no-divider fusion-toggle-boxed-mode panel-default fusion-faq-post fusion-faq-post-3681 adjuvants-benor \"><span class=\"entry-title rich-snippet-hidden\">Puis-je continuer d\u2019utiliser mon stock d\u2019\u00e9tiquettes mentionnant le num\u00e9ro BENOR du certificat d\u00e9livr\u00e9 par BE CERT ?<\/span><span class=\"vcard rich-snippet-hidden\"><span class=\"fn\"><a href=\"https:\/\/www.procertus.be\/fr\/author\/m-croon\/\" title=\"Articles par Martin Croon\" rel=\"author\">Martin Croon<\/a><\/span><\/span><span class=\"updated rich-snippet-hidden\">2024-07-15T11:33:02+02:00<\/span><div class=\"panel-heading\"><h4 id=\"faq_7-3681\" class=\"panel-title toggle\"><a data-toggle=\"collapse\" class=\"collapsed\" data-parent=\"#accordian-7\" data-target=\"#collapse-7-3681\" href=\"#collapse-7-3681\" aria-expanded=\"false\"><div class=\"fusion-toggle-icon-wrapper\"><div class=\"fusion-toggle-icon-wrapper-main\"><div class=\"fusion-toggle-icon-wrapper-sub\"><i class=\"fa-fusion-box active-icon fa-caret-square-up far\" aria-hidden=\"true\"><\/i><i class=\"fa-fusion-box inactive-icon fa-caret-square-down far\" aria-hidden=\"true\"><\/i><\/div><\/div><\/div><div class=\"fusion-toggle-heading\">Puis-je continuer d\u2019utiliser mon stock d\u2019\u00e9tiquettes mentionnant le num\u00e9ro BENOR du certificat d\u00e9livr\u00e9 par BE CERT ?<\/div><\/a><\/h4><\/div><div id=\"collapse-7-3681\" aria-labelledby=\"faq_7-3681\" class=\"panel-collapse collapse\"><div class=\"panel-body toggle-content post-content\"><p><strong>PEUT-\u00caTRE<\/strong><\/p>\n<p>S\u2019il vous est impossible de vous conformer \u00e0 la nouvelle num\u00e9rotation sur les \u00e9tiquettes avant le 31.08.2024, vous devez introduire une demande de d\u00e9rogation motiv\u00e9e. La demande de d\u00e9rogation motiv\u00e9e doit reprendre au minimum les \u00e9l\u00e9ments suivants\u00a0: les produits concern\u00e9s, une estimation du d\u00e9lai d\u2019\u00e9puisement du stock d\u2019\u00e9tiquettes existant, une photo des \u00e9tiquettes en question.<\/p>\n<\/div><\/div><\/div><\/div><\/div><\/div><\/div><\/div><\/div><\/div><\/div><\/div><div id=\"rmc\" class=\"fusion-container-anchor\"><div class=\"fusion-fullwidth fullwidth-box fusion-builder-row-5 fusion-flex-container has-pattern-background has-mask-background nonhundred-percent-fullwidth non-hundred-percent-height-scrolling\" style=\"--awb-background-position:left top;--awb-border-sizes-top:0px;--awb-border-sizes-bottom:0px;--awb-border-sizes-left:0px;--awb-border-sizes-right:0px;--awb-border-radius-top-left:0px;--awb-border-radius-top-right:0px;--awb-border-radius-bottom-right:0px;--awb-border-radius-bottom-left:0px;--awb-padding-top:120px;--awb-padding-bottom:120px;--awb-padding-top-medium:90px;--awb-padding-bottom-medium:90px;--awb-padding-top-small:70px;--awb-margin-bottom-medium:0px;--awb-background-color:var(--awb-color4);--awb-flex-wrap:wrap;\" ><div class=\"fusion-builder-row fusion-row fusion-flex-align-items-stretch fusion-flex-justify-content-center fusion-flex-content-wrap\" style=\"max-width:calc( 1400px + 100px );margin-left: calc(-100px \/ 2 );margin-right: calc(-100px \/ 2 );\"><div class=\"fusion-layout-column fusion_builder_column fusion-builder-column-14 fusion_builder_column_5_6 5_6 fusion-flex-column fusion-flex-align-self-flex-start fusion-column-no-min-height fusion-animated\" style=\"--awb-bg-blend:overlay;--awb-bg-size:cover;--awb-width-large:83.333333333333%;--awb-margin-top-large:0px;--awb-spacing-right-large:50px;--awb-margin-bottom-large:60px;--awb-spacing-left-large:50px;--awb-width-medium:80%;--awb-spacing-right-medium:50px;--awb-spacing-left-medium:50px;--awb-width-small:100%;--awb-spacing-right-small:50px;--awb-spacing-left-small:50px;\" data-animationType=\"fadeIn\" data-animationDuration=\"0.8\" data-animationOffset=\"top-into-view\"><div class=\"fusion-column-wrapper fusion-flex-justify-content-flex-start fusion-content-layout-column\"><div class=\"fusion-title title fusion-title-14 fusion-sep-none fusion-title-center fusion-title-text fusion-title-size-two\" style=\"--awb-margin-right:20px;--awb-margin-bottom:0px;--awb-margin-left:20px;\"><h2 class=\"fusion-title-heading title-heading-center\" style=\"margin:0;text-transform:uppercase;\">Transition vers PROCERTUS dans le cadre de<\/h2><\/div><div class=\"fusion-title title fusion-title-15 fusion-sep-none fusion-title-center fusion-title-text fusion-title-size-two\" style=\"--awb-text-color:var(--awb-color6);--awb-margin-right:20px;--awb-margin-bottom:0px;--awb-margin-left:20px;\"><h2 class=\"fusion-title-heading title-heading-center\" style=\"margin:0;text-transform:uppercase;\"><strong>la marque BENOR du b\u00e9ton pr\u00eat \u00e0 l&#8217;emploi<\/strong><\/h2><\/div><\/div><\/div><div class=\"fusion-layout-column fusion_builder_column fusion-builder-column-15 fusion_builder_column_1_1 1_1 fusion-flex-column fusion-flex-align-self-center\" style=\"--awb-bg-size:cover;--awb-width-large:100%;--awb-margin-top-large:0px;--awb-spacing-right-large:50px;--awb-margin-bottom-large:0px;--awb-spacing-left-large:50px;--awb-width-medium:100%;--awb-order-medium:0;--awb-spacing-right-medium:50px;--awb-spacing-left-medium:50px;--awb-width-small:100%;--awb-order-small:0;--awb-spacing-right-small:50px;--awb-spacing-left-small:50px;\" data-scroll-devices=\"small-visibility,medium-visibility,large-visibility\"><div class=\"fusion-column-wrapper fusion-column-has-shadow fusion-flex-justify-content-center fusion-content-layout-column\"><style type=\"text\/css\">#accordian-8 .fusion-panel:hover,#accordian-8 .fusion-panel.hover{ background-color: var(--awb-color2) } #accordian-8 .fusion-panel { border-color:var(--awb-color2); border-width:1px; background-color:var(--awb-color2); }.fusion-accordian #accordian-8 .panel-title a .fa-fusion-box:before{ font-size: 16px;width: 16px;}.fusion-accordian #accordian-8 .panel-title a .fa-fusion-box{ color: var(--awb-color6);}.fusion-accordian #accordian-8.fusion-toggle-icon-right .fusion-toggle-heading{ margin-right: 34px;}.fusion-accordian  #accordian-8 .panel-title a{font-size:20px;text-transform:var(--awb-typography1-text-transform);line-height:1.5;font-family:var(--awb-typography1-font-family);font-weight:var(--awb-typography1-font-weight);font-style:var(--awb-typography1-font-style);}.fusion-accordian  #accordian-8 .panel-title a:not(:hover){color:var(--awb-color6);}.fusion-accordian  #accordian-8 .toggle-content{color:var(--awb-color1);font-family:var(--awb-typography4-font-family);font-weight:var(--awb-typography4-font-weight);font-style:var(--awb-typography4-font-style);}.fusion-accordian #accordian-8 .panel-title a:hover,.fusion-accordian #accordian-8 .panel-title a.hover { color: var(--awb-color1);}.fusion-faq-shortcode .fusion-accordian #accordian-8 .fusion-toggle-boxed-mode:hover .panel-title a { color: var(--awb-color1);}.fusion-accordian #accordian-8.fusion-toggle-icon-unboxed .panel-title a:hover .fa-fusion-box,.fusion-accordian #accordian-8.fusion-toggle-icon-unboxed .panel-title a.hover .fa-fusion-box { color: var(--awb-color1); }.fusion-faqs-wrapper .fusion-accordian #accordian-8 .panel-title a.active{ color: var(--awb-color1) !important;}.fusion-faqs-wrapper .fusion-accordian  #accordian-8.fusion-toggle-icon-unboxed .fusion-panel .panel-title a.active .fa-fusion-box{ color: var(--awb-color1) !important;}<\/style><div class=\"fusion-faq-shortcode\" style=\"\"><div class=\"fusion-faqs-wrapper\"><div class=\"accordian fusion-accordian\"><div class=\"panel-group  fusion-toggle-icon-right fusion-toggle-icon-unboxed\" id=\"accordian-8\"><div class=\"fusion-panel fusion-toggle-no-divider fusion-toggle-boxed-mode panel-default fusion-faq-post fusion-faq-post-3663 rmc-2 \"><span class=\"entry-title rich-snippet-hidden\">A la suite du transfert de BE-CERT vers PROCERTUS, dois-je apporter des modifications lorsque j\u2019applique la marque BENOR sur le bon de livraison ?<\/span><span class=\"vcard rich-snippet-hidden\"><span class=\"fn\"><a href=\"https:\/\/www.procertus.be\/fr\/author\/m-croon\/\" title=\"Articles par Martin Croon\" rel=\"author\">Martin Croon<\/a><\/span><\/span><span class=\"updated rich-snippet-hidden\">2024-07-05T10:50:54+02:00<\/span><div class=\"panel-heading\"><h4 id=\"faq_8-3663\" class=\"panel-title toggle\"><a data-toggle=\"collapse\" class=\"collapsed\" data-parent=\"#accordian-8\" data-target=\"#collapse-8-3663\" href=\"#collapse-8-3663\" aria-expanded=\"false\"><div class=\"fusion-toggle-icon-wrapper\"><div class=\"fusion-toggle-icon-wrapper-main\"><div class=\"fusion-toggle-icon-wrapper-sub\"><i class=\"fa-fusion-box active-icon fa-caret-square-up far\" aria-hidden=\"true\"><\/i><i class=\"fa-fusion-box inactive-icon fa-caret-square-down far\" aria-hidden=\"true\"><\/i><\/div><\/div><\/div><div class=\"fusion-toggle-heading\">A la suite du transfert de BE-CERT vers PROCERTUS, dois-je apporter des modifications lorsque j\u2019applique la marque BENOR sur le bon de livraison ?<\/div><\/a><\/h4><\/div><div id=\"collapse-8-3663\" aria-labelledby=\"faq_8-3663\" class=\"panel-collapse collapse\"><div class=\"panel-body toggle-content post-content\"><p><strong>OUI<\/strong><\/p>\n<p>Lorsque vous appliquez la marque BENOR, vous devez mentionner le num\u00e9ro d\u2019identification de l\u2019unit\u00e9 de production dans ou \u00e0 proximit\u00e9 imm\u00e9diate de l\u2019extr\u00e9mit\u00e9 droite du logo BENOR. Lors du transfert de BE-CERT vers PROCERTUS, un nouveau num\u00e9ro d\u2019identification (compos\u00e9 de 4 chiffres) a \u00e9t\u00e9 attribu\u00e9 \u00e0 toutes les unit\u00e9s de production. Ce nouveau num\u00e9ro doit \u00eatre mentionn\u00e9 lorsque vous appliquez la marque BENOR sur les bons de livraison au plus tard le 31.08.2024.<\/p>\n<\/div><\/div><\/div><div class=\"fusion-panel fusion-toggle-no-divider fusion-toggle-boxed-mode panel-default fusion-faq-post fusion-faq-post-3662 rmc-2 \"><span class=\"entry-title rich-snippet-hidden\">Y a-t-il lieu de mentionner l\u2019organisme de certification PROCERTUS sous le logo BENOR sur le bon de livraison ?<\/span><span class=\"vcard rich-snippet-hidden\"><span class=\"fn\"><a href=\"https:\/\/www.procertus.be\/fr\/author\/m-croon\/\" title=\"Articles par Martin Croon\" rel=\"author\">Martin Croon<\/a><\/span><\/span><span class=\"updated rich-snippet-hidden\">2024-07-05T10:51:11+02:00<\/span><div class=\"panel-heading\"><h4 id=\"faq_8-3662\" class=\"panel-title toggle\"><a data-toggle=\"collapse\" class=\"collapsed\" data-parent=\"#accordian-8\" data-target=\"#collapse-8-3662\" href=\"#collapse-8-3662\" aria-expanded=\"false\"><div class=\"fusion-toggle-icon-wrapper\"><div class=\"fusion-toggle-icon-wrapper-main\"><div class=\"fusion-toggle-icon-wrapper-sub\"><i class=\"fa-fusion-box active-icon fa-caret-square-up far\" aria-hidden=\"true\"><\/i><i class=\"fa-fusion-box inactive-icon fa-caret-square-down far\" aria-hidden=\"true\"><\/i><\/div><\/div><\/div><div class=\"fusion-toggle-heading\">Y a-t-il lieu de mentionner l\u2019organisme de certification PROCERTUS sous le logo BENOR sur le bon de livraison ?<\/div><\/a><\/h4><\/div><div id=\"collapse-8-3662\" aria-labelledby=\"faq_8-3662\" class=\"panel-collapse collapse\"><div class=\"panel-body toggle-content post-content\"><p>Il n\u2019est pas n\u00e9cessaire de mentionner l\u2019organisme de certification PROCERTUS sous le logo BENOR. Si vous choisissez de mentionner l\u2019organisme de certification sous le logo BENOR, il y a lieu de mentionner PROCERTUS et plus BE-CERT ne peut plus \u00eatre mentionn\u00e9.<\/p>\n<\/div><\/div><\/div><\/div><\/div><\/div><\/div><\/div><\/div><\/div><\/div><\/div><div id=\"prefab\" class=\"fusion-container-anchor\"><div class=\"fusion-fullwidth fullwidth-box fusion-builder-row-6 fusion-flex-container has-pattern-background has-mask-background nonhundred-percent-fullwidth non-hundred-percent-height-scrolling\" style=\"--awb-background-position:left top;--awb-border-sizes-top:0px;--awb-border-sizes-bottom:0px;--awb-border-sizes-left:0px;--awb-border-sizes-right:0px;--awb-border-radius-top-left:0px;--awb-border-radius-top-right:0px;--awb-border-radius-bottom-right:0px;--awb-border-radius-bottom-left:0px;--awb-padding-top:120px;--awb-padding-bottom:120px;--awb-padding-top-medium:90px;--awb-padding-bottom-medium:90px;--awb-padding-top-small:70px;--awb-margin-bottom-medium:0px;--awb-background-color:var(--awb-color4);--awb-flex-wrap:wrap;\" ><div class=\"fusion-builder-row fusion-row fusion-flex-align-items-stretch fusion-flex-justify-content-center fusion-flex-content-wrap\" style=\"max-width:calc( 1400px + 100px );margin-left: calc(-100px \/ 2 );margin-right: calc(-100px \/ 2 );\"><div class=\"fusion-layout-column fusion_builder_column fusion-builder-column-16 fusion_builder_column_5_6 5_6 fusion-flex-column fusion-flex-align-self-flex-start fusion-column-no-min-height fusion-animated\" style=\"--awb-bg-blend:overlay;--awb-bg-size:cover;--awb-width-large:83.333333333333%;--awb-margin-top-large:0px;--awb-spacing-right-large:50px;--awb-margin-bottom-large:60px;--awb-spacing-left-large:50px;--awb-width-medium:80%;--awb-spacing-right-medium:50px;--awb-spacing-left-medium:50px;--awb-width-small:100%;--awb-spacing-right-small:50px;--awb-spacing-left-small:50px;\" data-animationType=\"fadeIn\" data-animationDuration=\"0.8\" data-animationOffset=\"top-into-view\"><div class=\"fusion-column-wrapper fusion-flex-justify-content-flex-start fusion-content-layout-column\"><div class=\"fusion-title title fusion-title-16 fusion-sep-none fusion-title-center fusion-title-text fusion-title-size-two\" style=\"--awb-margin-right:20px;--awb-margin-bottom:0px;--awb-margin-left:20px;\"><h2 class=\"fusion-title-heading title-heading-center\" style=\"margin:0;text-transform:uppercase;\">Transition vers PROCERTUS dans le cadre du<\/h2><\/div><div class=\"fusion-title title fusion-title-17 fusion-sep-none fusion-title-center fusion-title-text fusion-title-size-two\" style=\"--awb-text-color:var(--awb-color6);--awb-margin-right:20px;--awb-margin-bottom:0px;--awb-margin-left:20px;\"><h2 class=\"fusion-title-heading title-heading-center\" style=\"margin:0;text-transform:uppercase;\"><strong>marquage CE du b\u00e9ton pr\u00e9fabriqu\u00e9<\/strong><\/h2><\/div><\/div><\/div><div class=\"fusion-layout-column fusion_builder_column fusion-builder-column-17 fusion_builder_column_1_1 1_1 fusion-flex-column fusion-flex-align-self-center\" style=\"--awb-bg-size:cover;--awb-width-large:100%;--awb-margin-top-large:0px;--awb-spacing-right-large:50px;--awb-margin-bottom-large:0px;--awb-spacing-left-large:50px;--awb-width-medium:100%;--awb-order-medium:0;--awb-spacing-right-medium:50px;--awb-spacing-left-medium:50px;--awb-width-small:100%;--awb-order-small:0;--awb-spacing-right-small:50px;--awb-spacing-left-small:50px;\" data-scroll-devices=\"small-visibility,medium-visibility,large-visibility\"><div class=\"fusion-column-wrapper fusion-column-has-shadow fusion-flex-justify-content-center fusion-content-layout-column\"><style type=\"text\/css\">#accordian-9 .fusion-panel:hover,#accordian-9 .fusion-panel.hover{ background-color: var(--awb-color2) } #accordian-9 .fusion-panel { border-color:var(--awb-color2); border-width:1px; background-color:var(--awb-color2); }.fusion-accordian #accordian-9 .panel-title a .fa-fusion-box:before{ font-size: 16px;width: 16px;}.fusion-accordian #accordian-9 .panel-title a .fa-fusion-box{ color: var(--awb-color6);}.fusion-accordian #accordian-9.fusion-toggle-icon-right .fusion-toggle-heading{ margin-right: 34px;}.fusion-accordian  #accordian-9 .panel-title a{font-size:20px;text-transform:var(--awb-typography1-text-transform);line-height:1.5;font-family:var(--awb-typography1-font-family);font-weight:var(--awb-typography1-font-weight);font-style:var(--awb-typography1-font-style);}.fusion-accordian  #accordian-9 .panel-title a:not(:hover){color:var(--awb-color6);}.fusion-accordian  #accordian-9 .toggle-content{color:var(--awb-color1);font-family:var(--awb-typography4-font-family);font-weight:var(--awb-typography4-font-weight);font-style:var(--awb-typography4-font-style);}.fusion-accordian #accordian-9 .panel-title a:hover,.fusion-accordian #accordian-9 .panel-title a.hover { color: var(--awb-color1);}.fusion-faq-shortcode .fusion-accordian #accordian-9 .fusion-toggle-boxed-mode:hover .panel-title a { color: var(--awb-color1);}.fusion-accordian #accordian-9.fusion-toggle-icon-unboxed .panel-title a:hover .fa-fusion-box,.fusion-accordian #accordian-9.fusion-toggle-icon-unboxed .panel-title a.hover .fa-fusion-box { color: var(--awb-color1); }.fusion-faqs-wrapper .fusion-accordian #accordian-9 .panel-title a.active{ color: var(--awb-color1) !important;}.fusion-faqs-wrapper .fusion-accordian  #accordian-9.fusion-toggle-icon-unboxed .fusion-panel .panel-title a.active .fa-fusion-box{ color: var(--awb-color1) !important;}<\/style><div class=\"fusion-faq-shortcode\" style=\"\"><div class=\"fusion-faqs-wrapper\"><div class=\"accordian fusion-accordian\"><div class=\"panel-group  fusion-toggle-icon-right fusion-toggle-icon-unboxed\" id=\"accordian-9\"><div class=\"fusion-panel fusion-toggle-no-divider fusion-toggle-boxed-mode panel-default fusion-faq-post fusion-faq-post-3661 prefab-ce-2 \"><span class=\"entry-title rich-snippet-hidden\">A la suite du transfert de PROBETON vers PROCERTUS, dois-je adapter la d\u00e9claration des performances (DoP) ?<\/span><span class=\"vcard rich-snippet-hidden\"><span class=\"fn\"><a href=\"https:\/\/www.procertus.be\/fr\/author\/m-croon\/\" title=\"Articles par Martin Croon\" rel=\"author\">Martin Croon<\/a><\/span><\/span><span class=\"updated rich-snippet-hidden\">2024-07-05T10:52:02+02:00<\/span><div class=\"panel-heading\"><h4 id=\"faq_9-3661\" class=\"panel-title toggle\"><a data-toggle=\"collapse\" class=\"collapsed\" data-parent=\"#accordian-9\" data-target=\"#collapse-9-3661\" href=\"#collapse-9-3661\" aria-expanded=\"false\"><div class=\"fusion-toggle-icon-wrapper\"><div class=\"fusion-toggle-icon-wrapper-main\"><div class=\"fusion-toggle-icon-wrapper-sub\"><i class=\"fa-fusion-box active-icon fa-caret-square-up far\" aria-hidden=\"true\"><\/i><i class=\"fa-fusion-box inactive-icon fa-caret-square-down far\" aria-hidden=\"true\"><\/i><\/div><\/div><\/div><div class=\"fusion-toggle-heading\">A la suite du transfert de PROBETON vers PROCERTUS, dois-je adapter la d\u00e9claration des performances (DoP) ?<\/div><\/a><\/h4><\/div><div id=\"collapse-9-3661\" aria-labelledby=\"faq_9-3661\" class=\"panel-collapse collapse\"><div class=\"panel-body toggle-content post-content\"><p><strong>OUI<\/strong><\/p>\n<p>La d\u00e9claration des performances (DoP) doit mentionner le nom et le num\u00e9ro d\u2019identification de l\u2019organisme notifi\u00e9. Chaque d\u00e9claration des performances (DoP) doit d\u00e9sormais r\u00e9f\u00e9rer au nom et au num\u00e9ro d\u2019identification (0965) de PROCERTUS.<\/p>\n<\/div><\/div><\/div><div class=\"fusion-panel fusion-toggle-no-divider fusion-toggle-boxed-mode panel-default fusion-faq-post fusion-faq-post-3660 prefab-ce-2 \"><span class=\"entry-title rich-snippet-hidden\">A la suite du transfert de PROBETON vers PROCERTUS, dois-je apporter des modifications lorsque j\u2019applique le marquage CE sur l\u2019emballage ?<\/span><span class=\"vcard rich-snippet-hidden\"><span class=\"fn\"><a href=\"https:\/\/www.procertus.be\/fr\/author\/m-croon\/\" title=\"Articles par Martin Croon\" rel=\"author\">Martin Croon<\/a><\/span><\/span><span class=\"updated rich-snippet-hidden\">2024-07-05T10:52:20+02:00<\/span><div class=\"panel-heading\"><h4 id=\"faq_9-3660\" class=\"panel-title toggle\"><a data-toggle=\"collapse\" class=\"collapsed\" data-parent=\"#accordian-9\" data-target=\"#collapse-9-3660\" href=\"#collapse-9-3660\" aria-expanded=\"false\"><div class=\"fusion-toggle-icon-wrapper\"><div class=\"fusion-toggle-icon-wrapper-main\"><div class=\"fusion-toggle-icon-wrapper-sub\"><i class=\"fa-fusion-box active-icon fa-caret-square-up far\" aria-hidden=\"true\"><\/i><i class=\"fa-fusion-box inactive-icon fa-caret-square-down far\" aria-hidden=\"true\"><\/i><\/div><\/div><\/div><div class=\"fusion-toggle-heading\">A la suite du transfert de PROBETON vers PROCERTUS, dois-je apporter des modifications lorsque j\u2019applique le marquage CE sur l\u2019emballage ?<\/div><\/a><\/h4><\/div><div id=\"collapse-9-3660\" aria-labelledby=\"faq_9-3660\" class=\"panel-collapse collapse\"><div class=\"panel-body toggle-content post-content\"><p><strong>OUI<\/strong><\/p>\n<p>Le marquage CE est suivi entre autres du num\u00e9ro de r\u00e9f\u00e9rence de la d\u00e9claration des performances (DoP) et du num\u00e9ro d\u2019identification de l\u2019organisme notifi\u00e9 (0965).<\/p>\n<p>Le num\u00e9ro d\u2019identification de PROCERTUS en tant qu\u2019organisme notifi\u00e9 (0965) doit \u00eatre utilis\u00e9 dans tous les cas. Il s\u2019agit d\u2019une obligation l\u00e9gale. PROCERTUS n\u2019est d\u00e8s lors pas comp\u00e9tent pour accorder des d\u00e9rogations \u00e0 ce sujet. Nous attirons votre attention sur le fait que la surveillance du march\u00e9 peut imposer des mesures si le num\u00e9ro d\u2019identification de l\u2019organisme notifi\u00e9 mentionn\u00e9 \u00e0 proximit\u00e9 du marquage CE ne correspond pas \u00e0 celui de PROCERTUS.<\/p>\n<\/div><\/div><\/div><div class=\"fusion-panel fusion-toggle-no-divider fusion-toggle-boxed-mode panel-default fusion-faq-post fusion-faq-post-3659 prefab-ce-2 \"><span class=\"entry-title rich-snippet-hidden\">A la suite du transfert de PROBETON vers PROCERTUS dois-je apporter des modifications lorsque j\u2019applique le marquage CE dans les documents d\u2019accompagnement ?<\/span><span class=\"vcard rich-snippet-hidden\"><span class=\"fn\"><a href=\"https:\/\/www.procertus.be\/fr\/author\/m-croon\/\" title=\"Articles par Martin Croon\" rel=\"author\">Martin Croon<\/a><\/span><\/span><span class=\"updated rich-snippet-hidden\">2024-07-05T10:53:12+02:00<\/span><div class=\"panel-heading\"><h4 id=\"faq_9-3659\" class=\"panel-title toggle\"><a data-toggle=\"collapse\" class=\"collapsed\" data-parent=\"#accordian-9\" data-target=\"#collapse-9-3659\" href=\"#collapse-9-3659\" aria-expanded=\"false\"><div class=\"fusion-toggle-icon-wrapper\"><div class=\"fusion-toggle-icon-wrapper-main\"><div class=\"fusion-toggle-icon-wrapper-sub\"><i class=\"fa-fusion-box active-icon fa-caret-square-up far\" aria-hidden=\"true\"><\/i><i class=\"fa-fusion-box inactive-icon fa-caret-square-down far\" aria-hidden=\"true\"><\/i><\/div><\/div><\/div><div class=\"fusion-toggle-heading\">A la suite du transfert de PROBETON vers PROCERTUS dois-je apporter des modifications lorsque j\u2019applique le marquage CE dans les documents d\u2019accompagnement ?<\/div><\/a><\/h4><\/div><div id=\"collapse-9-3659\" aria-labelledby=\"faq_9-3659\" class=\"panel-collapse collapse\"><div class=\"panel-body toggle-content post-content\"><p><strong>OUI<\/strong><\/p>\n<p>Le marquage CE est suivi entre autres du num\u00e9ro de r\u00e9f\u00e9rence de la d\u00e9claration des performances (DoP) Le num\u00e9ro d\u2019identification de PROCERTUS en tant qu\u2019organisme notifi\u00e9 (0965) doit \u00eatre utilis\u00e9 dans tous les cas. Il s\u2019agit d\u2019une obligation l\u00e9gale. PROCERTUS n\u2019est d\u00e8s lors pas comp\u00e9tent pour accorder des d\u00e9rogations \u00e0 ce sujet. Nous attirons votre attention sur le fait que la surveillance du march\u00e9 peut imposer des mesures si le num\u00e9ro d\u2019identification de l\u2019organisme notifi\u00e9 mentionn\u00e9 \u00e0 proximit\u00e9 du marquage CE ne correspond pas \u00e0 celui de PROCERTUS.<\/p>\n<\/div><\/div><\/div><div class=\"fusion-panel fusion-toggle-no-divider fusion-toggle-boxed-mode panel-default fusion-faq-post fusion-faq-post-3658 prefab-ce-2 \"><span class=\"entry-title rich-snippet-hidden\">A la suite du transfert de PROBETON vers PROCERTUS, dois-je apporter des modifications lorsque j\u2019applique le marquage CE sur les \u00e9tiquettes ?<\/span><span class=\"vcard rich-snippet-hidden\"><span class=\"fn\"><a href=\"https:\/\/www.procertus.be\/fr\/author\/m-croon\/\" title=\"Articles par Martin Croon\" rel=\"author\">Martin Croon<\/a><\/span><\/span><span class=\"updated rich-snippet-hidden\">2024-07-05T10:53:41+02:00<\/span><div class=\"panel-heading\"><h4 id=\"faq_9-3658\" class=\"panel-title toggle\"><a data-toggle=\"collapse\" class=\"collapsed\" data-parent=\"#accordian-9\" data-target=\"#collapse-9-3658\" href=\"#collapse-9-3658\" aria-expanded=\"false\"><div class=\"fusion-toggle-icon-wrapper\"><div class=\"fusion-toggle-icon-wrapper-main\"><div class=\"fusion-toggle-icon-wrapper-sub\"><i class=\"fa-fusion-box active-icon fa-caret-square-up far\" aria-hidden=\"true\"><\/i><i class=\"fa-fusion-box inactive-icon fa-caret-square-down far\" aria-hidden=\"true\"><\/i><\/div><\/div><\/div><div class=\"fusion-toggle-heading\">A la suite du transfert de PROBETON vers PROCERTUS, dois-je apporter des modifications lorsque j\u2019applique le marquage CE sur les \u00e9tiquettes ?<\/div><\/a><\/h4><\/div><div id=\"collapse-9-3658\" aria-labelledby=\"faq_9-3658\" class=\"panel-collapse collapse\"><div class=\"panel-body toggle-content post-content\"><p><strong>OUI<\/strong><\/p>\n<p>Le marquage CE est suivi entre autres du num\u00e9ro de r\u00e9f\u00e9rence de la d\u00e9claration des performances (DoP) et du num\u00e9ro d\u2019identification de l\u2019organisme notifi\u00e9 (0965).<\/p>\n<p>Le marquage CE est suivi entre autres du num\u00e9ro de r\u00e9f\u00e9rence de la d\u00e9claration des performances (DoP) Le num\u00e9ro d\u2019identification de PROCERTUS en tant qu\u2019organisme notifi\u00e9 (0965) doit \u00eatre utilis\u00e9 dans tous les cas. Il s\u2019agit d\u2019une obligation l\u00e9gale. PROCERTUS n\u2019est d\u00e8s lors pas comp\u00e9tent pour accorder des d\u00e9rogations \u00e0 ce sujet. Nous attirons votre attention sur le fait que la surveillance du march\u00e9 peut imposer des mesures si le num\u00e9ro d\u2019identification de l\u2019organisme notifi\u00e9 mentionn\u00e9 \u00e0 proximit\u00e9 du marquage CE ne correspond pas \u00e0 celui de PROCERTUS.<\/p>\n<\/div><\/div><\/div><div class=\"fusion-panel fusion-toggle-no-divider fusion-toggle-boxed-mode panel-default fusion-faq-post fusion-faq-post-3656 prefab-ce-2 \"><span class=\"entry-title rich-snippet-hidden\">A la suite du transfert de PROBETON vers PROCERTUS, dois-je apporter des modifications lorsque j\u2019applique le marquage CE sur les produits ?<\/span><span class=\"vcard rich-snippet-hidden\"><span class=\"fn\"><a href=\"https:\/\/www.procertus.be\/fr\/author\/m-croon\/\" title=\"Articles par Martin Croon\" rel=\"author\">Martin Croon<\/a><\/span><\/span><span class=\"updated rich-snippet-hidden\">2024-07-05T10:54:12+02:00<\/span><div class=\"panel-heading\"><h4 id=\"faq_9-3656\" class=\"panel-title toggle\"><a data-toggle=\"collapse\" class=\"collapsed\" data-parent=\"#accordian-9\" data-target=\"#collapse-9-3656\" href=\"#collapse-9-3656\" aria-expanded=\"false\"><div class=\"fusion-toggle-icon-wrapper\"><div class=\"fusion-toggle-icon-wrapper-main\"><div class=\"fusion-toggle-icon-wrapper-sub\"><i class=\"fa-fusion-box active-icon fa-caret-square-up far\" aria-hidden=\"true\"><\/i><i class=\"fa-fusion-box inactive-icon fa-caret-square-down far\" aria-hidden=\"true\"><\/i><\/div><\/div><\/div><div class=\"fusion-toggle-heading\">A la suite du transfert de PROBETON vers PROCERTUS, dois-je apporter des modifications lorsque j\u2019applique le marquage CE sur les produits ?<\/div><\/a><\/h4><\/div><div id=\"collapse-9-3656\" aria-labelledby=\"faq_9-3656\" class=\"panel-collapse collapse\"><div class=\"panel-body toggle-content post-content\"><p><strong>OUI<\/strong><\/p>\n<p>Le marquage CE est suivi entre autres du num\u00e9ro de r\u00e9f\u00e9rence de la d\u00e9claration des performances (DoP) et du num\u00e9ro d\u2019identification de l\u2019organisme notifi\u00e9 (0965).<\/p>\n<p>Le marquage CE est suivi entre autres du num\u00e9ro de r\u00e9f\u00e9rence de la d\u00e9claration des performances (DoP) Le num\u00e9ro d\u2019identification de PROCERTUS en tant qu\u2019organisme notifi\u00e9 (0965) doit \u00eatre utilis\u00e9 dans tous les cas. Il s\u2019agit d\u2019une obligation l\u00e9gale. PROCERTUS n\u2019est d\u00e8s lors pas comp\u00e9tent pour accorder des d\u00e9rogations \u00e0 ce sujet. Nous attirons votre attention sur le fait que la surveillance du march\u00e9 peut imposer des mesures si le num\u00e9ro d\u2019identification de l\u2019organisme notifi\u00e9 mentionn\u00e9 \u00e0 proximit\u00e9 du marquage CE ne correspond pas \u00e0 celui de PROCERTUS<\/p>\n<\/div><\/div><\/div><div class=\"fusion-panel fusion-toggle-no-divider fusion-toggle-boxed-mode panel-default fusion-faq-post fusion-faq-post-3657 prefab-ce-2 \"><span class=\"entry-title rich-snippet-hidden\">Puis-je continuer d\u2019utiliser mon stock d\u2019\u00e9tiquettes mentionnant le num\u00e9ro d\u2019identification de PROBETON ?<\/span><span class=\"vcard rich-snippet-hidden\"><span class=\"fn\"><a href=\"https:\/\/www.procertus.be\/fr\/author\/m-croon\/\" title=\"Articles par Martin Croon\" rel=\"author\">Martin Croon<\/a><\/span><\/span><span class=\"updated rich-snippet-hidden\">2024-07-05T10:54:30+02:00<\/span><div class=\"panel-heading\"><h4 id=\"faq_9-3657\" class=\"panel-title toggle\"><a data-toggle=\"collapse\" class=\"collapsed\" data-parent=\"#accordian-9\" data-target=\"#collapse-9-3657\" href=\"#collapse-9-3657\" aria-expanded=\"false\"><div class=\"fusion-toggle-icon-wrapper\"><div class=\"fusion-toggle-icon-wrapper-main\"><div class=\"fusion-toggle-icon-wrapper-sub\"><i class=\"fa-fusion-box active-icon fa-caret-square-up far\" aria-hidden=\"true\"><\/i><i class=\"fa-fusion-box inactive-icon fa-caret-square-down far\" aria-hidden=\"true\"><\/i><\/div><\/div><\/div><div class=\"fusion-toggle-heading\">Puis-je continuer d\u2019utiliser mon stock d\u2019\u00e9tiquettes mentionnant le num\u00e9ro d\u2019identification de PROBETON ?<\/div><\/a><\/h4><\/div><div id=\"collapse-9-3657\" aria-labelledby=\"faq_9-3657\" class=\"panel-collapse collapse\"><div class=\"panel-body toggle-content post-content\"><p><strong>NON<\/strong><\/p>\n<p>Le num\u00e9ro d\u2019identification de PROCERTUS en tant qu\u2019organisme notifi\u00e9 (0965) doit \u00eatre mentionn\u00e9 sur les \u00e9tiquettes. Il s\u2019agit d\u2019une obligation l\u00e9gale. PROCERTUS n\u2019est d\u00e8s lors pas comp\u00e9tent pour accorder des d\u00e9rogations \u00e0 ce sujet. Nous attirons votre attention sur le fait que la surveillance du march\u00e9 peut imposer des mesures si le num\u00e9ro d\u2019identification de l\u2019organisme notifi\u00e9 mentionn\u00e9 \u00e0 proximit\u00e9 du marquage CE ne correspond pas \u00e0 celui de PROCERTUS.<\/p>\n<\/div><\/div><\/div><\/div><\/div><\/div><\/div><div class=\"fusion-separator fusion-full-width-sep\" style=\"align-self: center;margin-left: auto;margin-right: auto;flex-grow:2;margin-top:10px;width:100%;\"><\/div><div class=\"fusion-separator fusion-full-width-sep\" style=\"align-self: center;margin-left: auto;margin-right: auto;flex-grow:2;margin-top:10px;width:100%;\"><\/div><div class=\"fusion-separator fusion-full-width-sep\" style=\"align-self: center;margin-left: auto;margin-right: auto;flex-grow:2;margin-top:10px;width:100%;\"><\/div><div class=\"fusion-separator fusion-full-width-sep\" style=\"align-self: center;margin-left: auto;margin-right: auto;flex-grow:2;margin-top:10px;width:100%;\"><\/div><div class=\"fusion-separator fusion-full-width-sep\" style=\"align-self: center;margin-left: auto;margin-right: auto;flex-grow:2;margin-top:10px;width:100%;\"><\/div><\/div><\/div><div class=\"fusion-layout-column fusion_builder_column fusion-builder-column-18 fusion_builder_column_5_6 5_6 fusion-flex-column fusion-flex-align-self-flex-start fusion-column-no-min-height fusion-animated\" style=\"--awb-bg-blend:overlay;--awb-bg-size:cover;--awb-width-large:83.333333333333%;--awb-margin-top-large:0px;--awb-spacing-right-large:50px;--awb-margin-bottom-large:60px;--awb-spacing-left-large:50px;--awb-width-medium:80%;--awb-spacing-right-medium:50px;--awb-spacing-left-medium:50px;--awb-width-small:100%;--awb-spacing-right-small:50px;--awb-spacing-left-small:50px;\" data-animationType=\"fadeIn\" data-animationDuration=\"0.8\" data-animationOffset=\"top-into-view\"><div class=\"fusion-column-wrapper fusion-flex-justify-content-flex-start fusion-content-layout-column\"><div class=\"fusion-title title fusion-title-18 fusion-sep-none fusion-title-center fusion-title-text fusion-title-size-two\" style=\"--awb-margin-right:20px;--awb-margin-bottom:0px;--awb-margin-left:20px;\"><h2 class=\"fusion-title-heading title-heading-center\" style=\"margin:0;text-transform:uppercase;\">Transition vers PROCERTUS dans le cadre de<\/h2><\/div><div class=\"fusion-title title fusion-title-19 fusion-sep-none fusion-title-center fusion-title-text fusion-title-size-two\" style=\"--awb-text-color:var(--awb-color6);--awb-margin-right:20px;--awb-margin-bottom:0px;--awb-margin-left:20px;\"><h2 class=\"fusion-title-heading title-heading-center\" style=\"margin:0;text-transform:uppercase;\"><strong>la marque BENOR du b\u00e9ton pr\u00e9fabriqu\u00e9<\/strong><\/h2><\/div><\/div><\/div><div class=\"fusion-layout-column fusion_builder_column fusion-builder-column-19 fusion_builder_column_1_1 1_1 fusion-flex-column fusion-flex-align-self-center\" style=\"--awb-bg-size:cover;--awb-width-large:100%;--awb-margin-top-large:0px;--awb-spacing-right-large:50px;--awb-margin-bottom-large:0px;--awb-spacing-left-large:50px;--awb-width-medium:100%;--awb-order-medium:0;--awb-spacing-right-medium:50px;--awb-spacing-left-medium:50px;--awb-width-small:100%;--awb-order-small:0;--awb-spacing-right-small:50px;--awb-spacing-left-small:50px;\" data-scroll-devices=\"small-visibility,medium-visibility,large-visibility\"><div class=\"fusion-column-wrapper fusion-column-has-shadow fusion-flex-justify-content-center fusion-content-layout-column\"><style type=\"text\/css\">#accordian-10 .fusion-panel:hover,#accordian-10 .fusion-panel.hover{ background-color: var(--awb-color2) } #accordian-10 .fusion-panel { border-color:var(--awb-color2); border-width:1px; background-color:var(--awb-color2); }.fusion-accordian #accordian-10 .panel-title a .fa-fusion-box:before{ font-size: 16px;width: 16px;}.fusion-accordian #accordian-10 .panel-title a .fa-fusion-box{ color: var(--awb-color6);}.fusion-accordian #accordian-10.fusion-toggle-icon-right .fusion-toggle-heading{ margin-right: 34px;}.fusion-accordian  #accordian-10 .panel-title a{font-size:20px;text-transform:var(--awb-typography1-text-transform);line-height:1.5;font-family:var(--awb-typography1-font-family);font-weight:var(--awb-typography1-font-weight);font-style:var(--awb-typography1-font-style);}.fusion-accordian  #accordian-10 .panel-title a:not(:hover){color:var(--awb-color6);}.fusion-accordian  #accordian-10 .toggle-content{color:var(--awb-color1);font-family:var(--awb-typography4-font-family);font-weight:var(--awb-typography4-font-weight);font-style:var(--awb-typography4-font-style);}.fusion-accordian #accordian-10 .panel-title a:hover,.fusion-accordian #accordian-10 .panel-title a.hover { color: var(--awb-color1);}.fusion-faq-shortcode .fusion-accordian #accordian-10 .fusion-toggle-boxed-mode:hover .panel-title a { color: var(--awb-color1);}.fusion-accordian #accordian-10.fusion-toggle-icon-unboxed .panel-title a:hover .fa-fusion-box,.fusion-accordian #accordian-10.fusion-toggle-icon-unboxed .panel-title a.hover .fa-fusion-box { color: var(--awb-color1); }.fusion-faqs-wrapper .fusion-accordian #accordian-10 .panel-title a.active{ color: var(--awb-color1) !important;}.fusion-faqs-wrapper .fusion-accordian  #accordian-10.fusion-toggle-icon-unboxed .fusion-panel .panel-title a.active .fa-fusion-box{ color: var(--awb-color1) !important;}<\/style><div class=\"fusion-faq-shortcode\" style=\"\"><div class=\"fusion-faqs-wrapper\"><div class=\"accordian fusion-accordian\"><div class=\"panel-group  fusion-toggle-icon-right fusion-toggle-icon-unboxed\" id=\"accordian-10\"><div class=\"fusion-panel fusion-toggle-no-divider fusion-toggle-boxed-mode panel-default fusion-faq-post fusion-faq-post-3655 prefab-benor-2 \"><span class=\"entry-title rich-snippet-hidden\">A la suite du transfert de PROBETON vers PROCERTUS, dois-je apporter des modifications lorsque j\u2019applique la marque BENOR sur le bon de livraison ?<\/span><span class=\"vcard rich-snippet-hidden\"><span class=\"fn\"><a href=\"https:\/\/www.procertus.be\/fr\/author\/m-croon\/\" title=\"Articles par Martin Croon\" rel=\"author\">Martin Croon<\/a><\/span><\/span><span class=\"updated rich-snippet-hidden\">2024-07-05T10:55:06+02:00<\/span><div class=\"panel-heading\"><h4 id=\"faq_10-3655\" class=\"panel-title toggle\"><a data-toggle=\"collapse\" class=\"collapsed\" data-parent=\"#accordian-10\" data-target=\"#collapse-10-3655\" href=\"#collapse-10-3655\" aria-expanded=\"false\"><div class=\"fusion-toggle-icon-wrapper\"><div class=\"fusion-toggle-icon-wrapper-main\"><div class=\"fusion-toggle-icon-wrapper-sub\"><i class=\"fa-fusion-box active-icon fa-caret-square-up far\" aria-hidden=\"true\"><\/i><i class=\"fa-fusion-box inactive-icon fa-caret-square-down far\" aria-hidden=\"true\"><\/i><\/div><\/div><\/div><div class=\"fusion-toggle-heading\">A la suite du transfert de PROBETON vers PROCERTUS, dois-je apporter des modifications lorsque j\u2019applique la marque BENOR sur le bon de livraison ?<\/div><\/a><\/h4><\/div><div id=\"collapse-10-3655\" aria-labelledby=\"faq_10-3655\" class=\"panel-collapse collapse\"><div class=\"panel-body toggle-content post-content\"><p><strong>PEUT-\u00caTRE<\/strong><\/p>\n<p>Si le num\u00e9ro d\u2019identification de l\u2019unit\u00e9 de production est mentionn\u00e9 dans ou \u00e0 proximit\u00e9 imm\u00e9diate de l\u2019extr\u00e9mit\u00e9 droite du logo BENOR, ce num\u00e9ro d\u2019identification doit \u00eatre compos\u00e9 de 4 chiffres pour le 31.08.2024 au plus tard (en ajoutant un \u20180\u2019 devant l\u2019ancien num\u00e9ro).<\/p>\n<\/div><\/div><\/div><div class=\"fusion-panel fusion-toggle-no-divider fusion-toggle-boxed-mode panel-default fusion-faq-post fusion-faq-post-3654 prefab-benor-2 \"><span class=\"entry-title rich-snippet-hidden\">A la suite du transfert de PROBETON vers PROCERTUS, dois-je apporter des modifications lorsque j\u2019applique la marque BENOR sur les \u00e9tiquettes ?<\/span><span class=\"vcard rich-snippet-hidden\"><span class=\"fn\"><a href=\"https:\/\/www.procertus.be\/fr\/author\/m-croon\/\" title=\"Articles par Martin Croon\" rel=\"author\">Martin Croon<\/a><\/span><\/span><span class=\"updated rich-snippet-hidden\">2024-07-05T10:55:24+02:00<\/span><div class=\"panel-heading\"><h4 id=\"faq_10-3654\" class=\"panel-title toggle\"><a data-toggle=\"collapse\" class=\"collapsed\" data-parent=\"#accordian-10\" data-target=\"#collapse-10-3654\" href=\"#collapse-10-3654\" aria-expanded=\"false\"><div class=\"fusion-toggle-icon-wrapper\"><div class=\"fusion-toggle-icon-wrapper-main\"><div class=\"fusion-toggle-icon-wrapper-sub\"><i class=\"fa-fusion-box active-icon fa-caret-square-up far\" aria-hidden=\"true\"><\/i><i class=\"fa-fusion-box inactive-icon fa-caret-square-down far\" aria-hidden=\"true\"><\/i><\/div><\/div><\/div><div class=\"fusion-toggle-heading\">A la suite du transfert de PROBETON vers PROCERTUS, dois-je apporter des modifications lorsque j\u2019applique la marque BENOR sur les \u00e9tiquettes ?<\/div><\/a><\/h4><\/div><div id=\"collapse-10-3654\" aria-labelledby=\"faq_10-3654\" class=\"panel-collapse collapse\"><div class=\"panel-body toggle-content post-content\"><p><strong>PEUT-\u00caTRE<\/strong><\/p>\n<p>Si le num\u00e9ro d\u2019identification de l\u2019unit\u00e9 de production est mentionn\u00e9 dans ou \u00e0 proximit\u00e9 imm\u00e9diate de l\u2019extr\u00e9mit\u00e9 droite du logo BENOR, ce num\u00e9ro d\u2019identification doit \u00eatre compos\u00e9 de 4 chiffres pour le 31.08.2024 au plus tard (en ajoutant un \u20180\u2019 devant l\u2019ancien num\u00e9ro).<\/p>\n<\/div><\/div><\/div><div class=\"fusion-panel fusion-toggle-no-divider fusion-toggle-boxed-mode panel-default fusion-faq-post fusion-faq-post-3653 prefab-benor-2 \"><span class=\"entry-title rich-snippet-hidden\">A la suite du transfert de PROBETON vers PROCERTUS, dois-je apporter des modifications lorsque j\u2019applique la marque BENOR sur l\u2019emballage ?<\/span><span class=\"vcard rich-snippet-hidden\"><span class=\"fn\"><a href=\"https:\/\/www.procertus.be\/fr\/author\/m-croon\/\" title=\"Articles par Martin Croon\" rel=\"author\">Martin Croon<\/a><\/span><\/span><span class=\"updated rich-snippet-hidden\">2024-07-05T10:55:41+02:00<\/span><div class=\"panel-heading\"><h4 id=\"faq_10-3653\" class=\"panel-title toggle\"><a data-toggle=\"collapse\" class=\"collapsed\" data-parent=\"#accordian-10\" data-target=\"#collapse-10-3653\" href=\"#collapse-10-3653\" aria-expanded=\"false\"><div class=\"fusion-toggle-icon-wrapper\"><div class=\"fusion-toggle-icon-wrapper-main\"><div class=\"fusion-toggle-icon-wrapper-sub\"><i class=\"fa-fusion-box active-icon fa-caret-square-up far\" aria-hidden=\"true\"><\/i><i class=\"fa-fusion-box inactive-icon fa-caret-square-down far\" aria-hidden=\"true\"><\/i><\/div><\/div><\/div><div class=\"fusion-toggle-heading\">A la suite du transfert de PROBETON vers PROCERTUS, dois-je apporter des modifications lorsque j\u2019applique la marque BENOR sur l\u2019emballage ?<\/div><\/a><\/h4><\/div><div id=\"collapse-10-3653\" aria-labelledby=\"faq_10-3653\" class=\"panel-collapse collapse\"><div class=\"panel-body toggle-content post-content\"><p><strong>PEUT-\u00caTRE<\/strong><\/p>\n<p>Si le num\u00e9ro d\u2019identification de l\u2019unit\u00e9 de production est mentionn\u00e9 dans ou \u00e0 proximit\u00e9 imm\u00e9diate de l\u2019extr\u00e9mit\u00e9 droite du logo BENOR, ce num\u00e9ro d\u2019identification doit \u00eatre compos\u00e9 de 4 chiffres pour le 31.08.2024 au plus tard (en ajoutant un \u20180\u2019 devant l\u2019ancien num\u00e9ro).<\/p>\n<\/div><\/div><\/div><div class=\"fusion-panel fusion-toggle-no-divider fusion-toggle-boxed-mode panel-default fusion-faq-post fusion-faq-post-3652 prefab-benor-2 \"><span class=\"entry-title rich-snippet-hidden\">A la suite du transfert de PROBETON vers PROCERTUS, dois-je apporter des modifications lorsque j\u2019applique la marque BENOR sur les produits ?<\/span><span class=\"vcard rich-snippet-hidden\"><span class=\"fn\"><a href=\"https:\/\/www.procertus.be\/fr\/author\/m-croon\/\" title=\"Articles par Martin Croon\" rel=\"author\">Martin Croon<\/a><\/span><\/span><span class=\"updated rich-snippet-hidden\">2024-07-05T10:55:59+02:00<\/span><div class=\"panel-heading\"><h4 id=\"faq_10-3652\" class=\"panel-title toggle\"><a data-toggle=\"collapse\" class=\"collapsed\" data-parent=\"#accordian-10\" data-target=\"#collapse-10-3652\" href=\"#collapse-10-3652\" aria-expanded=\"false\"><div class=\"fusion-toggle-icon-wrapper\"><div class=\"fusion-toggle-icon-wrapper-main\"><div class=\"fusion-toggle-icon-wrapper-sub\"><i class=\"fa-fusion-box active-icon fa-caret-square-up far\" aria-hidden=\"true\"><\/i><i class=\"fa-fusion-box inactive-icon fa-caret-square-down far\" aria-hidden=\"true\"><\/i><\/div><\/div><\/div><div class=\"fusion-toggle-heading\">A la suite du transfert de PROBETON vers PROCERTUS, dois-je apporter des modifications lorsque j\u2019applique la marque BENOR sur les produits ?<\/div><\/a><\/h4><\/div><div id=\"collapse-10-3652\" aria-labelledby=\"faq_10-3652\" class=\"panel-collapse collapse\"><div class=\"panel-body toggle-content post-content\"><p><strong>PEUT-\u00caTRE<\/strong><\/p>\n<p>Si le num\u00e9ro d\u2019identification de l\u2019unit\u00e9 de production est mentionn\u00e9 dans ou \u00e0 proximit\u00e9 imm\u00e9diate de l\u2019extr\u00e9mit\u00e9 droite du logo BENOR, ce num\u00e9ro d\u2019identification doit \u00eatre compos\u00e9 de 4 chiffres pour le 31.08.2024 au plus tard (en ajoutant un \u20180\u2019 devant l\u2019ancien num\u00e9ro).<\/p>\n<\/div><\/div><\/div><div class=\"fusion-panel fusion-toggle-no-divider fusion-toggle-boxed-mode panel-default fusion-faq-post fusion-faq-post-3651 prefab-benor-2 \"><span class=\"entry-title rich-snippet-hidden\">Puis-je continuer de livrer mon stock de produits mentionnant le num\u00e9ro d\u2019identification de l\u2019unit\u00e9 de production compos\u00e9 de 3 chiffres sans adaptation ?<\/span><span class=\"vcard rich-snippet-hidden\"><span class=\"fn\"><a href=\"https:\/\/www.procertus.be\/fr\/author\/m-croon\/\" title=\"Articles par Martin Croon\" rel=\"author\">Martin Croon<\/a><\/span><\/span><span class=\"updated rich-snippet-hidden\">2024-07-05T10:56:26+02:00<\/span><div class=\"panel-heading\"><h4 id=\"faq_10-3651\" class=\"panel-title toggle\"><a data-toggle=\"collapse\" class=\"collapsed\" data-parent=\"#accordian-10\" data-target=\"#collapse-10-3651\" href=\"#collapse-10-3651\" aria-expanded=\"false\"><div class=\"fusion-toggle-icon-wrapper\"><div class=\"fusion-toggle-icon-wrapper-main\"><div class=\"fusion-toggle-icon-wrapper-sub\"><i class=\"fa-fusion-box active-icon fa-caret-square-up far\" aria-hidden=\"true\"><\/i><i class=\"fa-fusion-box inactive-icon fa-caret-square-down far\" aria-hidden=\"true\"><\/i><\/div><\/div><\/div><div class=\"fusion-toggle-heading\">Puis-je continuer de livrer mon stock de produits mentionnant le num\u00e9ro d\u2019identification de l\u2019unit\u00e9 de production compos\u00e9 de 3 chiffres sans adaptation ?<\/div><\/a><\/h4><\/div><div id=\"collapse-10-3651\" aria-labelledby=\"faq_10-3651\" class=\"panel-collapse collapse\"><div class=\"panel-body toggle-content post-content\"><p><strong>PEUT-\u00caTRE<\/strong><\/p>\n<p>Si, apr\u00e8s le 01.01.2025, vous disposez encore de produits en stock o\u00f9 le num\u00e9ro d\u2019identification de l\u2019unit\u00e9 de production est encore compos\u00e9 de 3 chiffres, vous devez demander une d\u00e9rogation motiv\u00e9e pour poursuivre la livraison sans adaptation. La demande de d\u00e9rogation motiv\u00e9e doit reprendre au minimum les \u00e9l\u00e9ments suivants\u00a0: les produits concern\u00e9s et une estimation du d\u00e9lai d\u2019\u00e9puisement du stock existant.<\/p>\n<\/div><\/div><\/div><\/div><\/div><\/div><\/div><\/div><\/div><\/div><\/div><\/div><div id=\"steel\" class=\"fusion-container-anchor\"><div class=\"fusion-fullwidth fullwidth-box fusion-builder-row-7 fusion-flex-container has-pattern-background has-mask-background nonhundred-percent-fullwidth non-hundred-percent-height-scrolling\" style=\"--awb-background-position:left top;--awb-border-sizes-top:0px;--awb-border-sizes-bottom:0px;--awb-border-sizes-left:0px;--awb-border-sizes-right:0px;--awb-border-radius-top-left:0px;--awb-border-radius-top-right:0px;--awb-border-radius-bottom-right:0px;--awb-border-radius-bottom-left:0px;--awb-padding-top:120px;--awb-padding-bottom:120px;--awb-padding-top-medium:90px;--awb-padding-bottom-medium:90px;--awb-padding-top-small:70px;--awb-margin-bottom-medium:0px;--awb-background-color:var(--awb-color4);--awb-flex-wrap:wrap;\" ><div class=\"fusion-builder-row fusion-row fusion-flex-align-items-stretch fusion-flex-justify-content-center fusion-flex-content-wrap\" style=\"max-width:calc( 1400px + 100px );margin-left: calc(-100px \/ 2 );margin-right: calc(-100px \/ 2 );\"><div class=\"fusion-layout-column fusion_builder_column fusion-builder-column-20 fusion_builder_column_5_6 5_6 fusion-flex-column fusion-flex-align-self-flex-start fusion-column-no-min-height fusion-animated\" style=\"--awb-bg-blend:overlay;--awb-bg-size:cover;--awb-width-large:83.333333333333%;--awb-margin-top-large:0px;--awb-spacing-right-large:50px;--awb-margin-bottom-large:60px;--awb-spacing-left-large:50px;--awb-width-medium:80%;--awb-spacing-right-medium:50px;--awb-spacing-left-medium:50px;--awb-width-small:100%;--awb-spacing-right-small:50px;--awb-spacing-left-small:50px;\" data-animationType=\"fadeIn\" data-animationDuration=\"0.8\" data-animationOffset=\"top-into-view\"><div class=\"fusion-column-wrapper fusion-flex-justify-content-flex-start fusion-content-layout-column\"><div class=\"fusion-title title fusion-title-20 fusion-sep-none fusion-title-center fusion-title-text fusion-title-size-two\" style=\"--awb-margin-right:20px;--awb-margin-bottom:0px;--awb-margin-left:20px;\"><h2 class=\"fusion-title-heading title-heading-center\" style=\"margin:0;text-transform:uppercase;\">Transition vers PROCERTUS dans le cadre du<\/h2><\/div><div class=\"fusion-title title fusion-title-21 fusion-sep-none fusion-title-center fusion-title-text fusion-title-size-two\" style=\"--awb-text-color:var(--awb-color6);--awb-margin-right:20px;--awb-margin-bottom:0px;--awb-margin-left:20px;\"><h2 class=\"fusion-title-heading title-heading-center\" style=\"margin:0;text-transform:uppercase;\"><strong>marquage CE des MATERIAUX DE CONSTRUCTION, ELEMENTS DE CONSTRUCTION ET APPUIS, CANDELABRES ET SIGNALISATION VERTICALE en acier<\/strong><\/h2><\/div><\/div><\/div><div class=\"fusion-layout-column fusion_builder_column fusion-builder-column-21 fusion_builder_column_1_1 1_1 fusion-flex-column fusion-flex-align-self-center\" style=\"--awb-bg-size:cover;--awb-width-large:100%;--awb-margin-top-large:0px;--awb-spacing-right-large:50px;--awb-margin-bottom-large:0px;--awb-spacing-left-large:50px;--awb-width-medium:100%;--awb-order-medium:0;--awb-spacing-right-medium:50px;--awb-spacing-left-medium:50px;--awb-width-small:100%;--awb-order-small:0;--awb-spacing-right-small:50px;--awb-spacing-left-small:50px;\" data-scroll-devices=\"small-visibility,medium-visibility,large-visibility\"><div class=\"fusion-column-wrapper fusion-column-has-shadow fusion-flex-justify-content-center fusion-content-layout-column\"><style type=\"text\/css\">#accordian-11 .fusion-panel:hover,#accordian-11 .fusion-panel.hover{ background-color: var(--awb-color2) } #accordian-11 .fusion-panel { border-color:var(--awb-color2); border-width:1px; background-color:var(--awb-color2); }.fusion-accordian #accordian-11 .panel-title a .fa-fusion-box:before{ font-size: 16px;width: 16px;}.fusion-accordian #accordian-11 .panel-title a .fa-fusion-box{ color: var(--awb-color6);}.fusion-accordian #accordian-11.fusion-toggle-icon-right .fusion-toggle-heading{ margin-right: 34px;}.fusion-accordian  #accordian-11 .panel-title a{font-size:20px;text-transform:var(--awb-typography1-text-transform);line-height:1.5;font-family:var(--awb-typography1-font-family);font-weight:var(--awb-typography1-font-weight);font-style:var(--awb-typography1-font-style);}.fusion-accordian  #accordian-11 .panel-title a:not(:hover){color:var(--awb-color6);}.fusion-accordian  #accordian-11 .toggle-content{color:var(--awb-color1);font-family:var(--awb-typography4-font-family);font-weight:var(--awb-typography4-font-weight);font-style:var(--awb-typography4-font-style);}.fusion-accordian #accordian-11 .panel-title a:hover,.fusion-accordian #accordian-11 .panel-title a.hover { color: var(--awb-color1);}.fusion-faq-shortcode .fusion-accordian #accordian-11 .fusion-toggle-boxed-mode:hover .panel-title a { color: var(--awb-color1);}.fusion-accordian #accordian-11.fusion-toggle-icon-unboxed .panel-title a:hover .fa-fusion-box,.fusion-accordian #accordian-11.fusion-toggle-icon-unboxed .panel-title a.hover .fa-fusion-box { color: var(--awb-color1); }.fusion-faqs-wrapper .fusion-accordian #accordian-11 .panel-title a.active{ color: var(--awb-color1) !important;}.fusion-faqs-wrapper .fusion-accordian  #accordian-11.fusion-toggle-icon-unboxed .fusion-panel .panel-title a.active .fa-fusion-box{ color: var(--awb-color1) !important;}<\/style><div class=\"fusion-faq-shortcode\" style=\"\"><div class=\"fusion-faqs-wrapper\"><div class=\"accordian fusion-accordian\"><div class=\"panel-group  fusion-toggle-icon-right fusion-toggle-icon-unboxed\" id=\"accordian-11\"><div class=\"fusion-panel fusion-toggle-no-divider fusion-toggle-boxed-mode panel-default fusion-faq-post fusion-faq-post-3650 steel-ce-2 \"><span class=\"entry-title rich-snippet-hidden\">A la suite du transfert de OCAB vers PROCERTUS, dois-je adapter la d\u00e9claration des performances (DoP) ?<\/span><span class=\"vcard rich-snippet-hidden\"><span class=\"fn\"><a href=\"https:\/\/www.procertus.be\/fr\/author\/m-croon\/\" title=\"Articles par Martin Croon\" rel=\"author\">Martin Croon<\/a><\/span><\/span><span class=\"updated rich-snippet-hidden\">2024-07-05T10:56:59+02:00<\/span><div class=\"panel-heading\"><h4 id=\"faq_11-3650\" class=\"panel-title toggle\"><a data-toggle=\"collapse\" class=\"collapsed\" data-parent=\"#accordian-11\" data-target=\"#collapse-11-3650\" href=\"#collapse-11-3650\" aria-expanded=\"false\"><div class=\"fusion-toggle-icon-wrapper\"><div class=\"fusion-toggle-icon-wrapper-main\"><div class=\"fusion-toggle-icon-wrapper-sub\"><i class=\"fa-fusion-box active-icon fa-caret-square-up far\" aria-hidden=\"true\"><\/i><i class=\"fa-fusion-box inactive-icon fa-caret-square-down far\" aria-hidden=\"true\"><\/i><\/div><\/div><\/div><div class=\"fusion-toggle-heading\">A la suite du transfert de OCAB vers PROCERTUS, dois-je adapter la d\u00e9claration des performances (DoP) ?<\/div><\/a><\/h4><\/div><div id=\"collapse-11-3650\" aria-labelledby=\"faq_11-3650\" class=\"panel-collapse collapse\"><div class=\"panel-body toggle-content post-content\"><p>La d\u00e9claration des performances (DoP) doit mentionner le nom et le num\u00e9ro d\u2019identification de l\u2019organisme notifi\u00e9. Chaque d\u00e9claration des performances (DoP) doit d\u00e9sormais r\u00e9f\u00e9rer au nom et au num\u00e9ro d\u2019identification (0965) de PROCERTUS.<\/p>\n<\/div><\/div><\/div><div class=\"fusion-panel fusion-toggle-no-divider fusion-toggle-boxed-mode panel-default fusion-faq-post fusion-faq-post-3649 steel-ce-2 \"><span class=\"entry-title rich-snippet-hidden\">A la suite du transfert de OCAB vers PROCERTUS, dois-je apporter des modifications lorsque j\u2019applique le marquage CE sur l\u2019emballage ?<\/span><span class=\"vcard rich-snippet-hidden\"><span class=\"fn\"><a href=\"https:\/\/www.procertus.be\/fr\/author\/m-croon\/\" title=\"Articles par Martin Croon\" rel=\"author\">Martin Croon<\/a><\/span><\/span><span class=\"updated rich-snippet-hidden\">2024-07-05T10:57:17+02:00<\/span><div class=\"panel-heading\"><h4 id=\"faq_11-3649\" class=\"panel-title toggle\"><a data-toggle=\"collapse\" class=\"collapsed\" data-parent=\"#accordian-11\" data-target=\"#collapse-11-3649\" href=\"#collapse-11-3649\" aria-expanded=\"false\"><div class=\"fusion-toggle-icon-wrapper\"><div class=\"fusion-toggle-icon-wrapper-main\"><div class=\"fusion-toggle-icon-wrapper-sub\"><i class=\"fa-fusion-box active-icon fa-caret-square-up far\" aria-hidden=\"true\"><\/i><i class=\"fa-fusion-box inactive-icon fa-caret-square-down far\" aria-hidden=\"true\"><\/i><\/div><\/div><\/div><div class=\"fusion-toggle-heading\">A la suite du transfert de OCAB vers PROCERTUS, dois-je apporter des modifications lorsque j\u2019applique le marquage CE sur l\u2019emballage ?<\/div><\/a><\/h4><\/div><div id=\"collapse-11-3649\" aria-labelledby=\"faq_11-3649\" class=\"panel-collapse collapse\"><div class=\"panel-body toggle-content post-content\"><p><strong>OUI<\/strong><\/p>\n<p>Le marquage CE est suivi entre autres du num\u00e9ro de r\u00e9f\u00e9rence de la d\u00e9claration des performances (DoP) et du num\u00e9ro d\u2019identification de l\u2019organisme notifi\u00e9 (0965).<\/p>\n<p>Le num\u00e9ro d\u2019identification de PROCERTUS en tant qu\u2019organisme notifi\u00e9 (0965) doit \u00eatre utilis\u00e9 dans tous les cas. Il s\u2019agit d\u2019une obligation l\u00e9gale. PROCERTUS n\u2019est d\u00e8s lors pas comp\u00e9tent pour accorder des d\u00e9rogations \u00e0 ce sujet. Nous attirons votre attention sur le fait que la surveillance du march\u00e9 peut imposer des mesures si le num\u00e9ro d\u2019identification de l\u2019organisme notifi\u00e9 mentionn\u00e9 \u00e0 proximit\u00e9 du marquage CE ne correspond pas \u00e0 celui de PROCERTUS.<\/p>\n<\/div><\/div><\/div><div class=\"fusion-panel fusion-toggle-no-divider fusion-toggle-boxed-mode panel-default fusion-faq-post fusion-faq-post-3648 steel-ce-2 \"><span class=\"entry-title rich-snippet-hidden\">A la suite du transfert de OCAB vers PROCERTUS dois-je apporter des modifications lorsque j\u2019applique le marquage CE dans les documents d\u2019accompagnement ?<\/span><span class=\"vcard rich-snippet-hidden\"><span class=\"fn\"><a href=\"https:\/\/www.procertus.be\/fr\/author\/m-croon\/\" title=\"Articles par Martin Croon\" rel=\"author\">Martin Croon<\/a><\/span><\/span><span class=\"updated rich-snippet-hidden\">2024-07-05T10:57:32+02:00<\/span><div class=\"panel-heading\"><h4 id=\"faq_11-3648\" class=\"panel-title toggle\"><a data-toggle=\"collapse\" class=\"collapsed\" data-parent=\"#accordian-11\" data-target=\"#collapse-11-3648\" href=\"#collapse-11-3648\" aria-expanded=\"false\"><div class=\"fusion-toggle-icon-wrapper\"><div class=\"fusion-toggle-icon-wrapper-main\"><div class=\"fusion-toggle-icon-wrapper-sub\"><i class=\"fa-fusion-box active-icon fa-caret-square-up far\" aria-hidden=\"true\"><\/i><i class=\"fa-fusion-box inactive-icon fa-caret-square-down far\" aria-hidden=\"true\"><\/i><\/div><\/div><\/div><div class=\"fusion-toggle-heading\">A la suite du transfert de OCAB vers PROCERTUS dois-je apporter des modifications lorsque j\u2019applique le marquage CE dans les documents d\u2019accompagnement ?<\/div><\/a><\/h4><\/div><div id=\"collapse-11-3648\" aria-labelledby=\"faq_11-3648\" class=\"panel-collapse collapse\"><div class=\"panel-body toggle-content post-content\"><p><strong>OUI<\/strong><\/p>\n<p>Le marquage CE est suivi entre autres du num\u00e9ro de r\u00e9f\u00e9rence de la d\u00e9claration des performances (DoP) et du num\u00e9ro d\u2019identification de l\u2019organisme notifi\u00e9 (0965).<\/p>\n<p>Le num\u00e9ro d\u2019identification de PROCERTUS en tant qu\u2019organisme notifi\u00e9 (0965) doit \u00eatre utilis\u00e9 dans tous les cas. Il s\u2019agit d\u2019une obligation l\u00e9gale. PROCERTUS n\u2019est d\u00e8s lors pas comp\u00e9tent pour accorder des d\u00e9rogations \u00e0 ce sujet. Nous attirons votre attention sur le fait que la surveillance du march\u00e9 peut imposer des mesures si le num\u00e9ro d\u2019identification de l\u2019organisme notifi\u00e9 mentionn\u00e9 \u00e0 proximit\u00e9 du marquage CE ne correspond pas \u00e0 celui de PROCERTUS.<\/p>\n<\/div><\/div><\/div><div class=\"fusion-panel fusion-toggle-no-divider fusion-toggle-boxed-mode panel-default fusion-faq-post fusion-faq-post-3647 steel-ce-2 \"><span class=\"entry-title rich-snippet-hidden\">A la suite du transfert de OCAB vers PROCERTUS, dois-je apporter des modifications lorsque j\u2019applique le marquage CE sur les \u00e9tiquettes ?<\/span><span class=\"vcard rich-snippet-hidden\"><span class=\"fn\"><a href=\"https:\/\/www.procertus.be\/fr\/author\/m-croon\/\" title=\"Articles par Martin Croon\" rel=\"author\">Martin Croon<\/a><\/span><\/span><span class=\"updated rich-snippet-hidden\">2024-07-05T10:57:50+02:00<\/span><div class=\"panel-heading\"><h4 id=\"faq_11-3647\" class=\"panel-title toggle\"><a data-toggle=\"collapse\" class=\"collapsed\" data-parent=\"#accordian-11\" data-target=\"#collapse-11-3647\" href=\"#collapse-11-3647\" aria-expanded=\"false\"><div class=\"fusion-toggle-icon-wrapper\"><div class=\"fusion-toggle-icon-wrapper-main\"><div class=\"fusion-toggle-icon-wrapper-sub\"><i class=\"fa-fusion-box active-icon fa-caret-square-up far\" aria-hidden=\"true\"><\/i><i class=\"fa-fusion-box inactive-icon fa-caret-square-down far\" aria-hidden=\"true\"><\/i><\/div><\/div><\/div><div class=\"fusion-toggle-heading\">A la suite du transfert de OCAB vers PROCERTUS, dois-je apporter des modifications lorsque j\u2019applique le marquage CE sur les \u00e9tiquettes ?<\/div><\/a><\/h4><\/div><div id=\"collapse-11-3647\" aria-labelledby=\"faq_11-3647\" class=\"panel-collapse collapse\"><div class=\"panel-body toggle-content post-content\"><p><strong>OUI<\/strong><\/p>\n<p>Le marquage CE est suivi entre autres du num\u00e9ro de r\u00e9f\u00e9rence de la d\u00e9claration des performances (DoP) et du num\u00e9ro d\u2019identification de l\u2019organisme notifi\u00e9 (0965).<\/p>\n<p>Le num\u00e9ro d\u2019identification de PROCERTUS en tant qu\u2019organisme notifi\u00e9 (0965) doit \u00eatre utilis\u00e9 dans tous les cas. Il s\u2019agit d\u2019une obligation l\u00e9gale. PROCERTUS n\u2019est d\u00e8s lors pas comp\u00e9tent pour accorder des d\u00e9rogations \u00e0 ce sujet. Nous attirons votre attention sur le fait que la surveillance du march\u00e9 peut imposer des mesures si le num\u00e9ro d\u2019identification de l\u2019organisme notifi\u00e9 mentionn\u00e9 \u00e0 proximit\u00e9 du marquage CE ne correspond pas \u00e0 celui de PROCERTUS.<\/p>\n<\/div><\/div><\/div><div class=\"fusion-panel fusion-toggle-no-divider fusion-toggle-boxed-mode panel-default fusion-faq-post fusion-faq-post-3646 steel-ce-2 \"><span class=\"entry-title rich-snippet-hidden\">A la suite du transfert de OCAB vers PROCERTUS, dois-je apporter des modifications lorsque j\u2019applique le marquage CE sur les produits ?<\/span><span class=\"vcard rich-snippet-hidden\"><span class=\"fn\"><a href=\"https:\/\/www.procertus.be\/fr\/author\/m-croon\/\" title=\"Articles par Martin Croon\" rel=\"author\">Martin Croon<\/a><\/span><\/span><span class=\"updated rich-snippet-hidden\">2024-07-05T10:58:27+02:00<\/span><div class=\"panel-heading\"><h4 id=\"faq_11-3646\" class=\"panel-title toggle\"><a data-toggle=\"collapse\" class=\"collapsed\" data-parent=\"#accordian-11\" data-target=\"#collapse-11-3646\" href=\"#collapse-11-3646\" aria-expanded=\"false\"><div class=\"fusion-toggle-icon-wrapper\"><div class=\"fusion-toggle-icon-wrapper-main\"><div class=\"fusion-toggle-icon-wrapper-sub\"><i class=\"fa-fusion-box active-icon fa-caret-square-up far\" aria-hidden=\"true\"><\/i><i class=\"fa-fusion-box inactive-icon fa-caret-square-down far\" aria-hidden=\"true\"><\/i><\/div><\/div><\/div><div class=\"fusion-toggle-heading\">A la suite du transfert de OCAB vers PROCERTUS, dois-je apporter des modifications lorsque j\u2019applique le marquage CE sur les produits ?<\/div><\/a><\/h4><\/div><div id=\"collapse-11-3646\" aria-labelledby=\"faq_11-3646\" class=\"panel-collapse collapse\"><div class=\"panel-body toggle-content post-content\"><p><strong>OUI<\/strong><\/p>\n<p>Le marquage CE est suivi entre autres du num\u00e9ro de r\u00e9f\u00e9rence de la d\u00e9claration des performances (DoP) et du num\u00e9ro d\u2019identification de l\u2019organisme notifi\u00e9 (0965).<\/p>\n<p>Le num\u00e9ro d\u2019identification de PROCERTUS en tant qu\u2019organisme notifi\u00e9 (0965) doit \u00eatre utilis\u00e9 dans tous les cas. Il s\u2019agit d\u2019une obligation l\u00e9gale. PROCERTUS n\u2019est d\u00e8s lors pas comp\u00e9tent pour accorder des d\u00e9rogations \u00e0 ce sujet. Nous attirons votre attention sur le fait que la surveillance du march\u00e9 peut imposer des mesures si le num\u00e9ro d\u2019identification de l\u2019organisme notifi\u00e9 mentionn\u00e9 \u00e0 proximit\u00e9 du marquage CE ne correspond pas \u00e0 celui de PROCERTUS.<\/p>\n<\/div><\/div><\/div><div class=\"fusion-panel fusion-toggle-no-divider fusion-toggle-boxed-mode panel-default fusion-faq-post fusion-faq-post-3645 steel-ce-2 \"><span class=\"entry-title rich-snippet-hidden\">Puis-je continuer d\u2019utiliser mon stock d\u2019\u00e9tiquettes mentionnant le num\u00e9ro d\u2019identification de OCAB ?<\/span><span class=\"vcard rich-snippet-hidden\"><span class=\"fn\"><a href=\"https:\/\/www.procertus.be\/fr\/author\/m-croon\/\" title=\"Articles par Martin Croon\" rel=\"author\">Martin Croon<\/a><\/span><\/span><span class=\"updated rich-snippet-hidden\">2024-07-05T10:58:42+02:00<\/span><div class=\"panel-heading\"><h4 id=\"faq_11-3645\" class=\"panel-title toggle\"><a data-toggle=\"collapse\" class=\"collapsed\" data-parent=\"#accordian-11\" data-target=\"#collapse-11-3645\" href=\"#collapse-11-3645\" aria-expanded=\"false\"><div class=\"fusion-toggle-icon-wrapper\"><div class=\"fusion-toggle-icon-wrapper-main\"><div class=\"fusion-toggle-icon-wrapper-sub\"><i class=\"fa-fusion-box active-icon fa-caret-square-up far\" aria-hidden=\"true\"><\/i><i class=\"fa-fusion-box inactive-icon fa-caret-square-down far\" aria-hidden=\"true\"><\/i><\/div><\/div><\/div><div class=\"fusion-toggle-heading\">Puis-je continuer d\u2019utiliser mon stock d\u2019\u00e9tiquettes mentionnant le num\u00e9ro d\u2019identification de OCAB ?<\/div><\/a><\/h4><\/div><div id=\"collapse-11-3645\" aria-labelledby=\"faq_11-3645\" class=\"panel-collapse collapse\"><div class=\"panel-body toggle-content post-content\"><p><strong>NON<\/strong><\/p>\n<p>Le num\u00e9ro d\u2019identification de PROCERTUS en tant qu\u2019organisme notifi\u00e9 (0965) doit \u00eatre mentionn\u00e9 sur les \u00e9tiquettes. Il s\u2019agit d\u2019une obligation l\u00e9gale. PROCERTUS n\u2019est d\u00e8s lors pas comp\u00e9tent pour accorder des d\u00e9rogations \u00e0 ce sujet. Nous attirons votre attention sur le fait que la surveillance du march\u00e9 peut imposer des mesures si le num\u00e9ro d\u2019identification de l\u2019organisme notifi\u00e9 mentionn\u00e9 \u00e0 proximit\u00e9 du marquage CE ne correspond pas \u00e0 celui de PROCERTUS.<\/p>\n<\/div><\/div><\/div><\/div><\/div><\/div><\/div><div class=\"fusion-separator fusion-full-width-sep\" style=\"align-self: center;margin-left: auto;margin-right: auto;flex-grow:2;margin-top:10px;width:100%;\"><\/div><div class=\"fusion-separator fusion-full-width-sep\" style=\"align-self: center;margin-left: auto;margin-right: auto;flex-grow:2;margin-top:10px;width:100%;\"><\/div><div class=\"fusion-separator fusion-full-width-sep\" style=\"align-self: center;margin-left: auto;margin-right: auto;flex-grow:2;margin-top:10px;width:100%;\"><\/div><div class=\"fusion-separator fusion-full-width-sep\" style=\"align-self: center;margin-left: auto;margin-right: auto;flex-grow:2;margin-top:10px;width:100%;\"><\/div><div class=\"fusion-separator fusion-full-width-sep\" style=\"align-self: center;margin-left: auto;margin-right: auto;flex-grow:2;margin-top:10px;width:100%;\"><\/div><div class=\"fusion-separator fusion-full-width-sep\" style=\"align-self: center;margin-left: auto;margin-right: auto;flex-grow:2;margin-top:10px;width:100%;\"><\/div><\/div><\/div><div class=\"fusion-layout-column fusion_builder_column fusion-builder-column-22 fusion_builder_column_5_6 5_6 fusion-flex-column fusion-flex-align-self-flex-start fusion-column-no-min-height fusion-animated\" style=\"--awb-bg-blend:overlay;--awb-bg-size:cover;--awb-width-large:83.333333333333%;--awb-margin-top-large:0px;--awb-spacing-right-large:50px;--awb-margin-bottom-large:60px;--awb-spacing-left-large:50px;--awb-width-medium:80%;--awb-spacing-right-medium:50px;--awb-spacing-left-medium:50px;--awb-width-small:100%;--awb-spacing-right-small:50px;--awb-spacing-left-small:50px;\" data-animationType=\"fadeIn\" data-animationDuration=\"0.8\" data-animationOffset=\"top-into-view\"><div class=\"fusion-column-wrapper fusion-flex-justify-content-flex-start fusion-content-layout-column\"><div class=\"fusion-title title fusion-title-22 fusion-sep-none fusion-title-center fusion-title-text fusion-title-size-two\" style=\"--awb-margin-right:20px;--awb-margin-bottom:0px;--awb-margin-left:20px;\"><h2 class=\"fusion-title-heading title-heading-center\" style=\"margin:0;text-transform:uppercase;\">Transition vers PROCERTUS dans le cadre de<\/h2><\/div><div class=\"fusion-title title fusion-title-23 fusion-sep-none fusion-title-center fusion-title-text fusion-title-size-two\" style=\"--awb-text-color:var(--awb-color6);--awb-margin-right:20px;--awb-margin-bottom:0px;--awb-margin-left:20px;\"><h2 class=\"fusion-title-heading title-heading-center\" style=\"margin:0;text-transform:uppercase;\"><strong>la marque BENOR des aciers pour b\u00e9ton et aciers de pr\u00e9contraintre<\/strong><\/h2><\/div><\/div><\/div><div class=\"fusion-layout-column fusion_builder_column fusion-builder-column-23 fusion_builder_column_1_1 1_1 fusion-flex-column fusion-flex-align-self-center\" style=\"--awb-bg-size:cover;--awb-width-large:100%;--awb-margin-top-large:0px;--awb-spacing-right-large:50px;--awb-margin-bottom-large:0px;--awb-spacing-left-large:50px;--awb-width-medium:100%;--awb-order-medium:0;--awb-spacing-right-medium:50px;--awb-spacing-left-medium:50px;--awb-width-small:100%;--awb-order-small:0;--awb-spacing-right-small:50px;--awb-spacing-left-small:50px;\" data-scroll-devices=\"small-visibility,medium-visibility,large-visibility\"><div class=\"fusion-column-wrapper fusion-column-has-shadow fusion-flex-justify-content-center fusion-content-layout-column\"><style type=\"text\/css\">#accordian-12 .fusion-panel:hover,#accordian-12 .fusion-panel.hover{ background-color: var(--awb-color2) } #accordian-12 .fusion-panel { border-color:var(--awb-color2); border-width:1px; background-color:var(--awb-color2); }.fusion-accordian #accordian-12 .panel-title a .fa-fusion-box:before{ font-size: 16px;width: 16px;}.fusion-accordian #accordian-12 .panel-title a .fa-fusion-box{ color: var(--awb-color6);}.fusion-accordian #accordian-12.fusion-toggle-icon-right .fusion-toggle-heading{ margin-right: 34px;}.fusion-accordian  #accordian-12 .panel-title a{font-size:20px;text-transform:var(--awb-typography1-text-transform);line-height:1.5;font-family:var(--awb-typography1-font-family);font-weight:var(--awb-typography1-font-weight);font-style:var(--awb-typography1-font-style);}.fusion-accordian  #accordian-12 .panel-title a:not(:hover){color:var(--awb-color6);}.fusion-accordian  #accordian-12 .toggle-content{color:var(--awb-color1);font-family:var(--awb-typography4-font-family);font-weight:var(--awb-typography4-font-weight);font-style:var(--awb-typography4-font-style);}.fusion-accordian #accordian-12 .panel-title a:hover,.fusion-accordian #accordian-12 .panel-title a.hover { color: var(--awb-color1);}.fusion-faq-shortcode .fusion-accordian #accordian-12 .fusion-toggle-boxed-mode:hover .panel-title a { color: var(--awb-color1);}.fusion-accordian #accordian-12.fusion-toggle-icon-unboxed .panel-title a:hover .fa-fusion-box,.fusion-accordian #accordian-12.fusion-toggle-icon-unboxed .panel-title a.hover .fa-fusion-box { color: var(--awb-color1); }.fusion-faqs-wrapper .fusion-accordian #accordian-12 .panel-title a.active{ color: var(--awb-color1) !important;}.fusion-faqs-wrapper .fusion-accordian  #accordian-12.fusion-toggle-icon-unboxed .fusion-panel .panel-title a.active .fa-fusion-box{ color: var(--awb-color1) !important;}<\/style><div class=\"fusion-faq-shortcode\" style=\"\"><div class=\"fusion-faqs-wrapper\"><div class=\"accordian fusion-accordian\"><div class=\"panel-group  fusion-toggle-icon-right fusion-toggle-icon-unboxed\" id=\"accordian-12\"><div class=\"fusion-panel fusion-toggle-no-divider fusion-toggle-boxed-mode panel-default fusion-faq-post fusion-faq-post-3644 steel-benor-2 \"><span class=\"entry-title rich-snippet-hidden\">A la suite du transfert de OCAB vers PROCERTUS, dois-je apporter des modifications lorsque j\u2019applique la marque BENOR sur le bon de livraison ?<\/span><span class=\"vcard rich-snippet-hidden\"><span class=\"fn\"><a href=\"https:\/\/www.procertus.be\/fr\/author\/m-croon\/\" title=\"Articles par Martin Croon\" rel=\"author\">Martin Croon<\/a><\/span><\/span><span class=\"updated rich-snippet-hidden\">2024-07-05T10:59:12+02:00<\/span><div class=\"panel-heading\"><h4 id=\"faq_12-3644\" class=\"panel-title toggle\"><a data-toggle=\"collapse\" class=\"collapsed\" data-parent=\"#accordian-12\" data-target=\"#collapse-12-3644\" href=\"#collapse-12-3644\" aria-expanded=\"false\"><div class=\"fusion-toggle-icon-wrapper\"><div class=\"fusion-toggle-icon-wrapper-main\"><div class=\"fusion-toggle-icon-wrapper-sub\"><i class=\"fa-fusion-box active-icon fa-caret-square-up far\" aria-hidden=\"true\"><\/i><i class=\"fa-fusion-box inactive-icon fa-caret-square-down far\" aria-hidden=\"true\"><\/i><\/div><\/div><\/div><div class=\"fusion-toggle-heading\">A la suite du transfert de OCAB vers PROCERTUS, dois-je apporter des modifications lorsque j\u2019applique la marque BENOR sur le bon de livraison ?<\/div><\/a><\/h4><\/div><div id=\"collapse-12-3644\" aria-labelledby=\"faq_12-3644\" class=\"panel-collapse collapse\"><div class=\"panel-body toggle-content post-content\"><p><strong>NON<\/strong><\/p>\n<p>La r\u00e9f\u00e9rence \u00e0 la norme sous le logo BENOR et le num\u00e9ro d\u2019identification unique de l\u2019unit\u00e9 de production pour un produit sp\u00e9cifique dans l\u2019extr\u00e9mit\u00e9 droite du logo BENOR restent inchang\u00e9s. Ce num\u00e9ro d\u2019identification constitue un \u00e9l\u00e9ment du num\u00e9ro de certificat.<\/p>\n<\/div><\/div><\/div><div class=\"fusion-panel fusion-toggle-no-divider fusion-toggle-boxed-mode panel-default fusion-faq-post fusion-faq-post-3643 steel-benor-2 \"><span class=\"entry-title rich-snippet-hidden\">A la suite du transfert de OCAB vers PROCERTUS, dois-je apporter des modifications lorsque j\u2019applique la marque BENOR sur les \u00e9tiquettes ?<\/span><span class=\"vcard rich-snippet-hidden\"><span class=\"fn\"><a href=\"https:\/\/www.procertus.be\/fr\/author\/m-croon\/\" title=\"Articles par Martin Croon\" rel=\"author\">Martin Croon<\/a><\/span><\/span><span class=\"updated rich-snippet-hidden\">2024-07-05T10:59:27+02:00<\/span><div class=\"panel-heading\"><h4 id=\"faq_12-3643\" class=\"panel-title toggle\"><a data-toggle=\"collapse\" class=\"collapsed\" data-parent=\"#accordian-12\" data-target=\"#collapse-12-3643\" href=\"#collapse-12-3643\" aria-expanded=\"false\"><div class=\"fusion-toggle-icon-wrapper\"><div class=\"fusion-toggle-icon-wrapper-main\"><div class=\"fusion-toggle-icon-wrapper-sub\"><i class=\"fa-fusion-box active-icon fa-caret-square-up far\" aria-hidden=\"true\"><\/i><i class=\"fa-fusion-box inactive-icon fa-caret-square-down far\" aria-hidden=\"true\"><\/i><\/div><\/div><\/div><div class=\"fusion-toggle-heading\">A la suite du transfert de OCAB vers PROCERTUS, dois-je apporter des modifications lorsque j\u2019applique la marque BENOR sur les \u00e9tiquettes ?<\/div><\/a><\/h4><\/div><div id=\"collapse-12-3643\" aria-labelledby=\"faq_12-3643\" class=\"panel-collapse collapse\"><div class=\"panel-body toggle-content post-content\"><p><strong>NON<\/strong><\/p>\n<p>La r\u00e9f\u00e9rence \u00e0 la norme sous le logo BENOR et le num\u00e9ro d\u2019identification unique de l\u2019unit\u00e9 de production pour un produit sp\u00e9cifique dans l\u2019extr\u00e9mit\u00e9 droite du logo BENOR restent inchang\u00e9s. Ce num\u00e9ro d\u2019identification constitue un \u00e9l\u00e9ment du num\u00e9ro de certificat.<\/p>\n<\/div><\/div><\/div><div class=\"fusion-panel fusion-toggle-no-divider fusion-toggle-boxed-mode panel-default fusion-faq-post fusion-faq-post-3642 steel-benor-2 \"><span class=\"entry-title rich-snippet-hidden\">A la suite du transfert de OCAB vers PROCERTUS, dois-je apporter des modifications lorsque j\u2019applique la marque BENOR sur l\u2019emballage ?<\/span><span class=\"vcard rich-snippet-hidden\"><span class=\"fn\"><a href=\"https:\/\/www.procertus.be\/fr\/author\/m-croon\/\" title=\"Articles par Martin Croon\" rel=\"author\">Martin Croon<\/a><\/span><\/span><span class=\"updated rich-snippet-hidden\">2024-07-05T10:59:45+02:00<\/span><div class=\"panel-heading\"><h4 id=\"faq_12-3642\" class=\"panel-title toggle\"><a data-toggle=\"collapse\" class=\"collapsed\" data-parent=\"#accordian-12\" data-target=\"#collapse-12-3642\" href=\"#collapse-12-3642\" aria-expanded=\"false\"><div class=\"fusion-toggle-icon-wrapper\"><div class=\"fusion-toggle-icon-wrapper-main\"><div class=\"fusion-toggle-icon-wrapper-sub\"><i class=\"fa-fusion-box active-icon fa-caret-square-up far\" aria-hidden=\"true\"><\/i><i class=\"fa-fusion-box inactive-icon fa-caret-square-down far\" aria-hidden=\"true\"><\/i><\/div><\/div><\/div><div class=\"fusion-toggle-heading\">A la suite du transfert de OCAB vers PROCERTUS, dois-je apporter des modifications lorsque j\u2019applique la marque BENOR sur l\u2019emballage ?<\/div><\/a><\/h4><\/div><div id=\"collapse-12-3642\" aria-labelledby=\"faq_12-3642\" class=\"panel-collapse collapse\"><div class=\"panel-body toggle-content post-content\"><p><strong>NON<\/strong><\/p>\n<p>La r\u00e9f\u00e9rence \u00e0 la norme sous le logo BENOR et le num\u00e9ro d\u2019identification unique de l\u2019unit\u00e9 de production pour un produit sp\u00e9cifique dans l\u2019extr\u00e9mit\u00e9 droite du logo BENOR restent inchang\u00e9s. Ce num\u00e9ro d\u2019identification constitue un \u00e9l\u00e9ment du num\u00e9ro de certificat.<\/p>\n<\/div><\/div><\/div><\/div><\/div><\/div><\/div><\/div><\/div><\/div><\/div><\/div><\/p>\n","protected":false},"excerpt":{"rendered":"","protected":false},"author":1,"featured_media":0,"parent":0,"menu_order":0,"comment_status":"closed","ping_status":"closed","template":"100-width.php","meta":{"footnotes":""},"class_list":["post-2608","page","type-page","status-publish","hentry"],"yoast_head":"<!-- This site is optimized with the Yoast SEO plugin v26.9 - https:\/\/yoast.com\/product\/yoast-seo-wordpress\/ -->\n<title>FAQ | PROCERTUS<\/title>\n<meta name=\"robots\" content=\"index, follow, max-snippet:-1, max-image-preview:large, max-video-preview:-1\" \/>\n<link rel=\"canonical\" href=\"https:\/\/www.procertus.be\/fr\/faq\/\" \/>\n<meta property=\"og:locale\" content=\"fr_FR\" \/>\n<meta property=\"og:type\" content=\"article\" \/>\n<meta property=\"og:title\" content=\"FAQ | PROCERTUS\" \/>\n<meta property=\"og:url\" content=\"https:\/\/www.procertus.be\/fr\/faq\/\" \/>\n<meta property=\"og:site_name\" content=\"PROCERTUS\" \/>\n<meta property=\"article:modified_time\" content=\"2024-07-15T11:58:21+00:00\" \/>\n<meta property=\"og:image\" content=\"https:\/\/www.procertus.be\/wp-content\/uploads\/2024\/02\/Logo_Procertus_Full.png\" \/>\n\t<meta property=\"og:image:width\" content=\"767\" \/>\n\t<meta property=\"og:image:height\" content=\"200\" \/>\n\t<meta property=\"og:image:type\" content=\"image\/png\" \/>\n<meta name=\"twitter:card\" content=\"summary_large_image\" \/>\n<meta name=\"twitter:label1\" content=\"Dur\u00e9e de lecture estim\u00e9e\" \/>\n\t<meta name=\"twitter:data1\" content=\"32 minutes\" \/>\n<script type=\"application\/ld+json\" class=\"yoast-schema-graph\">{\"@context\":\"https:\/\/schema.org\",\"@graph\":[{\"@type\":\"WebPage\",\"@id\":\"https:\/\/www.procertus.be\/fr\/faq\/\",\"url\":\"https:\/\/www.procertus.be\/fr\/faq\/\",\"name\":\"FAQ | PROCERTUS\",\"isPartOf\":{\"@id\":\"https:\/\/www.procertus.be\/fr\/#website\"},\"datePublished\":\"2024-03-21T16:52:06+00:00\",\"dateModified\":\"2024-07-15T11:58:21+00:00\",\"breadcrumb\":{\"@id\":\"https:\/\/www.procertus.be\/fr\/faq\/#breadcrumb\"},\"inLanguage\":\"fr-FR\",\"potentialAction\":[{\"@type\":\"ReadAction\",\"target\":[\"https:\/\/www.procertus.be\/fr\/faq\/\"]}]},{\"@type\":\"BreadcrumbList\",\"@id\":\"https:\/\/www.procertus.be\/fr\/faq\/#breadcrumb\",\"itemListElement\":[{\"@type\":\"ListItem\",\"position\":1,\"name\":\"Accueil\",\"item\":\"https:\/\/www.procertus.be\/fr\/\"},{\"@type\":\"ListItem\",\"position\":2,\"name\":\"FAQ\"}]},{\"@type\":\"WebSite\",\"@id\":\"https:\/\/www.procertus.be\/fr\/#website\",\"url\":\"https:\/\/www.procertus.be\/fr\/\",\"name\":\"PROCERTUS\",\"description\":\"Certification that builds trust\",\"publisher\":{\"@id\":\"https:\/\/www.procertus.be\/fr\/#organization\"},\"potentialAction\":[{\"@type\":\"SearchAction\",\"target\":{\"@type\":\"EntryPoint\",\"urlTemplate\":\"https:\/\/www.procertus.be\/fr\/?s={search_term_string}\"},\"query-input\":{\"@type\":\"PropertyValueSpecification\",\"valueRequired\":true,\"valueName\":\"search_term_string\"}}],\"inLanguage\":\"fr-FR\"},{\"@type\":\"Organization\",\"@id\":\"https:\/\/www.procertus.be\/fr\/#organization\",\"name\":\"PROCERTUS\",\"url\":\"https:\/\/www.procertus.be\/fr\/\",\"logo\":{\"@type\":\"ImageObject\",\"inLanguage\":\"fr-FR\",\"@id\":\"https:\/\/www.procertus.be\/fr\/#\/schema\/logo\/image\/\",\"url\":\"https:\/\/www.procertus.be\/wp-content\/uploads\/2024\/02\/Logo_Procertus_Full.png\",\"contentUrl\":\"https:\/\/www.procertus.be\/wp-content\/uploads\/2024\/02\/Logo_Procertus_Full.png\",\"width\":767,\"height\":200,\"caption\":\"PROCERTUS\"},\"image\":{\"@id\":\"https:\/\/www.procertus.be\/fr\/#\/schema\/logo\/image\/\"},\"sameAs\":[\"https:\/\/www.linkedin.com\/company\/procertusbe\"]}]}<\/script>\n<!-- \/ Yoast SEO plugin. -->","yoast_head_json":{"title":"FAQ | PROCERTUS","robots":{"index":"index","follow":"follow","max-snippet":"max-snippet:-1","max-image-preview":"max-image-preview:large","max-video-preview":"max-video-preview:-1"},"canonical":"https:\/\/www.procertus.be\/fr\/faq\/","og_locale":"fr_FR","og_type":"article","og_title":"FAQ | PROCERTUS","og_url":"https:\/\/www.procertus.be\/fr\/faq\/","og_site_name":"PROCERTUS","article_modified_time":"2024-07-15T11:58:21+00:00","og_image":[{"width":767,"height":200,"url":"https:\/\/www.procertus.be\/wp-content\/uploads\/2024\/02\/Logo_Procertus_Full.png","type":"image\/png"}],"twitter_card":"summary_large_image","twitter_misc":{"Dur\u00e9e de lecture estim\u00e9e":"32 minutes"},"schema":{"@context":"https:\/\/schema.org","@graph":[{"@type":"WebPage","@id":"https:\/\/www.procertus.be\/fr\/faq\/","url":"https:\/\/www.procertus.be\/fr\/faq\/","name":"FAQ | PROCERTUS","isPartOf":{"@id":"https:\/\/www.procertus.be\/fr\/#website"},"datePublished":"2024-03-21T16:52:06+00:00","dateModified":"2024-07-15T11:58:21+00:00","breadcrumb":{"@id":"https:\/\/www.procertus.be\/fr\/faq\/#breadcrumb"},"inLanguage":"fr-FR","potentialAction":[{"@type":"ReadAction","target":["https:\/\/www.procertus.be\/fr\/faq\/"]}]},{"@type":"BreadcrumbList","@id":"https:\/\/www.procertus.be\/fr\/faq\/#breadcrumb","itemListElement":[{"@type":"ListItem","position":1,"name":"Accueil","item":"https:\/\/www.procertus.be\/fr\/"},{"@type":"ListItem","position":2,"name":"FAQ"}]},{"@type":"WebSite","@id":"https:\/\/www.procertus.be\/fr\/#website","url":"https:\/\/www.procertus.be\/fr\/","name":"PROCERTUS","description":"Certification that builds trust","publisher":{"@id":"https:\/\/www.procertus.be\/fr\/#organization"},"potentialAction":[{"@type":"SearchAction","target":{"@type":"EntryPoint","urlTemplate":"https:\/\/www.procertus.be\/fr\/?s={search_term_string}"},"query-input":{"@type":"PropertyValueSpecification","valueRequired":true,"valueName":"search_term_string"}}],"inLanguage":"fr-FR"},{"@type":"Organization","@id":"https:\/\/www.procertus.be\/fr\/#organization","name":"PROCERTUS","url":"https:\/\/www.procertus.be\/fr\/","logo":{"@type":"ImageObject","inLanguage":"fr-FR","@id":"https:\/\/www.procertus.be\/fr\/#\/schema\/logo\/image\/","url":"https:\/\/www.procertus.be\/wp-content\/uploads\/2024\/02\/Logo_Procertus_Full.png","contentUrl":"https:\/\/www.procertus.be\/wp-content\/uploads\/2024\/02\/Logo_Procertus_Full.png","width":767,"height":200,"caption":"PROCERTUS"},"image":{"@id":"https:\/\/www.procertus.be\/fr\/#\/schema\/logo\/image\/"},"sameAs":["https:\/\/www.linkedin.com\/company\/procertusbe"]}]}},"_links":{"self":[{"href":"https:\/\/www.procertus.be\/fr\/wp-json\/wp\/v2\/pages\/2608","targetHints":{"allow":["GET"]}}],"collection":[{"href":"https:\/\/www.procertus.be\/fr\/wp-json\/wp\/v2\/pages"}],"about":[{"href":"https:\/\/www.procertus.be\/fr\/wp-json\/wp\/v2\/types\/page"}],"author":[{"embeddable":true,"href":"https:\/\/www.procertus.be\/fr\/wp-json\/wp\/v2\/users\/1"}],"replies":[{"embeddable":true,"href":"https:\/\/www.procertus.be\/fr\/wp-json\/wp\/v2\/comments?post=2608"}],"version-history":[{"count":37,"href":"https:\/\/www.procertus.be\/fr\/wp-json\/wp\/v2\/pages\/2608\/revisions"}],"predecessor-version":[{"id":3748,"href":"https:\/\/www.procertus.be\/fr\/wp-json\/wp\/v2\/pages\/2608\/revisions\/3748"}],"wp:attachment":[{"href":"https:\/\/www.procertus.be\/fr\/wp-json\/wp\/v2\/media?parent=2608"}],"curies":[{"name":"wp","href":"https:\/\/api.w.org\/{rel}","templated":true}]}}